{"id":107,"date":"2020-06-02T16:41:02","date_gmt":"2020-06-02T14:41:02","guid":{"rendered":"http:\/\/beta.k-konzept.de\/gb2019\/?page_id=107"},"modified":"2021-06-09T13:57:03","modified_gmt":"2021-06-09T11:57:03","slug":"bericht-der-geschaeftsfuehrung-2019","status":"publish","type":"page","link":"https:\/\/www.stwdt-3d.de\/GB_STWDT\/geschaeftsbericht-2019\/bericht-der-geschaeftsfuehrung-2019\/","title":{"rendered":"Bericht der Gesch\u00e4ftsf\u00fchrung 2019"},"content":{"rendered":"\t\t<div data-elementor-type=\"wp-page\" data-elementor-id=\"107\" class=\"elementor elementor-107\" data-elementor-post-type=\"page\">\n\t\t\t\t\t\t<section class=\"elementor-section elementor-top-section elementor-element elementor-element-1f12083 elementor-section-height-min-height elementor-section-boxed elementor-section-height-default elementor-section-items-middle\" data-id=\"1f12083\" data-element_type=\"section\" data-e-type=\"section\" data-settings=\"{&quot;background_background&quot;:&quot;classic&quot;}\">\n\t\t\t\t\t\t<div class=\"elementor-container elementor-column-gap-default\">\n\t\t\t\t\t<div class=\"elementor-column elementor-col-100 elementor-top-column elementor-element elementor-element-55f2057\" data-id=\"55f2057\" data-element_type=\"column\" data-e-type=\"column\">\n\t\t\t<div class=\"elementor-widget-wrap elementor-element-populated\">\n\t\t\t\t\t\t<div class=\"elementor-element elementor-element-8910770 elementor-widget elementor-widget-heading\" data-id=\"8910770\" data-element_type=\"widget\" data-e-type=\"widget\" data-widget_type=\"heading.default\">\n\t\t\t\t<div class=\"elementor-widget-container\">\n\t\t\t\t\t<h1 class=\"elementor-heading-title elementor-size-default\">Bericht der <br>Gesch\u00e4ftsf\u00fchrung<\/h1>\t\t\t\t<\/div>\n\t\t\t\t<\/div>\n\t\t\t\t\t<\/div>\n\t\t<\/div>\n\t\t\t\t\t<\/div>\n\t\t<\/section>\n\t\t\t\t<section class=\"elementor-section elementor-top-section elementor-element elementor-element-b43d1c3 elementor-section-boxed elementor-section-height-default elementor-section-height-default\" data-id=\"b43d1c3\" data-element_type=\"section\" data-e-type=\"section\">\n\t\t\t\t\t\t<div class=\"elementor-container elementor-column-gap-default\">\n\t\t\t\t\t<div class=\"elementor-column elementor-col-100 elementor-top-column elementor-element elementor-element-195cb0f\" data-id=\"195cb0f\" data-element_type=\"column\" data-e-type=\"column\">\n\t\t\t<div class=\"elementor-widget-wrap elementor-element-populated\">\n\t\t\t\t\t\t<div class=\"elementor-element elementor-element-dbc2b58 elementor-widget elementor-widget-heading\" data-id=\"dbc2b58\" data-element_type=\"widget\" data-e-type=\"widget\" data-widget_type=\"heading.default\">\n\t\t\t\t<div class=\"elementor-widget-container\">\n\t\t\t\t\t<h2 class=\"elementor-heading-title elementor-size-default\">Gesamtwirtschaftliche und energiepolitische \nRahmenbedingungen \n<\/h2>\t\t\t\t<\/div>\n\t\t\t\t<\/div>\n\t\t\t\t<div class=\"elementor-element elementor-element-979dc78 elementor-widget elementor-widget-text-editor\" data-id=\"979dc78\" data-element_type=\"widget\" data-e-type=\"widget\" data-widget_type=\"text-editor.default\">\n\t\t\t\t<div class=\"elementor-widget-container\">\n\t\t\t\t\t\t\t\t\t<p>Sinkender Energieverbrauch durch eine nachlassende Konjunktur und milde Witterung. Mit dieser kurzen Aussage l\u00e4sst sich das zur\u00fcckliegende Jahr recht gut beschreiben. Wie bereits 2018 sank der Prim\u00e4renergieverbrauch erneut auch in 2019. Nach Daten des Bundesverbands der Energie- und Wasserwirtschaft (BDEW) hat sich der Stromverbrauch in Deutschland um rd. 2 %\u00a0 verringert. Weltweite Unsicherheiten aufgrund von zahlreichen Handelskonflikten bremsen die stark exportorientierte deutsche Konjunktur, eine verh\u00e4ltnism\u00e4\u00dfig warme Witterung &#8211; 2019 ist das drittw\u00e4rmste Jahr seit Beginn der Wetteraufzeichnungen \u2013 sowie eine zunehmende Effizienzsteigerung bei Geb\u00e4uden und Industrie k\u00f6nnen als Gr\u00fcnde f\u00fcr diesen R\u00fcckgang angesehen werden.<\/p><p>Parallel steigt der Anteil der erneuerbaren Energien am Gesamtenergieverbrauch. Auch 2019 verzeichnen Sonne, Wind und Biomasse erneut einen Zuwachs und ihr Anteil am Stromverbrauch steigt auf nahezu 43 % an.<\/p>\t\t\t\t\t\t\t\t<\/div>\n\t\t\t\t<\/div>\n\t\t\t\t\t<\/div>\n\t\t<\/div>\n\t\t\t\t\t<\/div>\n\t\t<\/section>\n\t\t\t\t<section class=\"elementor-section elementor-top-section elementor-element elementor-element-f18c0dc elementor-section-boxed elementor-section-height-default elementor-section-height-default\" data-id=\"f18c0dc\" data-element_type=\"section\" data-e-type=\"section\">\n\t\t\t\t\t\t<div class=\"elementor-container elementor-column-gap-default\">\n\t\t\t\t\t<div class=\"elementor-column elementor-col-100 elementor-top-column elementor-element elementor-element-cc7d427\" data-id=\"cc7d427\" data-element_type=\"column\" data-e-type=\"column\">\n\t\t\t<div class=\"elementor-widget-wrap elementor-element-populated\">\n\t\t\t\t\t\t<div class=\"elementor-element elementor-element-f84b21e elementor-widget elementor-widget-heading\" data-id=\"f84b21e\" data-element_type=\"widget\" data-e-type=\"widget\" data-widget_type=\"heading.default\">\n\t\t\t\t<div class=\"elementor-widget-container\">\n\t\t\t\t\t<h2 class=\"elementor-heading-title elementor-size-default\">Energie f\u00fcr Stadt und Region\n<\/h2>\t\t\t\t<\/div>\n\t\t\t\t<\/div>\n\t\t\t\t<div class=\"elementor-element elementor-element-1f0dcb3 elementor-widget elementor-widget-text-editor\" data-id=\"1f0dcb3\" data-element_type=\"widget\" data-e-type=\"widget\" data-widget_type=\"text-editor.default\">\n\t\t\t\t<div class=\"elementor-widget-container\">\n\t\t\t\t\t\t\t\t\t<p>Auch f\u00fcr die Stadtwerke Detmold ist und bleibt der Klimaschutz eine unverzichtbare S\u00e4ule unserer strategischen Ausrichtung und gesellschaftlichen Verantwortung.\u00a0Unsere Entscheidungen, unser Handeln und unsere Investitionen haben wir klar danach ausgerichtet. So beziehen die Stadtwerke Detmold 100 % ihrer Vertriebsmenge aus regenerativen Quellen \u2013 eigene und fremde Erzeugungsanlagen. Damit enth\u00e4lt Detmolder KlimaStrom keinen Anteil Kernenergie.<\/p><p>In den letzten Jahren sind zahlreiche Nachhaltigkeitsprojekte realisiert worden, um die Energieversorgung in unserer Region moderner und umweltfreundlicher zu gestalten. Insgesamt 16 Millionen Euro haben die Stadtwerke im abgelaufenen Gesch\u00e4ftsjahr 2019 investiert, unter anderem in eine neue Trinkwasseraufbereitungsanlage im Ortsteil Berlebeck, in die Erneuerung des Trinkwasserhochbeh\u00e4lters \u201eMeierberg\u201c und \u2013 nach umfangreichen Investitionen in das neue Holzheizkraftwerk in Horn-Bad Meinberg \u2013 steht nun der W\u00e4rmespeicherturm im Bereich des Detmolder Bahnhofgel\u00e4ndes im Fokus. Mit dessen unmittelbar bevorstehenden Inbetriebnahme sind zum einen wirtschaftliche Vorteile verbunden, weil eine \u201eAufladung\u201c mit Hilfe von kosteng\u00fcnstigeren KWK-Anlagen (u. a. HHKW Horn) erfolgt, dar\u00fcber hinaus wird der CO<sub>2<\/sub>-Aussto\u00df um rd. 5.000 Tonnen pro Jahr reduziert.<\/p><p>Um das Freizeitbad Aqualip auch weiterhin wettbewerbsf\u00e4hig zu positionieren, wurde in den Umbau der bestehenden Rutsche und in eine neue Rutsche \u201eAquaTube\u201c investiert.\u00a0 Auch hier spielt Nachhaltigkeit eine zentrale Rolle. Die Investitionen erfolgen unter Ber\u00fccksichtigung der Energieeffizienz, der Energieeinsparung, W\u00e4rmed\u00e4mmung und der W\u00e4rmer\u00fcckgewinnung allesamt nach dem neuesten Stand der Technik.<\/p>\t\t\t\t\t\t\t\t<\/div>\n\t\t\t\t<\/div>\n\t\t\t\t\t<\/div>\n\t\t<\/div>\n\t\t\t\t\t<\/div>\n\t\t<\/section>\n\t\t\t\t<section class=\"elementor-section elementor-top-section elementor-element elementor-element-c669570 elementor-section-full_width elementor-section-height-default elementor-section-height-default\" data-id=\"c669570\" data-element_type=\"section\" data-e-type=\"section\">\n\t\t\t\t\t\t<div class=\"elementor-container elementor-column-gap-default\">\n\t\t\t\t\t<div class=\"elementor-column elementor-col-100 elementor-top-column elementor-element elementor-element-1c3f932\" data-id=\"1c3f932\" data-element_type=\"column\" data-e-type=\"column\">\n\t\t\t<div class=\"elementor-widget-wrap elementor-element-populated\">\n\t\t\t\t\t\t<div class=\"elementor-element elementor-element-8335bf0 elementor-widget elementor-widget-gallery\" data-id=\"8335bf0\" data-element_type=\"widget\" data-e-type=\"widget\" data-settings=\"{&quot;columns&quot;:2,&quot;lazyload&quot;:&quot;yes&quot;,&quot;gallery_layout&quot;:&quot;grid&quot;,&quot;columns_tablet&quot;:2,&quot;columns_mobile&quot;:1,&quot;gap&quot;:{&quot;unit&quot;:&quot;px&quot;,&quot;size&quot;:10,&quot;sizes&quot;:[]},&quot;gap_tablet&quot;:{&quot;unit&quot;:&quot;px&quot;,&quot;size&quot;:10,&quot;sizes&quot;:[]},&quot;gap_mobile&quot;:{&quot;unit&quot;:&quot;px&quot;,&quot;size&quot;:10,&quot;sizes&quot;:[]},&quot;link_to&quot;:&quot;file&quot;,&quot;aspect_ratio&quot;:&quot;3:2&quot;,&quot;overlay_background&quot;:&quot;yes&quot;,&quot;content_hover_animation&quot;:&quot;fade-in&quot;}\" data-widget_type=\"gallery.default\">\n\t\t\t\t<div class=\"elementor-widget-container\">\n\t\t\t\t\t\t\t<div class=\"elementor-gallery__container\">\n\t\t\t\t\t\t\t<a class=\"e-gallery-item elementor-gallery-item elementor-animated-content\" href=\"https:\/\/www.stwdt-3d.de\/GB_STWDT\/wp-content\/uploads\/2020\/06\/mdm_191021_043021001389_3U9A1703.jpg\" data-elementor-open-lightbox=\"yes\" data-elementor-lightbox-slideshow=\"8335bf0\" data-elementor-lightbox-title=\"mdm_191021_043021001389_3U9A1703\" data-e-action-hash=\"#elementor-action%3Aaction%3Dlightbox%26settings%3DeyJpZCI6MTIwLCJ1cmwiOiJodHRwczpcL1wvd3d3LnN0d2R0LTNkLmRlXC9HQl9TVFdEVFwvd3AtY29udGVudFwvdXBsb2Fkc1wvMjAyMFwvMDZcL21kbV8xOTEwMjFfMDQzMDIxMDAxMzg5XzNVOUExNzAzLmpwZyIsInNsaWRlc2hvdyI6IjgzMzViZjAifQ%3D%3D\">\n\t\t\t\t\t<div class=\"e-gallery-image elementor-gallery-item__image\" data-thumbnail=\"https:\/\/www.stwdt-3d.de\/GB_STWDT\/wp-content\/uploads\/2020\/06\/mdm_191021_043021001389_3U9A1703.jpg\" data-width=\"800\" data-height=\"533\" aria-label=\"\" role=\"img\" ><\/div>\n\t\t\t\t\t\t\t\t\t\t\t<div class=\"elementor-gallery-item__overlay\"><\/div>\n\t\t\t\t\t\t\t\t\t\t\t\t\t\t<\/a>\n\t\t\t\t\t\t\t<a class=\"e-gallery-item elementor-gallery-item elementor-animated-content\" href=\"https:\/\/www.stwdt-3d.de\/GB_STWDT\/wp-content\/uploads\/2020\/06\/mdm_191021_043021001389_3U9A1662.jpg\" data-elementor-open-lightbox=\"yes\" data-elementor-lightbox-slideshow=\"8335bf0\" data-elementor-lightbox-title=\"mdm_191021_043021001389_3U9A1662\" data-e-action-hash=\"#elementor-action%3Aaction%3Dlightbox%26settings%3DeyJpZCI6MTE5LCJ1cmwiOiJodHRwczpcL1wvd3d3LnN0d2R0LTNkLmRlXC9HQl9TVFdEVFwvd3AtY29udGVudFwvdXBsb2Fkc1wvMjAyMFwvMDZcL21kbV8xOTEwMjFfMDQzMDIxMDAxMzg5XzNVOUExNjYyLmpwZyIsInNsaWRlc2hvdyI6IjgzMzViZjAifQ%3D%3D\">\n\t\t\t\t\t<div class=\"e-gallery-image elementor-gallery-item__image\" data-thumbnail=\"https:\/\/www.stwdt-3d.de\/GB_STWDT\/wp-content\/uploads\/2020\/06\/mdm_191021_043021001389_3U9A1662.jpg\" data-width=\"800\" data-height=\"533\" aria-label=\"\" role=\"img\" ><\/div>\n\t\t\t\t\t\t\t\t\t\t\t<div class=\"elementor-gallery-item__overlay\"><\/div>\n\t\t\t\t\t\t\t\t\t\t\t\t\t\t<\/a>\n\t\t\t\t\t<\/div>\n\t\t\t\t\t<\/div>\n\t\t\t\t<\/div>\n\t\t\t\t\t<\/div>\n\t\t<\/div>\n\t\t\t\t\t<\/div>\n\t\t<\/section>\n\t\t\t\t<section class=\"elementor-section elementor-top-section elementor-element elementor-element-25022c5 elementor-section-boxed elementor-section-height-default elementor-section-height-default\" data-id=\"25022c5\" data-element_type=\"section\" data-e-type=\"section\">\n\t\t\t\t\t\t<div class=\"elementor-container elementor-column-gap-default\">\n\t\t\t\t\t<div class=\"elementor-column elementor-col-100 elementor-top-column elementor-element elementor-element-8c7c11d\" data-id=\"8c7c11d\" data-element_type=\"column\" data-e-type=\"column\">\n\t\t\t<div class=\"elementor-widget-wrap elementor-element-populated\">\n\t\t\t\t\t\t<div class=\"elementor-element elementor-element-be06906 elementor-widget elementor-widget-heading\" data-id=\"be06906\" data-element_type=\"widget\" data-e-type=\"widget\" data-widget_type=\"heading.default\">\n\t\t\t\t<div class=\"elementor-widget-container\">\n\t\t\t\t\t<h2 class=\"elementor-heading-title elementor-size-default\">Gesch\u00e4ftsentwicklung<\/h2>\t\t\t\t<\/div>\n\t\t\t\t<\/div>\n\t\t\t\t<div class=\"elementor-element elementor-element-1d021cd elementor-widget elementor-widget-text-editor\" data-id=\"1d021cd\" data-element_type=\"widget\" data-e-type=\"widget\" data-widget_type=\"text-editor.default\">\n\t\t\t\t<div class=\"elementor-widget-container\">\n\t\t\t\t\t\t\t\t\t<p>Im Gesch\u00e4ftsjahr 2019 konnten wir uns erneut in einem wettbewerbsorientierten Umfeld erfolgreich positionieren. Trotz Belastungen durch Regulierungseffekte und eines nach wie vor hart umk\u00e4mpften Energiemarktes haben wir unseren Erwartungen entsprechend in allen Sparten ein gutes Ergebnis erzielt.\u00a0Gleichwohl auch im Berichtsjahr, wie schon 2018, die langanhaltende warme Witterung zu einem R\u00fcckgang des Gas- und W\u00e4rmeabsatzes gef\u00fchrt hat.<\/p><p>Der Wasserverbrauch liegt in 2019, bedingt durch die erneut langanhaltende Trockenheit in den Sommermonaten, auf dem Niveau des Vorjahres.<\/p><p>Unser Freizeitbad Aqualip erfreut sich nach wie vor gro\u00dfer Beliebtheit. Trotz eingeschr\u00e4nkten Badebetriebes durch die Bauarbeiten bzw. Investitionen in den Rutschenturm und in eine neue Wasserrutsche, zeigen sich die Besucherzahlen im Bad und in der Sauna erfreulich \u00fcber unseren Erwartungen.<\/p>\t\t\t\t\t\t\t\t<\/div>\n\t\t\t\t<\/div>\n\t\t\t\t\t<\/div>\n\t\t<\/div>\n\t\t\t\t\t<\/div>\n\t\t<\/section>\n\t\t\t\t<section class=\"elementor-section elementor-top-section elementor-element elementor-element-d5466e3 elementor-section-full_width elementor-section-height-default elementor-section-height-default\" data-id=\"d5466e3\" data-element_type=\"section\" data-e-type=\"section\">\n\t\t\t\t\t\t<div class=\"elementor-container elementor-column-gap-default\">\n\t\t\t\t\t<div class=\"elementor-column elementor-col-100 elementor-top-column elementor-element elementor-element-71ce769\" data-id=\"71ce769\" data-element_type=\"column\" data-e-type=\"column\">\n\t\t\t<div class=\"elementor-widget-wrap elementor-element-populated\">\n\t\t\t\t\t\t<div class=\"elementor-element elementor-element-740c8da elementor-widget elementor-widget-gallery\" data-id=\"740c8da\" data-element_type=\"widget\" data-e-type=\"widget\" data-settings=\"{&quot;columns&quot;:2,&quot;lazyload&quot;:&quot;yes&quot;,&quot;gallery_layout&quot;:&quot;grid&quot;,&quot;columns_tablet&quot;:2,&quot;columns_mobile&quot;:1,&quot;gap&quot;:{&quot;unit&quot;:&quot;px&quot;,&quot;size&quot;:10,&quot;sizes&quot;:[]},&quot;gap_tablet&quot;:{&quot;unit&quot;:&quot;px&quot;,&quot;size&quot;:10,&quot;sizes&quot;:[]},&quot;gap_mobile&quot;:{&quot;unit&quot;:&quot;px&quot;,&quot;size&quot;:10,&quot;sizes&quot;:[]},&quot;link_to&quot;:&quot;file&quot;,&quot;aspect_ratio&quot;:&quot;3:2&quot;,&quot;overlay_background&quot;:&quot;yes&quot;,&quot;content_hover_animation&quot;:&quot;fade-in&quot;}\" data-widget_type=\"gallery.default\">\n\t\t\t\t<div class=\"elementor-widget-container\">\n\t\t\t\t\t\t\t<div class=\"elementor-gallery__container\">\n\t\t\t\t\t\t\t<a class=\"e-gallery-item elementor-gallery-item elementor-animated-content\" href=\"https:\/\/www.stwdt-3d.de\/GB_STWDT\/wp-content\/uploads\/2020\/05\/mdm_190816_043021001389_3U9A9269.jpg\" data-elementor-open-lightbox=\"yes\" data-elementor-lightbox-slideshow=\"740c8da\" data-elementor-lightbox-title=\"mdm_190816_043021001389_3U9A9269\" data-e-action-hash=\"#elementor-action%3Aaction%3Dlightbox%26settings%3DeyJpZCI6MzUsInVybCI6Imh0dHBzOlwvXC93d3cuc3R3ZHQtM2QuZGVcL0dCX1NUV0RUXC93cC1jb250ZW50XC91cGxvYWRzXC8yMDIwXC8wNVwvbWRtXzE5MDgxNl8wNDMwMjEwMDEzODlfM1U5QTkyNjkuanBnIiwic2xpZGVzaG93IjoiNzQwYzhkYSJ9\">\n\t\t\t\t\t<div class=\"e-gallery-image elementor-gallery-item__image\" data-thumbnail=\"https:\/\/www.stwdt-3d.de\/GB_STWDT\/wp-content\/uploads\/2020\/05\/mdm_190816_043021001389_3U9A9269.jpg\" data-width=\"800\" data-height=\"507\" aria-label=\"\" role=\"img\" ><\/div>\n\t\t\t\t\t\t\t\t\t\t\t<div class=\"elementor-gallery-item__overlay\"><\/div>\n\t\t\t\t\t\t\t\t\t\t\t\t\t\t<\/a>\n\t\t\t\t\t\t\t<a class=\"e-gallery-item elementor-gallery-item elementor-animated-content\" href=\"https:\/\/www.stwdt-3d.de\/GB_STWDT\/wp-content\/uploads\/2020\/05\/mdm_190903_043021001389_3U9A0518.jpg\" data-elementor-open-lightbox=\"yes\" data-elementor-lightbox-slideshow=\"740c8da\" data-elementor-lightbox-title=\"mdm_190903_043021001389_3U9A0518\" data-e-action-hash=\"#elementor-action%3Aaction%3Dlightbox%26settings%3DeyJpZCI6MzcsInVybCI6Imh0dHBzOlwvXC93d3cuc3R3ZHQtM2QuZGVcL0dCX1NUV0RUXC93cC1jb250ZW50XC91cGxvYWRzXC8yMDIwXC8wNVwvbWRtXzE5MDkwM18wNDMwMjEwMDEzODlfM1U5QTA1MTguanBnIiwic2xpZGVzaG93IjoiNzQwYzhkYSJ9\">\n\t\t\t\t\t<div class=\"e-gallery-image elementor-gallery-item__image\" data-thumbnail=\"https:\/\/www.stwdt-3d.de\/GB_STWDT\/wp-content\/uploads\/2020\/05\/mdm_190903_043021001389_3U9A0518.jpg\" data-width=\"800\" data-height=\"533\" aria-label=\"\" role=\"img\" ><\/div>\n\t\t\t\t\t\t\t\t\t\t\t<div class=\"elementor-gallery-item__overlay\"><\/div>\n\t\t\t\t\t\t\t\t\t\t\t\t\t\t<\/a>\n\t\t\t\t\t<\/div>\n\t\t\t\t\t<\/div>\n\t\t\t\t<\/div>\n\t\t\t\t\t<\/div>\n\t\t<\/div>\n\t\t\t\t\t<\/div>\n\t\t<\/section>\n\t\t\t\t<section class=\"elementor-section elementor-top-section elementor-element elementor-element-06f2d35 elementor-section-boxed elementor-section-height-default elementor-section-height-default\" data-id=\"06f2d35\" data-element_type=\"section\" data-e-type=\"section\">\n\t\t\t\t\t\t<div class=\"elementor-container elementor-column-gap-default\">\n\t\t\t\t\t<div class=\"elementor-column elementor-col-100 elementor-top-column elementor-element elementor-element-290a470\" data-id=\"290a470\" data-element_type=\"column\" data-e-type=\"column\">\n\t\t\t<div class=\"elementor-widget-wrap elementor-element-populated\">\n\t\t\t\t\t\t<div class=\"elementor-element elementor-element-d0ce2a1 elementor-widget elementor-widget-heading\" data-id=\"d0ce2a1\" data-element_type=\"widget\" data-e-type=\"widget\" data-widget_type=\"heading.default\">\n\t\t\t\t<div class=\"elementor-widget-container\">\n\t\t\t\t\t<h2 class=\"elementor-heading-title elementor-size-default\">Preisentwicklung<\/h2>\t\t\t\t<\/div>\n\t\t\t\t<\/div>\n\t\t\t\t<div class=\"elementor-element elementor-element-9a523a4 elementor-widget elementor-widget-text-editor\" data-id=\"9a523a4\" data-element_type=\"widget\" data-e-type=\"widget\" data-widget_type=\"text-editor.default\">\n\t\t\t\t<div class=\"elementor-widget-container\">\n\t\t\t\t\t\t\t\t\t<p>Der fortlaufende Ausbau der Erneuerbaren Energien beeinflusst auch weiterhin ma\u00dfgeblich die Stromgro\u00dfhandelspreise. Dies hat zu einer Steigerung der Beschaffungskosten \u2013 und neben steigenden Netzentgelten und weiteren erh\u00f6hten gesetzlichen Abgaben \u2013 dazu gef\u00fchrt, dass die Stadtwerke Detmold ihre Strompreise f\u00fcr Grundversorgungstarife zum 1. Januar 2019 erh\u00f6ht haben.<\/p><p>Wie sich die Handelspreise an der Stromb\u00f6rse im Zuge der Corona-Pandemie entwickeln und ob sich die derzeit gefallenen Preise auch auf die Strompreise der Verbraucher niederschlagen werden, bleibt abzuwarten.\u00a0Die Preise f\u00fcr die Produkte Erdgas und Fernw\u00e4rme sowie das Detmolder Trinkwasser konnten zun\u00e4chst stabil gehalten werden.<\/p>\t\t\t\t\t\t\t\t<\/div>\n\t\t\t\t<\/div>\n\t\t\t\t\t<\/div>\n\t\t<\/div>\n\t\t\t\t\t<\/div>\n\t\t<\/section>\n\t\t\t\t<section class=\"elementor-section elementor-top-section elementor-element elementor-element-648a644 elementor-section-full_width elementor-section-height-default elementor-section-height-default\" data-id=\"648a644\" data-element_type=\"section\" data-e-type=\"section\">\n\t\t\t\t\t\t<div class=\"elementor-container elementor-column-gap-default\">\n\t\t\t\t\t<div class=\"elementor-column elementor-col-100 elementor-top-column elementor-element elementor-element-72a6dbb\" data-id=\"72a6dbb\" data-element_type=\"column\" data-e-type=\"column\">\n\t\t\t<div class=\"elementor-widget-wrap elementor-element-populated\">\n\t\t\t\t\t\t<div class=\"elementor-element elementor-element-ede93de elementor-widget elementor-widget-gallery\" data-id=\"ede93de\" data-element_type=\"widget\" data-e-type=\"widget\" data-settings=\"{&quot;columns&quot;:2,&quot;lazyload&quot;:&quot;yes&quot;,&quot;gallery_layout&quot;:&quot;grid&quot;,&quot;columns_tablet&quot;:2,&quot;columns_mobile&quot;:1,&quot;gap&quot;:{&quot;unit&quot;:&quot;px&quot;,&quot;size&quot;:10,&quot;sizes&quot;:[]},&quot;gap_tablet&quot;:{&quot;unit&quot;:&quot;px&quot;,&quot;size&quot;:10,&quot;sizes&quot;:[]},&quot;gap_mobile&quot;:{&quot;unit&quot;:&quot;px&quot;,&quot;size&quot;:10,&quot;sizes&quot;:[]},&quot;link_to&quot;:&quot;file&quot;,&quot;aspect_ratio&quot;:&quot;3:2&quot;,&quot;overlay_background&quot;:&quot;yes&quot;,&quot;content_hover_animation&quot;:&quot;fade-in&quot;}\" data-widget_type=\"gallery.default\">\n\t\t\t\t<div class=\"elementor-widget-container\">\n\t\t\t\t\t\t\t<div class=\"elementor-gallery__container\">\n\t\t\t\t\t\t\t<a class=\"e-gallery-item elementor-gallery-item elementor-animated-content\" href=\"https:\/\/www.stwdt-3d.de\/GB_STWDT\/wp-content\/uploads\/2020\/06\/mdm_190703_11-03-57_mdm.photo_043021001389_3U9A7022-1.jpg\" data-elementor-open-lightbox=\"yes\" data-elementor-lightbox-slideshow=\"ede93de\" data-elementor-lightbox-title=\"mdm_190703_11-03-57_mdm.photo_043021001389_3U9A7022\" data-e-action-hash=\"#elementor-action%3Aaction%3Dlightbox%26settings%3DeyJpZCI6MTI1LCJ1cmwiOiJodHRwczpcL1wvd3d3LnN0d2R0LTNkLmRlXC9HQl9TVFdEVFwvd3AtY29udGVudFwvdXBsb2Fkc1wvMjAyMFwvMDZcL21kbV8xOTA3MDNfMTEtMDMtNTdfbWRtLnBob3RvXzA0MzAyMTAwMTM4OV8zVTlBNzAyMi0xLmpwZyIsInNsaWRlc2hvdyI6ImVkZTkzZGUifQ%3D%3D\">\n\t\t\t\t\t<div class=\"e-gallery-image elementor-gallery-item__image\" data-thumbnail=\"https:\/\/www.stwdt-3d.de\/GB_STWDT\/wp-content\/uploads\/2020\/06\/mdm_190703_11-03-57_mdm.photo_043021001389_3U9A7022-1.jpg\" data-width=\"800\" data-height=\"533\" aria-label=\"\" role=\"img\" ><\/div>\n\t\t\t\t\t\t\t\t\t\t\t<div class=\"elementor-gallery-item__overlay\"><\/div>\n\t\t\t\t\t\t\t\t\t\t\t\t\t\t<\/a>\n\t\t\t\t\t\t\t<a class=\"e-gallery-item elementor-gallery-item elementor-animated-content\" href=\"https:\/\/www.stwdt-3d.de\/GB_STWDT\/wp-content\/uploads\/2020\/06\/mdm_190703_11-02-39_mdm.photo_043021001389_3U9A7017.jpg\" data-elementor-open-lightbox=\"yes\" data-elementor-lightbox-slideshow=\"ede93de\" data-elementor-lightbox-title=\"mdm_190703_11-02-39_mdm.photo_043021001389_3U9A7017\" data-e-action-hash=\"#elementor-action%3Aaction%3Dlightbox%26settings%3DeyJpZCI6MTE3LCJ1cmwiOiJodHRwczpcL1wvd3d3LnN0d2R0LTNkLmRlXC9HQl9TVFdEVFwvd3AtY29udGVudFwvdXBsb2Fkc1wvMjAyMFwvMDZcL21kbV8xOTA3MDNfMTEtMDItMzlfbWRtLnBob3RvXzA0MzAyMTAwMTM4OV8zVTlBNzAxNy5qcGciLCJzbGlkZXNob3ciOiJlZGU5M2RlIn0%3D\">\n\t\t\t\t\t<div class=\"e-gallery-image elementor-gallery-item__image\" data-thumbnail=\"https:\/\/www.stwdt-3d.de\/GB_STWDT\/wp-content\/uploads\/2020\/06\/mdm_190703_11-02-39_mdm.photo_043021001389_3U9A7017.jpg\" data-width=\"800\" data-height=\"533\" aria-label=\"\" role=\"img\" ><\/div>\n\t\t\t\t\t\t\t\t\t\t\t<div class=\"elementor-gallery-item__overlay\"><\/div>\n\t\t\t\t\t\t\t\t\t\t\t\t\t\t<\/a>\n\t\t\t\t\t<\/div>\n\t\t\t\t\t<\/div>\n\t\t\t\t<\/div>\n\t\t\t\t\t<\/div>\n\t\t<\/div>\n\t\t\t\t\t<\/div>\n\t\t<\/section>\n\t\t\t\t<section class=\"elementor-section elementor-top-section elementor-element elementor-element-9269f34 elementor-section-boxed elementor-section-height-default elementor-section-height-default\" data-id=\"9269f34\" data-element_type=\"section\" data-e-type=\"section\">\n\t\t\t\t\t\t<div class=\"elementor-container elementor-column-gap-default\">\n\t\t\t\t\t<div class=\"elementor-column elementor-col-100 elementor-top-column elementor-element elementor-element-ccbabc3\" data-id=\"ccbabc3\" data-element_type=\"column\" data-e-type=\"column\">\n\t\t\t<div class=\"elementor-widget-wrap elementor-element-populated\">\n\t\t\t\t\t\t<div class=\"elementor-element elementor-element-d45d56f elementor-widget elementor-widget-heading\" data-id=\"d45d56f\" data-element_type=\"widget\" data-e-type=\"widget\" data-widget_type=\"heading.default\">\n\t\t\t\t<div class=\"elementor-widget-container\">\n\t\t\t\t\t<h2 class=\"elementor-heading-title elementor-size-default\">Risikomanagement<\/h2>\t\t\t\t<\/div>\n\t\t\t\t<\/div>\n\t\t\t\t<div class=\"elementor-element elementor-element-ed7f3ab elementor-widget elementor-widget-text-editor\" data-id=\"ed7f3ab\" data-element_type=\"widget\" data-e-type=\"widget\" data-widget_type=\"text-editor.default\">\n\t\t\t\t<div class=\"elementor-widget-container\">\n\t\t\t\t\t\t\t\t\t<p>Die Anforderungen, die die Stadtwerke Detmold zur Einrichtung eines Risikomanagements gem\u00e4\u00df \u00a7 91 Abs. 2 AktG verpflichten, werden mit dem Risikomanagementsystem \u201eReady4Risk\u201c umgesetzt. Auch in 2019\u00a0 wurde sichergestellt, dass bestehende Risiken erfasst, analysiert und bewertet sowie an die Entscheidungstr\u00e4ger weitergeleitet werden. Derzeit findet &#8211; insbesondere vor dem Hintergrund der Corona-Krise \u2013 ein regelm\u00e4\u00dfiger Austausch zwischen der Gesch\u00e4ftsf\u00fchrung und dem Aufsichtsrat bzw. dessen Vorsitzenden statt. Dokumentation, Angemessenheit und Funktionsf\u00e4higkeit des Risikomanagements ist von den Abschlusspr\u00fcfern gepr\u00fcft und best\u00e4tigt worden.<\/p>\t\t\t\t\t\t\t\t<\/div>\n\t\t\t\t<\/div>\n\t\t\t\t\t<\/div>\n\t\t<\/div>\n\t\t\t\t\t<\/div>\n\t\t<\/section>\n\t\t\t\t<section class=\"elementor-section elementor-top-section elementor-element elementor-element-ba22ce2 elementor-section-boxed elementor-section-height-default elementor-section-height-default\" data-id=\"ba22ce2\" data-element_type=\"section\" data-e-type=\"section\">\n\t\t\t\t\t\t<div class=\"elementor-container elementor-column-gap-default\">\n\t\t\t\t\t<div class=\"elementor-column elementor-col-100 elementor-top-column elementor-element elementor-element-f7118af\" data-id=\"f7118af\" data-element_type=\"column\" data-e-type=\"column\">\n\t\t\t<div class=\"elementor-widget-wrap elementor-element-populated\">\n\t\t\t\t\t\t<div class=\"elementor-element elementor-element-4049e75 elementor-widget elementor-widget-heading\" data-id=\"4049e75\" data-element_type=\"widget\" data-e-type=\"widget\" data-widget_type=\"heading.default\">\n\t\t\t\t<div class=\"elementor-widget-container\">\n\t\t\t\t\t<h2 class=\"elementor-heading-title elementor-size-default\">Ausblick         <\/h2>\t\t\t\t<\/div>\n\t\t\t\t<\/div>\n\t\t\t\t<div class=\"elementor-element elementor-element-cdecbde elementor-widget elementor-widget-text-editor\" data-id=\"cdecbde\" data-element_type=\"widget\" data-e-type=\"widget\" data-widget_type=\"text-editor.default\">\n\t\t\t\t<div class=\"elementor-widget-container\">\n\t\t\t\t\t\t\t\t\t<p>Die Konjunkturprognosen der Wirtschaftsforschungsinstitute gehen angesichts der derzeitig vorherrschenden Corona-Pandemie von einer eher schrumpfenden Wirtschaft im Jahr 2020 aus, rechnen dar\u00fcber hinaus aber auch mit einer Erholung in den Folgejahren.\u00a0Von dieser Perspektive ist auch der Energieverbrauch abh\u00e4ngig.\u00a0Wirtschaftliche Auswirkungen k\u00f6nnen erst spezifiziert werden, wenn absehbar ist, wie lange und mit welcher Intensit\u00e4t die Krise andauert. Probleme f\u00fcr Energieversorger werden sich durch m\u00f6gliche Zahlungsschwierigkeiten bei von der Krise betroffenen Unternehmen und Privatpersonen ergeben.<\/p><p>F\u00fcr eine weiterhin hohe Qualit\u00e4t der Trinkwasserversorgung in Detmold werden wir auch in 2020 die Weichen stellen: So soll ein Tiefbrunnen im Gewinnungsgebiet Heidental Trinkwasser aus 390 Meter Tiefe mit bis zu 100 Kubikmeter pro Stunde f\u00f6rdern. Ob und in welchem Umfang geplante Bauma\u00dfnahmen in 2020 angesichts der Krise jedoch\u00a0 umgesetzt werden k\u00f6nnen, ist zum gegenw\u00e4rtigen Zeitpunkt noch nicht absehbar.<\/p><p>Dar\u00fcber hinaus beabsichtigen die Stadtwerke Detmold, ein neues Verwaltungsgeb\u00e4ude zu errichten. Mit dem Ausbau der Gesch\u00e4ftsfelder und der steigenden Anzahl von Mitarbeiter*innen ist das 1981 errichtete Geb\u00e4ude nun endg\u00fcltig an seine Kapazit\u00e4tsgrenze ger\u00fcckt. Zudem entspricht der funktionelle Bau l\u00e4ngst nicht mehr den heutigen Anforderungen an Energieeffizienz, Schall- und W\u00e4rmeschutz.<\/p><p>Vor dem Hintergrund des hohen Zuspruchs aus der Bev\u00f6lkerung f\u00fcr unser Freizeitbad Aqualip nach dessen Attraktivit\u00e4tssteigerung durch neue Wasserrutschen, \u201eschmerzt\u201c die Schlie\u00dfung unseres Bades aufgrund des Corona-Virus und wir stellen uns auf h\u00f6here Verluste ein.<\/p><p>Doch auch wenn in diesen Zeiten vieles ungewiss ist \u2013 auf eines k\u00f6nnen sich unsere Kunden verlassen: Dass wir sie zuverl\u00e4ssig mit nachhaltiger Energie aus der Region versorgen.<\/p>\t\t\t\t\t\t\t\t<\/div>\n\t\t\t\t<\/div>\n\t\t\t\t\t<\/div>\n\t\t<\/div>\n\t\t\t\t\t<\/div>\n\t\t<\/section>\n\t\t\t\t<section class=\"elementor-section elementor-top-section elementor-element elementor-element-aba1e89 elementor-section-boxed elementor-section-height-default elementor-section-height-default\" data-id=\"aba1e89\" data-element_type=\"section\" data-e-type=\"section\">\n\t\t\t\t\t\t<div class=\"elementor-container elementor-column-gap-default\">\n\t\t\t\t\t<div class=\"elementor-column elementor-col-100 elementor-top-column elementor-element elementor-element-3f3713b\" data-id=\"3f3713b\" data-element_type=\"column\" data-e-type=\"column\">\n\t\t\t<div class=\"elementor-widget-wrap elementor-element-populated\">\n\t\t\t\t\t\t<div class=\"elementor-element elementor-element-2dfbd02 elementor-widget elementor-widget-image\" data-id=\"2dfbd02\" data-element_type=\"widget\" data-e-type=\"widget\" data-widget_type=\"image.default\">\n\t\t\t\t<div class=\"elementor-widget-container\">\n\t\t\t\t\t\t\t\t\t\t\t\t\t\t\t<img decoding=\"async\" width=\"400\" height=\"89\" src=\"https:\/\/www.stwdt-3d.de\/GB_STWDT\/wp-content\/uploads\/2020\/06\/Unterschrift-Karlikowski-400x89.jpg\" class=\"attachment-medium size-medium wp-image-113\" alt=\"\" srcset=\"https:\/\/www.stwdt-3d.de\/GB_STWDT\/wp-content\/uploads\/2020\/06\/Unterschrift-Karlikowski-400x89.jpg 400w, https:\/\/www.stwdt-3d.de\/GB_STWDT\/wp-content\/uploads\/2020\/06\/Unterschrift-Karlikowski-768x170.jpg 768w, https:\/\/www.stwdt-3d.de\/GB_STWDT\/wp-content\/uploads\/2020\/06\/Unterschrift-Karlikowski.jpg 830w\" sizes=\"(max-width: 400px) 100vw, 400px\" \/>\t\t\t\t\t\t\t\t\t\t\t\t\t\t\t<\/div>\n\t\t\t\t<\/div>\n\t\t\t\t<div class=\"elementor-element elementor-element-d97cdf7 elementor-widget elementor-widget-text-editor\" data-id=\"d97cdf7\" data-element_type=\"widget\" data-e-type=\"widget\" data-widget_type=\"text-editor.default\">\n\t\t\t\t<div class=\"elementor-widget-container\">\n\t\t\t\t\t\t\t\t\t<p>J\u00f6rg Karlikowski, Gesch\u00e4ftsf\u00fchrer<\/p>\t\t\t\t\t\t\t\t<\/div>\n\t\t\t\t<\/div>\n\t\t\t\t\t<\/div>\n\t\t<\/div>\n\t\t\t\t\t<\/div>\n\t\t<\/section>\n\t\t\t\t<section class=\"elementor-section elementor-top-section elementor-element elementor-element-6427ed2 elementor-section-height-min-height elementor-section-boxed elementor-section-height-default elementor-section-items-middle\" data-id=\"6427ed2\" data-element_type=\"section\" data-e-type=\"section\" data-settings=\"{&quot;background_background&quot;:&quot;classic&quot;}\">\n\t\t\t\t\t\t<div class=\"elementor-container elementor-column-gap-default\">\n\t\t\t\t\t<div class=\"elementor-column elementor-col-100 elementor-top-column elementor-element elementor-element-150d6f6\" data-id=\"150d6f6\" data-element_type=\"column\" data-e-type=\"column\">\n\t\t\t<div class=\"elementor-widget-wrap\">\n\t\t\t\t\t\t\t<\/div>\n\t\t<\/div>\n\t\t\t\t\t<\/div>\n\t\t<\/section>\n\t\t\t\t<\/div>\n\t\t","protected":false},"excerpt":{"rendered":"<p>Bericht der Gesch\u00e4ftsf\u00fchrung Gesamtwirtschaftliche und energiepolitische Rahmenbedingungen Sinkender Energieverbrauch durch eine nachlassende Konjunktur und milde Witterung. Mit dieser kurzen Aussage l\u00e4sst sich das zur\u00fcckliegende Jahr recht gut beschreiben. Wie bereits 2018 sank der Prim\u00e4renergieverbrauch erneut auch in 2019. Nach Daten des Bundesverbands der Energie- und Wasserwirtschaft (BDEW) hat sich der Stromverbrauch in Deutschland um rd. [&hellip;]<\/p>\n","protected":false},"author":1,"featured_media":0,"parent":7,"menu_order":0,"comment_status":"closed","ping_status":"closed","template":"","meta":{"_acf_changed":false,"footnotes":""},"cd-version":[],"class_list":["post-107","page","type-page","status-publish","hentry"],"acf":[],"_links":{"self":[{"href":"https:\/\/www.stwdt-3d.de\/GB_STWDT\/wp-json\/wp\/v2\/pages\/107","targetHints":{"allow":["GET"]}}],"collection":[{"href":"https:\/\/www.stwdt-3d.de\/GB_STWDT\/wp-json\/wp\/v2\/pages"}],"about":[{"href":"https:\/\/www.stwdt-3d.de\/GB_STWDT\/wp-json\/wp\/v2\/types\/page"}],"author":[{"embeddable":true,"href":"https:\/\/www.stwdt-3d.de\/GB_STWDT\/wp-json\/wp\/v2\/users\/1"}],"replies":[{"embeddable":true,"href":"https:\/\/www.stwdt-3d.de\/GB_STWDT\/wp-json\/wp\/v2\/comments?post=107"}],"version-history":[{"count":0,"href":"https:\/\/www.stwdt-3d.de\/GB_STWDT\/wp-json\/wp\/v2\/pages\/107\/revisions"}],"up":[{"embeddable":true,"href":"https:\/\/www.stwdt-3d.de\/GB_STWDT\/wp-json\/wp\/v2\/pages\/7"}],"wp:attachment":[{"href":"https:\/\/www.stwdt-3d.de\/GB_STWDT\/wp-json\/wp\/v2\/media?parent=107"}],"wp:term":[{"taxonomy":"cd-version","embeddable":true,"href":"https:\/\/www.stwdt-3d.de\/GB_STWDT\/wp-json\/wp\/v2\/cd-version?post=107"}],"curies":[{"name":"wp","href":"https:\/\/api.w.org\/{rel}","templated":true}]}}