{"id":1805,"date":"2022-06-02T17:32:11","date_gmt":"2022-06-02T15:32:11","guid":{"rendered":"https:\/\/beta.k-konzept.de\/gb2019\/?page_id=1805"},"modified":"2022-08-03T11:35:17","modified_gmt":"2022-08-03T09:35:17","slug":"bericht-der-geschaeftsfuehrung-2021","status":"publish","type":"page","link":"https:\/\/www.stwdt-3d.de\/GB_STWDT\/geschaeftsbericht-2021\/bericht-der-geschaeftsfuehrung-2021\/","title":{"rendered":"Bericht der Gesch\u00e4ftsf\u00fchrung 2021"},"content":{"rendered":"\t\t<div data-elementor-type=\"wp-page\" data-elementor-id=\"1805\" class=\"elementor elementor-1805\" data-elementor-post-type=\"page\">\n\t\t\t\t\t\t<section class=\"elementor-section elementor-top-section elementor-element elementor-element-1f12083 elementor-section-height-min-height elementor-section-boxed elementor-section-height-default elementor-section-items-middle\" data-id=\"1f12083\" data-element_type=\"section\" data-e-type=\"section\" data-settings=\"{&quot;background_background&quot;:&quot;classic&quot;}\">\n\t\t\t\t\t\t<div class=\"elementor-container elementor-column-gap-default\">\n\t\t\t\t\t<div class=\"elementor-column elementor-col-100 elementor-top-column elementor-element elementor-element-55f2057\" data-id=\"55f2057\" data-element_type=\"column\" data-e-type=\"column\">\n\t\t\t<div class=\"elementor-widget-wrap elementor-element-populated\">\n\t\t\t\t\t\t<div class=\"elementor-element elementor-element-8910770 elementor-widget elementor-widget-heading\" data-id=\"8910770\" data-element_type=\"widget\" data-e-type=\"widget\" data-widget_type=\"heading.default\">\n\t\t\t\t<div class=\"elementor-widget-container\">\n\t\t\t\t\t<h1 class=\"elementor-heading-title elementor-size-default\">Bericht der <br>Gesch\u00e4ftsf\u00fchrung<\/h1>\t\t\t\t<\/div>\n\t\t\t\t<\/div>\n\t\t\t\t\t<\/div>\n\t\t<\/div>\n\t\t\t\t\t<\/div>\n\t\t<\/section>\n\t\t\t\t<section class=\"elementor-section elementor-top-section elementor-element elementor-element-b43d1c3 elementor-section-boxed elementor-section-height-default elementor-section-height-default\" data-id=\"b43d1c3\" data-element_type=\"section\" data-e-type=\"section\">\n\t\t\t\t\t\t<div class=\"elementor-container elementor-column-gap-default\">\n\t\t\t\t\t<div class=\"elementor-column elementor-col-100 elementor-top-column elementor-element elementor-element-195cb0f\" data-id=\"195cb0f\" data-element_type=\"column\" data-e-type=\"column\">\n\t\t\t<div class=\"elementor-widget-wrap elementor-element-populated\">\n\t\t\t\t\t\t<div class=\"elementor-element elementor-element-dbc2b58 elementor-widget elementor-widget-heading\" data-id=\"dbc2b58\" data-element_type=\"widget\" data-e-type=\"widget\" data-widget_type=\"heading.default\">\n\t\t\t\t<div class=\"elementor-widget-container\">\n\t\t\t\t\t<h2 class=\"elementor-heading-title elementor-size-default\">Gesamtwirtschaftliche und energiepolitische \nRahmenbedingungen \n<\/h2>\t\t\t\t<\/div>\n\t\t\t\t<\/div>\n\t\t\t\t<div class=\"elementor-element elementor-element-979dc78 elementor-widget elementor-widget-text-editor\" data-id=\"979dc78\" data-element_type=\"widget\" data-e-type=\"widget\" data-widget_type=\"text-editor.default\">\n\t\t\t\t<div class=\"elementor-widget-container\">\n\t\t\t\t\t\t\t\t\t<p>Das Jahr 2021 steht, wie schon das Jahr zuvor, erneut unter dem Eindruck der Corona-Auswirkungen.\u00a0Hatte die wirtschaftliche Entwicklung in Deutschland noch im zweiten Quartal 2021 an Fahrt aufgenommen, nachdem das erste Quartal weiterhin von den Einschr\u00e4nkungen durch die Pandemie beeinflusst worden war, verlor das Wirtschaftswachstum im dritten und vierten Quartal bereits deutlich wieder an Dynamik.<\/p><p>Doch trotz der fortdauernden Pandemiesituation und zunehmender Liefer- und Materialengp\u00e4sse, die die Industrieproduktion behindern, konnte sich die deutsche Wirtschaft nach dem Einbruch in 2020 erholen. Berechnungen des Statistischen Bundesamtes zufolge lag das Bruttoinlandsprodukt in 2021 um 2,7 Prozent h\u00f6her als im Jahr zuvor.<\/p><p>Zugleich treten die Widerspr\u00fcche in der Energie- und Klimapolitik offen zutage. Einerseits steigen die Ambitionen und der Beschluss des Bundesverfassungsgerichts verankert die Klimapolitik im Grundgesetz, andererseits steigen die deutschen Emissionen um 33 Millionen Tonnen CO<sub>2<\/sub> an und der Anteil der erneuerbaren Energien im Strommix f\u00e4llt erstmals deutlich.<\/p><p>Der Emissionsanstieg geht vor allem auf einen wieder erh\u00f6hten Energieverbrauch im Zuge der wirtschaftlichen Teilerholung sowie einen kalten Winter mit steigendem Heizbedarf zur\u00fcck.<\/p>\t\t\t\t\t\t\t\t<\/div>\n\t\t\t\t<\/div>\n\t\t\t\t\t<\/div>\n\t\t<\/div>\n\t\t\t\t\t<\/div>\n\t\t<\/section>\n\t\t\t\t<section class=\"elementor-section elementor-top-section elementor-element elementor-element-f18c0dc elementor-section-boxed elementor-section-height-default elementor-section-height-default\" data-id=\"f18c0dc\" data-element_type=\"section\" data-e-type=\"section\">\n\t\t\t\t\t\t<div class=\"elementor-container elementor-column-gap-default\">\n\t\t\t\t\t<div class=\"elementor-column elementor-col-100 elementor-top-column elementor-element elementor-element-cc7d427\" data-id=\"cc7d427\" data-element_type=\"column\" data-e-type=\"column\">\n\t\t\t<div class=\"elementor-widget-wrap elementor-element-populated\">\n\t\t\t\t\t\t<div class=\"elementor-element elementor-element-f84b21e elementor-widget elementor-widget-heading\" data-id=\"f84b21e\" data-element_type=\"widget\" data-e-type=\"widget\" data-widget_type=\"heading.default\">\n\t\t\t\t<div class=\"elementor-widget-container\">\n\t\t\t\t\t<h2 class=\"elementor-heading-title elementor-size-default\">Das Energiejahr 2021<\/h2>\t\t\t\t<\/div>\n\t\t\t\t<\/div>\n\t\t\t\t<div class=\"elementor-element elementor-element-1f0dcb3 elementor-widget elementor-widget-text-editor\" data-id=\"1f0dcb3\" data-element_type=\"widget\" data-e-type=\"widget\" data-widget_type=\"text-editor.default\">\n\t\t\t\t<div class=\"elementor-widget-container\">\n\t\t\t\t\t\t\t\t\t<p style=\"font-weight: 400;\">Die Gro\u00dfhandelspreise\u00a0f\u00fcr Strom und Erdgas sind 2021 drastisch gestiegen. Insbesondere der Herbst und Winter waren von zahlreichen Turbulenzen auf den Energiem\u00e4rkten gepr\u00e4gt. Nach zun\u00e4chst moderaten Kostenerh\u00f6hungen im Jahresverlauf 2021 folgten massive Preisanstiege auf der Beschaffungsseite im November und Dezember.<\/p><p style=\"font-weight: 400;\">Insbesondere beim Strom hatte es eine derart starke Preisdynamik innerhalb eines Kalenderjahres zuvor nicht gegeben. An den Stromb\u00f6rsen wurden zwischenzeitlich f\u00fcnf- bis zehnmal h\u00f6here Gro\u00dfhandelspreise f\u00fcr die Megawattstunde aufgerufen als im langj\u00e4hrigen Mittel.<\/p><p style=\"font-weight: 400;\">Im W\u00e4rmesektor zeichnete sich die Preisexplosion bereits zu Beginn der Heizperiode ab. Berichte von leeren Gasspeichern und drastisch in die H\u00f6he schnellenden Gro\u00dfhandelspreisen f\u00fcr Erdgas und Heiz\u00f6l machten im September die Runde und l\u00e4uteten einen f\u00fcr Verbraucher teuren Herbst und Winter 2021 ein. In der Folge stieg das Preisniveau sowohl f\u00fcr Haushalte mit Erdgas- als auch f\u00fcr solche mit \u00d6lheizung bis Dezember 2021 um \u00fcber 40 Prozent.<\/p><p style=\"font-weight: 400;\">Die Ursache der Kostenexplosion lag u. a. auch in der Pandemie begr\u00fcndet. Nach Beendigung zahlreicher Lockdown-Ma\u00dfnahmen aus dem Vorjahr und dem Wiederhochfahren von Produktionsprozessen, gewerblichem und gesellschaftlichem Leben schnellte der Energiebedarf Mitte 2021 in die H\u00f6he. Hinzu kamen witterungsbedingt gesunkene Stromertr\u00e4ge aus erneuerbaren Energien sowie die zus\u00e4tzliche Kostenlast durch die neu eingef\u00fchrte CO\u2082-Bepreisung klimasch\u00e4dlicher Brennstoffe.<\/p><p style=\"font-weight: 400;\">Zwar ist die im Strompreis enthaltene\u00a0<a href=\"https:\/\/www.stromauskunft.de\/strompreise\/eeg-umlage\/\"><strong>EEG-Umlage<\/strong><\/a>\u00a0zum Jahreswechsel sp\u00fcrbar von 6,5 auf 3,7 Cent pro Kilowattstunde gesunken, allerdings verfehlt dieser Effekt seinen Zweck angesichts preistreibender Faktoren.<\/p><p style=\"font-weight: 400;\">Eine Entlastung ist derzeit nicht in Sicht. Im Jahr 2022 kommen weitere kostensteigernde Effekte hinzu. Neben den nach wie vor hohen Beschaffungskosten f\u00fcr Energie \u2013 die derzeitige unsichere Lage hinsichtlich der Versorgungssicherheit mit Erdgas stellt die Unternehmen vor gro\u00dfe Herausforderungen \u2013 ist auch der CO\u2082-Preis auf fossile Brennstoffe nochmals angestiegen. Dar\u00fcber hinaus werden h\u00f6here Netzentgelte auf Strom und Erdgas f\u00e4llig.\u00a0<\/p><p>Den hohen Preisdruck haben viele Versorger an ihre Kunden weitergegeben. Dank dem vorausschauenden Energieeinkauf der Stadtwerke Detmold konnten wir die Strompreise 2022 unver\u00e4ndert beibehalten und die Erdgaspreise ab dem 01.01.2022 lediglich moderat erh\u00f6hen.<\/p>\t\t\t\t\t\t\t\t<\/div>\n\t\t\t\t<\/div>\n\t\t\t\t\t<\/div>\n\t\t<\/div>\n\t\t\t\t\t<\/div>\n\t\t<\/section>\n\t\t\t\t<section class=\"elementor-section elementor-top-section elementor-element elementor-element-d5466e3 elementor-section-full_width elementor-section-height-default elementor-section-height-default\" data-id=\"d5466e3\" data-element_type=\"section\" data-e-type=\"section\">\n\t\t\t\t\t\t<div class=\"elementor-container elementor-column-gap-default\">\n\t\t\t\t\t<div class=\"elementor-column elementor-col-100 elementor-top-column elementor-element elementor-element-71ce769\" data-id=\"71ce769\" data-element_type=\"column\" data-e-type=\"column\">\n\t\t\t<div class=\"elementor-widget-wrap elementor-element-populated\">\n\t\t\t\t\t\t<div class=\"elementor-element elementor-element-740c8da elementor-widget elementor-widget-gallery\" data-id=\"740c8da\" data-element_type=\"widget\" data-e-type=\"widget\" data-settings=\"{&quot;columns&quot;:2,&quot;lazyload&quot;:&quot;yes&quot;,&quot;gallery_layout&quot;:&quot;grid&quot;,&quot;columns_tablet&quot;:2,&quot;columns_mobile&quot;:1,&quot;gap&quot;:{&quot;unit&quot;:&quot;px&quot;,&quot;size&quot;:10,&quot;sizes&quot;:[]},&quot;gap_tablet&quot;:{&quot;unit&quot;:&quot;px&quot;,&quot;size&quot;:10,&quot;sizes&quot;:[]},&quot;gap_mobile&quot;:{&quot;unit&quot;:&quot;px&quot;,&quot;size&quot;:10,&quot;sizes&quot;:[]},&quot;link_to&quot;:&quot;file&quot;,&quot;aspect_ratio&quot;:&quot;3:2&quot;,&quot;overlay_background&quot;:&quot;yes&quot;,&quot;content_hover_animation&quot;:&quot;fade-in&quot;}\" data-widget_type=\"gallery.default\">\n\t\t\t\t<div class=\"elementor-widget-container\">\n\t\t\t\t\t\t\t<div class=\"elementor-gallery__container\">\n\t\t\t\t\t\t\t<a class=\"e-gallery-item elementor-gallery-item elementor-animated-content\" href=\"https:\/\/www.stwdt-3d.de\/GB_STWDT\/wp-content\/uploads\/2022\/07\/Bauschild-Neubau-\u00a9-mdm.photo_.jpg\" data-elementor-open-lightbox=\"yes\" data-elementor-lightbox-slideshow=\"740c8da\" data-elementor-lightbox-title=\"Bauschild Neubau \u00a9 mdm.photo\" data-e-action-hash=\"#elementor-action%3Aaction%3Dlightbox%26settings%3DeyJpZCI6MjEyNSwidXJsIjoiaHR0cHM6XC9cL3d3dy5zdHdkdC0zZC5kZVwvR0JfU1RXRFRcL3dwLWNvbnRlbnRcL3VwbG9hZHNcLzIwMjJcLzA3XC9CYXVzY2hpbGQtTmV1YmF1LVx1MDBhOS1tZG0ucGhvdG9fLmpwZyIsInNsaWRlc2hvdyI6Ijc0MGM4ZGEifQ%3D%3D\">\n\t\t\t\t\t<div class=\"e-gallery-image elementor-gallery-item__image\" data-thumbnail=\"https:\/\/www.stwdt-3d.de\/GB_STWDT\/wp-content\/uploads\/2022\/07\/Bauschild-Neubau-\u00a9-mdm.photo_.jpg\" data-width=\"800\" data-height=\"533\" aria-label=\"\" role=\"img\" ><\/div>\n\t\t\t\t\t\t\t\t\t\t\t<div class=\"elementor-gallery-item__overlay\"><\/div>\n\t\t\t\t\t\t\t\t\t\t\t\t\t\t<\/a>\n\t\t\t\t\t\t\t<a class=\"e-gallery-item elementor-gallery-item elementor-animated-content\" href=\"https:\/\/www.stwdt-3d.de\/GB_STWDT\/wp-content\/uploads\/2022\/06\/mdm2021-8642.jpg\" data-elementor-open-lightbox=\"yes\" data-elementor-lightbox-slideshow=\"740c8da\" data-elementor-lightbox-title=\"Neubau \u00a9 mdm.photo\" data-e-action-hash=\"#elementor-action%3Aaction%3Dlightbox%26settings%3DeyJpZCI6MTkzMiwidXJsIjoiaHR0cHM6XC9cL3d3dy5zdHdkdC0zZC5kZVwvR0JfU1RXRFRcL3dwLWNvbnRlbnRcL3VwbG9hZHNcLzIwMjJcLzA2XC9tZG0yMDIxLTg2NDIuanBnIiwic2xpZGVzaG93IjoiNzQwYzhkYSJ9\">\n\t\t\t\t\t<div class=\"e-gallery-image elementor-gallery-item__image\" data-thumbnail=\"https:\/\/www.stwdt-3d.de\/GB_STWDT\/wp-content\/uploads\/2022\/06\/mdm2021-8642.jpg\" data-width=\"800\" data-height=\"533\" aria-label=\"\" role=\"img\" ><\/div>\n\t\t\t\t\t\t\t\t\t\t\t<div class=\"elementor-gallery-item__overlay\"><\/div>\n\t\t\t\t\t\t\t\t\t\t\t\t\t\t<\/a>\n\t\t\t\t\t<\/div>\n\t\t\t\t\t<\/div>\n\t\t\t\t<\/div>\n\t\t\t\t\t<\/div>\n\t\t<\/div>\n\t\t\t\t\t<\/div>\n\t\t<\/section>\n\t\t\t\t<section class=\"elementor-section elementor-top-section elementor-element elementor-element-06f2d35 elementor-section-boxed elementor-section-height-default elementor-section-height-default\" data-id=\"06f2d35\" data-element_type=\"section\" data-e-type=\"section\">\n\t\t\t\t\t\t<div class=\"elementor-container elementor-column-gap-default\">\n\t\t\t\t\t<div class=\"elementor-column elementor-col-100 elementor-top-column elementor-element elementor-element-290a470\" data-id=\"290a470\" data-element_type=\"column\" data-e-type=\"column\">\n\t\t\t<div class=\"elementor-widget-wrap elementor-element-populated\">\n\t\t\t\t\t\t<div class=\"elementor-element elementor-element-d0ce2a1 elementor-widget elementor-widget-heading\" data-id=\"d0ce2a1\" data-element_type=\"widget\" data-e-type=\"widget\" data-widget_type=\"heading.default\">\n\t\t\t\t<div class=\"elementor-widget-container\">\n\t\t\t\t\t<h2 class=\"elementor-heading-title elementor-size-default\">Gesch\u00e4ftsentwicklung<\/h2>\t\t\t\t<\/div>\n\t\t\t\t<\/div>\n\t\t\t\t<div class=\"elementor-element elementor-element-9a523a4 elementor-widget elementor-widget-text-editor\" data-id=\"9a523a4\" data-element_type=\"widget\" data-e-type=\"widget\" data-widget_type=\"text-editor.default\">\n\t\t\t\t<div class=\"elementor-widget-container\">\n\t\t\t\t\t\t\t\t\t<p style=\"font-weight: 400;\">Die Stadtwerke Detmold blicken trotz schwieriger Rahmenbedingungen auf ein erfolgreiches Gesch\u00e4ftsjahr 2021 zur\u00fcck. Die Strom-, Erdgas- und Wassersparte sowie das Freizeitbad weisen ein Ergebnis aus, welches z. T. deutlich \u00fcber unseren Erwartungen liegt. Lediglich in der Sparte W\u00e4rme bleibt das Ergebnis hinter unseren Erwartungen zur\u00fcck. Die positive Absatzentwicklung und der Zuwachs an Fernw\u00e4rmekunden spiegelt sich nicht vollumf\u00e4nglich im W\u00e4rmeergebnis wider.<\/p><p style=\"font-weight: 400;\">Nach wie vor halten wir an dem Ziel einer umweltschonenden Energieversorgung fest. Wirtschaftlicher Erfolg und unternehmerische Stabilit\u00e4t mit dem Anspruch, in Klimaschutz zu investieren, gehen bei den Stadtwerken Detmold Hand in Hand.<\/p><p style=\"font-weight: 400;\">Der Schwerpunkt der Investitionen bei der Trinkwasserversorgung lag 2021 in dem Neubau des Tiefbrunnens im Heidental. Mit einer Tiefe von knapp 400 m und einer j\u00e4hrlichen F\u00f6rderleistung von max. 700.000 m\u00b3 tr\u00e4gt der Tiefbrunnen zu einer sicheren und nachhaltigen Trinkwasserversorgung Detmolds bei. Auch in den folgenden Jahren sind weitere Investitionen entsprechend unseres Wasserversorgungskonzepts vorgesehen. Hinzu kommen erh\u00f6hte Sanierungsaufwendungen aufgrund des Alters der Anlagen, so dass eine Anhebung unserer Wasserpreise zum 1. Juli 2021 erforderlich wurde.<\/p><p style=\"font-weight: 400;\">Ein weiterer Fokus der Aktivit\u00e4ten liegt auch jetzt im konsequenten und forcierten Ausbau des Fernw\u00e4rmenetzes. Daher investierten die Stadtwerke auch im Berichtsjahr in den Netzausbau und die Netzverdichtung der klimaschonenden W\u00e4rme.\u00a0<\/p><p style=\"font-weight: 400;\">Das Freizeitbad Aqualip erfreut sich konstant gro\u00dfer Beliebtheit. Nach umfangreichen Investitionen in der Vergangenheit lassen sich nach der durch Corona bedingten Schlie\u00dfung des Bades seit der \u201eWiederer\u00f6ffnung\u201c im September vergangenen Jahres ein hoher Besucherzuspruch und eine l\u00e4ngere Verweildauer erkennen.<\/p>\t\t\t\t\t\t\t\t<\/div>\n\t\t\t\t<\/div>\n\t\t\t\t\t<\/div>\n\t\t<\/div>\n\t\t\t\t\t<\/div>\n\t\t<\/section>\n\t\t\t\t<section class=\"elementor-section elementor-top-section elementor-element elementor-element-648a644 elementor-section-full_width elementor-section-height-default elementor-section-height-default\" data-id=\"648a644\" data-element_type=\"section\" data-e-type=\"section\">\n\t\t\t\t\t\t<div class=\"elementor-container elementor-column-gap-default\">\n\t\t\t\t\t<div class=\"elementor-column elementor-col-100 elementor-top-column elementor-element elementor-element-72a6dbb\" data-id=\"72a6dbb\" data-element_type=\"column\" data-e-type=\"column\">\n\t\t\t<div class=\"elementor-widget-wrap elementor-element-populated\">\n\t\t\t\t\t\t<div class=\"elementor-element elementor-element-ede93de elementor-widget elementor-widget-gallery\" data-id=\"ede93de\" data-element_type=\"widget\" data-e-type=\"widget\" data-settings=\"{&quot;columns&quot;:2,&quot;lazyload&quot;:&quot;yes&quot;,&quot;gallery_layout&quot;:&quot;grid&quot;,&quot;columns_tablet&quot;:2,&quot;columns_mobile&quot;:1,&quot;gap&quot;:{&quot;unit&quot;:&quot;px&quot;,&quot;size&quot;:10,&quot;sizes&quot;:[]},&quot;gap_tablet&quot;:{&quot;unit&quot;:&quot;px&quot;,&quot;size&quot;:10,&quot;sizes&quot;:[]},&quot;gap_mobile&quot;:{&quot;unit&quot;:&quot;px&quot;,&quot;size&quot;:10,&quot;sizes&quot;:[]},&quot;link_to&quot;:&quot;file&quot;,&quot;aspect_ratio&quot;:&quot;3:2&quot;,&quot;overlay_background&quot;:&quot;yes&quot;,&quot;content_hover_animation&quot;:&quot;fade-in&quot;}\" data-widget_type=\"gallery.default\">\n\t\t\t\t<div class=\"elementor-widget-container\">\n\t\t\t\t\t\t\t<div class=\"elementor-gallery__container\">\n\t\t\t\t\t\t\t<a class=\"e-gallery-item elementor-gallery-item elementor-animated-content\" href=\"https:\/\/www.stwdt-3d.de\/GB_STWDT\/wp-content\/uploads\/2022\/06\/mdm2021-7119.jpg\" data-elementor-open-lightbox=\"yes\" data-elementor-lightbox-slideshow=\"ede93de\" data-elementor-lightbox-title=\"Frank Hilker, B\u00fcrgermeister und J\u00f6rg Karlikowski, Gesch\u00e4ftsf\u00fchrer Stadtwerke Detmold weihen den Durchstich ein \u00a9 mdm.photo\" data-e-action-hash=\"#elementor-action%3Aaction%3Dlightbox%26settings%3DeyJpZCI6MTkyOSwidXJsIjoiaHR0cHM6XC9cL3d3dy5zdHdkdC0zZC5kZVwvR0JfU1RXRFRcL3dwLWNvbnRlbnRcL3VwbG9hZHNcLzIwMjJcLzA2XC9tZG0yMDIxLTcxMTkuanBnIiwic2xpZGVzaG93IjoiZWRlOTNkZSJ9\">\n\t\t\t\t\t<div class=\"e-gallery-image elementor-gallery-item__image\" data-thumbnail=\"https:\/\/www.stwdt-3d.de\/GB_STWDT\/wp-content\/uploads\/2022\/06\/mdm2021-7119.jpg\" data-width=\"800\" data-height=\"533\" aria-label=\"\" role=\"img\" ><\/div>\n\t\t\t\t\t\t\t\t\t\t\t<div class=\"elementor-gallery-item__overlay\"><\/div>\n\t\t\t\t\t\t\t\t\t\t\t\t\t\t<\/a>\n\t\t\t\t\t\t\t<a class=\"e-gallery-item elementor-gallery-item elementor-animated-content\" href=\"https:\/\/www.stwdt-3d.de\/GB_STWDT\/wp-content\/uploads\/2022\/06\/Einweihung-Waermespeicher-\u00a9-mdm.photo_.jpg\" data-elementor-open-lightbox=\"yes\" data-elementor-lightbox-slideshow=\"ede93de\" data-elementor-lightbox-title=\"Einweihung W\u00e4rmespeicher \u00a9 mdm.photo\" data-e-action-hash=\"#elementor-action%3Aaction%3Dlightbox%26settings%3DeyJpZCI6MjMwOSwidXJsIjoiaHR0cHM6XC9cL3d3dy5zdHdkdC0zZC5kZVwvR0JfU1RXRFRcL3dwLWNvbnRlbnRcL3VwbG9hZHNcLzIwMjJcLzA2XC9FaW53ZWlodW5nLVdhZXJtZXNwZWljaGVyLVx1MDBhOS1tZG0ucGhvdG9fLmpwZyIsInNsaWRlc2hvdyI6ImVkZTkzZGUifQ%3D%3D\">\n\t\t\t\t\t<div class=\"e-gallery-image elementor-gallery-item__image\" data-thumbnail=\"https:\/\/www.stwdt-3d.de\/GB_STWDT\/wp-content\/uploads\/2022\/06\/Einweihung-Waermespeicher-\u00a9-mdm.photo_-1200x800.jpg\" data-width=\"800\" data-height=\"533\" aria-label=\"\" role=\"img\" ><\/div>\n\t\t\t\t\t\t\t\t\t\t\t<div class=\"elementor-gallery-item__overlay\"><\/div>\n\t\t\t\t\t\t\t\t\t\t\t\t\t\t<\/a>\n\t\t\t\t\t<\/div>\n\t\t\t\t\t<\/div>\n\t\t\t\t<\/div>\n\t\t\t\t\t<\/div>\n\t\t<\/div>\n\t\t\t\t\t<\/div>\n\t\t<\/section>\n\t\t\t\t<section class=\"elementor-section elementor-top-section elementor-element elementor-element-b5edd83 elementor-section-boxed elementor-section-height-default elementor-section-height-default\" data-id=\"b5edd83\" data-element_type=\"section\" data-e-type=\"section\">\n\t\t\t\t\t\t<div class=\"elementor-container elementor-column-gap-default\">\n\t\t\t\t\t<div class=\"elementor-column elementor-col-100 elementor-top-column elementor-element elementor-element-7d710f5\" data-id=\"7d710f5\" data-element_type=\"column\" data-e-type=\"column\">\n\t\t\t<div class=\"elementor-widget-wrap elementor-element-populated\">\n\t\t\t\t\t\t<div class=\"elementor-element elementor-element-9b656c7 elementor-widget elementor-widget-heading\" data-id=\"9b656c7\" data-element_type=\"widget\" data-e-type=\"widget\" data-widget_type=\"heading.default\">\n\t\t\t\t<div class=\"elementor-widget-container\">\n\t\t\t\t\t<h2 class=\"elementor-heading-title elementor-size-default\">Risikomanagement<\/h2>\t\t\t\t<\/div>\n\t\t\t\t<\/div>\n\t\t\t\t<div class=\"elementor-element elementor-element-75156c2 elementor-widget elementor-widget-text-editor\" data-id=\"75156c2\" data-element_type=\"widget\" data-e-type=\"widget\" data-widget_type=\"text-editor.default\">\n\t\t\t\t<div class=\"elementor-widget-container\">\n\t\t\t\t\t\t\t\t\t<p style=\"font-weight: 400;\">Auf Grundlage des Gesetzes zur Kontrolle und Transparenz im Unternehmensbereich (KonTraG) werden bei den Stadtwerken Detmold bestehende und potenzielle Risiken beurteilt und bewertet. Zielsetzung des Risikomanagements ist die Identifikation und Bewertung von wesentlichen Risiken, die den Fortbestand\u00a0oder das wirtschaftliche Ergebnis der Stadtwerke Detmold gef\u00e4hrden k\u00f6nnten.\u00a0Neben der Erf\u00fcllung gesetzlicher Vorgaben sehen wir die fortlaufende Analyse bestehender Risiken und deren Berichterstattung an Entscheidungstr\u00e4ger als wichtigen Bestandteil.<\/p><p style=\"font-weight: 400;\">Die derzeitige Lage angesichts des Ukraine-Konflikts und der damit verbundenen Auswirkungen hinsichtlich der Versorgungssicherheit mit Erdgas stellen die Stadtwerke vor gro\u00dfe Herausforderungen und werden die Risikopositionen erh\u00f6hen. M\u00f6gliche negative Auswirkungen auf die Ertrags- und Liquidit\u00e4tslage der Stadtwerke Detmold werden dann nicht ausbleiben k\u00f6nnen.\u00a0Durch die Abschlusspr\u00fcfer werden die Funktionsf\u00e4higkeit und kontinuierliche Umsetzung der Anforderungen zur Risikofr\u00fcherkennung best\u00e4tigt.<\/p>\t\t\t\t\t\t\t\t<\/div>\n\t\t\t\t<\/div>\n\t\t\t\t\t<\/div>\n\t\t<\/div>\n\t\t\t\t\t<\/div>\n\t\t<\/section>\n\t\t\t\t<section class=\"elementor-section elementor-top-section elementor-element elementor-element-ba22ce2 elementor-section-boxed elementor-section-height-default elementor-section-height-default\" data-id=\"ba22ce2\" data-element_type=\"section\" data-e-type=\"section\">\n\t\t\t\t\t\t<div class=\"elementor-container elementor-column-gap-default\">\n\t\t\t\t\t<div class=\"elementor-column elementor-col-100 elementor-top-column elementor-element elementor-element-f7118af\" data-id=\"f7118af\" data-element_type=\"column\" data-e-type=\"column\">\n\t\t\t<div class=\"elementor-widget-wrap elementor-element-populated\">\n\t\t\t\t\t\t<div class=\"elementor-element elementor-element-4049e75 elementor-widget elementor-widget-heading\" data-id=\"4049e75\" data-element_type=\"widget\" data-e-type=\"widget\" data-widget_type=\"heading.default\">\n\t\t\t\t<div class=\"elementor-widget-container\">\n\t\t\t\t\t<h2 class=\"elementor-heading-title elementor-size-default\">Ausblick         <\/h2>\t\t\t\t<\/div>\n\t\t\t\t<\/div>\n\t\t\t\t<div class=\"elementor-element elementor-element-cdecbde elementor-widget elementor-widget-text-editor\" data-id=\"cdecbde\" data-element_type=\"widget\" data-e-type=\"widget\" data-widget_type=\"text-editor.default\">\n\t\t\t\t<div class=\"elementor-widget-container\">\n\t\t\t\t\t\t\t\t\t<p style=\"font-weight: 400;\">Was das Energiejahr 2022 bringen wird, vermag angesichts der momentanen Situation kaum jemand abzusehen.\u00a0Neben weiter anziehenden Energie- und Erzeugerpreisen durchleben wir aufgrund der Ukraine-Krise sehr herausfordernde Zeiten. Die aktuellen geopolitischen Entwicklungen mit ihren Auswirkungen auf die Energiem\u00e4rkte zeigen, dass wir uns unabh\u00e4ngig von fossilen Energieimporten machen m\u00fcssen. Daf\u00fcr m\u00fcssen die Energiewende und Energiesparma\u00dfnahmen forciert werden.<\/p><p style=\"font-weight: 400;\">Die Stadtwerke Detmold setzen daher auch in den kommenden Jahren auf eine klimafreundliche, sichere und wirtschaftliche Energieversorgung. Im Fokus wird hierbei das Fernw\u00e4rme-Ausbaukonzept f\u00fcr Detmold stehen. Daneben werden wir rd. 15 Millionen Euro in technische Anlagen und Infrastrukturma\u00dfnahmen zur St\u00e4rkung der Versorgungssicherheit investierten. Intelligente Technologien und innovative Kundenl\u00f6sungen in den Bereichen Strom, Erdgas und W\u00e4rme werden kontinuierlich ausgebaut.<\/p>\t\t\t\t\t\t\t\t<\/div>\n\t\t\t\t<\/div>\n\t\t\t\t\t<\/div>\n\t\t<\/div>\n\t\t\t\t\t<\/div>\n\t\t<\/section>\n\t\t\t\t<section class=\"elementor-section elementor-top-section elementor-element elementor-element-aba1e89 elementor-section-boxed elementor-section-height-default elementor-section-height-default\" data-id=\"aba1e89\" data-element_type=\"section\" data-e-type=\"section\">\n\t\t\t\t\t\t<div class=\"elementor-container elementor-column-gap-default\">\n\t\t\t\t\t<div class=\"elementor-column elementor-col-100 elementor-top-column elementor-element elementor-element-3f3713b\" data-id=\"3f3713b\" data-element_type=\"column\" data-e-type=\"column\">\n\t\t\t<div class=\"elementor-widget-wrap elementor-element-populated\">\n\t\t\t\t\t\t<div class=\"elementor-element elementor-element-2dfbd02 elementor-widget elementor-widget-image\" data-id=\"2dfbd02\" data-element_type=\"widget\" data-e-type=\"widget\" data-widget_type=\"image.default\">\n\t\t\t\t<div class=\"elementor-widget-container\">\n\t\t\t\t\t\t\t\t\t\t\t\t\t\t\t<img decoding=\"async\" width=\"400\" height=\"89\" src=\"https:\/\/www.stwdt-3d.de\/GB_STWDT\/wp-content\/uploads\/2020\/06\/Unterschrift-Karlikowski-400x89.jpg\" class=\"attachment-medium size-medium wp-image-113\" alt=\"\" srcset=\"https:\/\/www.stwdt-3d.de\/GB_STWDT\/wp-content\/uploads\/2020\/06\/Unterschrift-Karlikowski-400x89.jpg 400w, https:\/\/www.stwdt-3d.de\/GB_STWDT\/wp-content\/uploads\/2020\/06\/Unterschrift-Karlikowski-768x170.jpg 768w, https:\/\/www.stwdt-3d.de\/GB_STWDT\/wp-content\/uploads\/2020\/06\/Unterschrift-Karlikowski.jpg 830w\" sizes=\"(max-width: 400px) 100vw, 400px\" \/>\t\t\t\t\t\t\t\t\t\t\t\t\t\t\t<\/div>\n\t\t\t\t<\/div>\n\t\t\t\t<div class=\"elementor-element elementor-element-d97cdf7 elementor-widget elementor-widget-text-editor\" data-id=\"d97cdf7\" data-element_type=\"widget\" data-e-type=\"widget\" data-widget_type=\"text-editor.default\">\n\t\t\t\t<div class=\"elementor-widget-container\">\n\t\t\t\t\t\t\t\t\t<p>J\u00f6rg Karlikowski, Gesch\u00e4ftsf\u00fchrer<\/p>\t\t\t\t\t\t\t\t<\/div>\n\t\t\t\t<\/div>\n\t\t\t\t\t<\/div>\n\t\t<\/div>\n\t\t\t\t\t<\/div>\n\t\t<\/section>\n\t\t\t\t<section class=\"elementor-section elementor-top-section elementor-element elementor-element-6427ed2 elementor-section-height-min-height elementor-section-boxed elementor-section-height-default elementor-section-items-middle\" data-id=\"6427ed2\" data-element_type=\"section\" data-e-type=\"section\" data-settings=\"{&quot;background_background&quot;:&quot;classic&quot;}\">\n\t\t\t\t\t\t<div class=\"elementor-container elementor-column-gap-default\">\n\t\t\t\t\t<div class=\"elementor-column elementor-col-100 elementor-top-column elementor-element elementor-element-150d6f6\" data-id=\"150d6f6\" data-element_type=\"column\" data-e-type=\"column\">\n\t\t\t<div class=\"elementor-widget-wrap\">\n\t\t\t\t\t\t\t<\/div>\n\t\t<\/div>\n\t\t\t\t\t<\/div>\n\t\t<\/section>\n\t\t\t\t<\/div>\n\t\t","protected":false},"excerpt":{"rendered":"<p>Bericht der Gesch\u00e4ftsf\u00fchrung Gesamtwirtschaftliche und energiepolitische Rahmenbedingungen Das Jahr 2021 steht, wie schon das Jahr zuvor, erneut unter dem Eindruck der Corona-Auswirkungen.\u00a0Hatte die wirtschaftliche Entwicklung in Deutschland noch im zweiten Quartal 2021 an Fahrt aufgenommen, nachdem das erste Quartal weiterhin von den Einschr\u00e4nkungen durch die Pandemie beeinflusst worden war, verlor das Wirtschaftswachstum im dritten und [&hellip;]<\/p>\n","protected":false},"author":1,"featured_media":2326,"parent":1769,"menu_order":0,"comment_status":"closed","ping_status":"closed","template":"","meta":{"_acf_changed":false,"footnotes":""},"cd-version":[],"class_list":["post-1805","page","type-page","status-publish","has-post-thumbnail","hentry"],"acf":[],"_links":{"self":[{"href":"https:\/\/www.stwdt-3d.de\/GB_STWDT\/wp-json\/wp\/v2\/pages\/1805","targetHints":{"allow":["GET"]}}],"collection":[{"href":"https:\/\/www.stwdt-3d.de\/GB_STWDT\/wp-json\/wp\/v2\/pages"}],"about":[{"href":"https:\/\/www.stwdt-3d.de\/GB_STWDT\/wp-json\/wp\/v2\/types\/page"}],"author":[{"embeddable":true,"href":"https:\/\/www.stwdt-3d.de\/GB_STWDT\/wp-json\/wp\/v2\/users\/1"}],"replies":[{"embeddable":true,"href":"https:\/\/www.stwdt-3d.de\/GB_STWDT\/wp-json\/wp\/v2\/comments?post=1805"}],"version-history":[{"count":112,"href":"https:\/\/www.stwdt-3d.de\/GB_STWDT\/wp-json\/wp\/v2\/pages\/1805\/revisions"}],"predecessor-version":[{"id":2329,"href":"https:\/\/www.stwdt-3d.de\/GB_STWDT\/wp-json\/wp\/v2\/pages\/1805\/revisions\/2329"}],"up":[{"embeddable":true,"href":"https:\/\/www.stwdt-3d.de\/GB_STWDT\/wp-json\/wp\/v2\/pages\/1769"}],"wp:featuredmedia":[{"embeddable":true,"href":"https:\/\/www.stwdt-3d.de\/GB_STWDT\/wp-json\/wp\/v2\/media\/2326"}],"wp:attachment":[{"href":"https:\/\/www.stwdt-3d.de\/GB_STWDT\/wp-json\/wp\/v2\/media?parent=1805"}],"wp:term":[{"taxonomy":"cd-version","embeddable":true,"href":"https:\/\/www.stwdt-3d.de\/GB_STWDT\/wp-json\/wp\/v2\/cd-version?post=1805"}],"curies":[{"name":"wp","href":"https:\/\/api.w.org\/{rel}","templated":true}]}}