{"id":2390,"date":"2023-06-21T17:11:19","date_gmt":"2023-06-21T15:11:19","guid":{"rendered":"https:\/\/beta.k-konzept.de\/gb2019\/?page_id=2390"},"modified":"2023-07-25T12:45:30","modified_gmt":"2023-07-25T10:45:30","slug":"bericht-der-geschaeftsfuehrung-2022","status":"publish","type":"page","link":"https:\/\/www.stwdt-3d.de\/GB_STWDT\/geschaeftsbericht-2022\/bericht-der-geschaeftsfuehrung-2022\/","title":{"rendered":"Bericht der Gesch\u00e4ftsf\u00fchrung 2022"},"content":{"rendered":"\t\t<div data-elementor-type=\"wp-page\" data-elementor-id=\"2390\" class=\"elementor elementor-2390\" data-elementor-post-type=\"page\">\n\t\t\t\t\t\t<section class=\"elementor-section elementor-top-section elementor-element elementor-element-1f12083 elementor-section-height-min-height elementor-section-boxed elementor-section-height-default elementor-section-items-middle\" data-id=\"1f12083\" data-element_type=\"section\" data-e-type=\"section\" data-settings=\"{&quot;background_background&quot;:&quot;classic&quot;}\">\n\t\t\t\t\t\t<div class=\"elementor-container elementor-column-gap-default\">\n\t\t\t\t\t<div class=\"elementor-column elementor-col-100 elementor-top-column elementor-element elementor-element-55f2057\" data-id=\"55f2057\" data-element_type=\"column\" data-e-type=\"column\">\n\t\t\t<div class=\"elementor-widget-wrap elementor-element-populated\">\n\t\t\t\t\t\t<div class=\"elementor-element elementor-element-8910770 elementor-widget elementor-widget-heading\" data-id=\"8910770\" data-element_type=\"widget\" data-e-type=\"widget\" data-widget_type=\"heading.default\">\n\t\t\t\t<div class=\"elementor-widget-container\">\n\t\t\t\t\t<h1 class=\"elementor-heading-title elementor-size-default\">Bericht der <br>Gesch\u00e4ftsf\u00fchrung<\/h1>\t\t\t\t<\/div>\n\t\t\t\t<\/div>\n\t\t\t\t\t<\/div>\n\t\t<\/div>\n\t\t\t\t\t<\/div>\n\t\t<\/section>\n\t\t\t\t<section class=\"elementor-section elementor-top-section elementor-element elementor-element-b43d1c3 elementor-section-boxed elementor-section-height-default elementor-section-height-default\" data-id=\"b43d1c3\" data-element_type=\"section\" data-e-type=\"section\">\n\t\t\t\t\t\t<div class=\"elementor-container elementor-column-gap-default\">\n\t\t\t\t\t<div class=\"elementor-column elementor-col-100 elementor-top-column elementor-element elementor-element-195cb0f\" data-id=\"195cb0f\" data-element_type=\"column\" data-e-type=\"column\">\n\t\t\t<div class=\"elementor-widget-wrap elementor-element-populated\">\n\t\t\t\t\t\t<div class=\"elementor-element elementor-element-dbc2b58 elementor-widget elementor-widget-heading\" data-id=\"dbc2b58\" data-element_type=\"widget\" data-e-type=\"widget\" data-widget_type=\"heading.default\">\n\t\t\t\t<div class=\"elementor-widget-container\">\n\t\t\t\t\t<h2 class=\"elementor-heading-title elementor-size-default\">Volkswirtschaftliche Rahmenbedingungen<\/h2>\t\t\t\t<\/div>\n\t\t\t\t<\/div>\n\t\t\t\t<div class=\"elementor-element elementor-element-979dc78 elementor-widget elementor-widget-text-editor\" data-id=\"979dc78\" data-element_type=\"widget\" data-e-type=\"widget\" data-widget_type=\"text-editor.default\">\n\t\t\t\t<div class=\"elementor-widget-container\">\n\t\t\t\t\t\t\t\t\tDie Deutsche Wirtschaft hat sich im Jahr 2022 gut behauptet. Trotz Energiekrise und verz\u00f6gerten Lieferketten ist das Bruttoinlandsprodukt im Jahr 2022 um 1,9 Prozent gestiegen. Wichtigste St\u00fctze des unerwarteten Wirtschaftswachstums war der private Konsum. Entlastungsma\u00dfnahmen der Bundesregierung und der robuste Arbeitsmarkt haben diesen Trend positiv beeinflusst. Damit konnte die deutsche Wirtschaft trotz Ukraine-Krieg, Lieferkettenengp\u00e4ssen und Energiepreiskrise wachsen.\n\nDie weiterhin hohe Inflation hat sich zuletzt merklich verringert. Eine ma\u00dfgebliche Rolle hat hierbei die Dezember-Soforthilfe des Bundes gespielt. Sie dr\u00fcckte die Inflationsrate sp\u00fcrbar nach unten. Der Bund hat im Dezember die Monatsabschl\u00e4ge f\u00fcr Gas und W\u00e4rme \u00fcbernommen. So verringerten sich die Belastungen der Kunden f\u00fcr Energie gegen\u00fcber dem Vormonat kr\u00e4ftig. Durch die seit Januar wirksam gewordenen Gas- und Strompreisbremsen sind die H\u00f6chstst\u00e4nde aus dem letzten Jahr mit Inflationsraten von \u00fcber 10 Prozent \u00fcberwunden.\n\nUngeachtet des Kriegs in der Ukraine und den hierdurch ausgel\u00f6sten Folgen an den Energiem\u00e4rkten hat die energiepolitische Agenda der Bundesregierung nicht an Bedeutung verloren: Die Versorgungssicherheit gew\u00e4hrleisten, der Energiewende neuen Schwung verleihen, den Ausbau erneuerbarer Energien beschleunigen, die klimaneutrale W\u00e4rmeversorgung ausbauen und die Anstrengungen zur Reduktion von CO<sub>2<\/sub>-Emissionen intensivieren. S\u00e4mtliche Ma\u00dfnahmen sind dabei auf den 1,5-Grad-Pfad der internationalen Klimaschutzvereinbarungen ausgerichtet.\t\t\t\t\t\t\t\t<\/div>\n\t\t\t\t<\/div>\n\t\t\t\t\t<\/div>\n\t\t<\/div>\n\t\t\t\t\t<\/div>\n\t\t<\/section>\n\t\t\t\t<section class=\"elementor-section elementor-top-section elementor-element elementor-element-f18c0dc elementor-section-boxed elementor-section-height-default elementor-section-height-default\" data-id=\"f18c0dc\" data-element_type=\"section\" data-e-type=\"section\">\n\t\t\t\t\t\t<div class=\"elementor-container elementor-column-gap-default\">\n\t\t\t\t\t<div class=\"elementor-column elementor-col-100 elementor-top-column elementor-element elementor-element-cc7d427\" data-id=\"cc7d427\" data-element_type=\"column\" data-e-type=\"column\">\n\t\t\t<div class=\"elementor-widget-wrap elementor-element-populated\">\n\t\t\t\t\t\t<div class=\"elementor-element elementor-element-f84b21e elementor-widget elementor-widget-heading\" data-id=\"f84b21e\" data-element_type=\"widget\" data-e-type=\"widget\" data-widget_type=\"heading.default\">\n\t\t\t\t<div class=\"elementor-widget-container\">\n\t\t\t\t\t<h2 class=\"elementor-heading-title elementor-size-default\">Volatile Energiem\u00e4rkte \n<\/h2>\t\t\t\t<\/div>\n\t\t\t\t<\/div>\n\t\t\t\t<div class=\"elementor-element elementor-element-1f0dcb3 elementor-widget elementor-widget-text-editor\" data-id=\"1f0dcb3\" data-element_type=\"widget\" data-e-type=\"widget\" data-widget_type=\"text-editor.default\">\n\t\t\t\t<div class=\"elementor-widget-container\">\n\t\t\t\t\t\t\t\t\t<p>Die Preise f\u00fcr Energie befinden sich seit vielen Monaten auf einem sehr hohen Niveau. Zun\u00e4chst hat die weltweit anziehende Energienachfrage f\u00fcr steigende Preise gesorgt. Ebenso tr\u00e4gt der weiterhin anhaltende Krieg zu einem nie dagewesenen Preisniveau bei.<\/p><p>Zur Entlastung der Kunden hat die Bundesregierung im vergangenen Jahr deshalb zahlreiche Entlastungspakete auf den Weg gebracht. Neben der Dezember-Soforthilfe, dem Stop der geplanten Gasbeschaffungsumlage, konnten Kunden durch die Reduzierung der Mehrwertsteuer auf sieben Prozent statt bisher 19 Prozent deutlich profitieren. Die Stadtwerke Detmold GmbH hat die Mehrwertsteuer-Senkung f\u00fcr Gas und W\u00e4rme sowie die aufgehobene Gasbeschaffungsumlage auf Gas r\u00fcckwirkend zum 1. Oktober 2022 in vollem Umfang an ihre Kunden weitergeben. Eine weitere Stufe der Entlastung ist in Form von Strom-, W\u00e4rme- und Erdgaspreisbremsen mit G\u00fcltigkeit ab 2023 bis Ende April 2024 mit R\u00fcckwirkungen zum 1. Januar 2023, verabschiedet worden. Auch dieses Gesetz haben die Stadtwerke entsprechend umgesetzt und die Kunden fr\u00fchzeitig informiert.<\/p><p>Zu einer weiteren Entlastung f\u00fcr Stromkunden f\u00fchrte die zum 1. Juli 2022 auf Null gesetzte und in 2023 entfallene EEG-Umlage. Die Bundesregierung hatte beschlossen, die Umlage zur F\u00f6rderung der Energieerzeugung aus erneuerbaren Energien (EEG-Umlage) zum 1. Juli 2022 abzuschaffen. Der faktische Wegfall der EEG-Umlage und der damit verbundene Preisvorteil wurde vollst\u00e4ndig an die Kunden der Stadtwerke weitergegeben. Mit dem am 1. Januar 2023 in Kraft getreten Energiefinanzierungsgesetz wurde die EEG -Umlage vollst\u00e4ndig abgeschafft. Der Finanzierungsbedarf der erneuerbaren Energien wird k\u00fcnftig durch den Bund (Klima- und Transformationsfond) ausgeglichen.<\/p>\t\t\t\t\t\t\t\t<\/div>\n\t\t\t\t<\/div>\n\t\t\t\t\t<\/div>\n\t\t<\/div>\n\t\t\t\t\t<\/div>\n\t\t<\/section>\n\t\t\t\t<section class=\"elementor-section elementor-top-section elementor-element elementor-element-d5466e3 elementor-section-full_width elementor-section-height-default elementor-section-height-default\" data-id=\"d5466e3\" data-element_type=\"section\" data-e-type=\"section\">\n\t\t\t\t\t\t<div class=\"elementor-container elementor-column-gap-default\">\n\t\t\t\t\t<div class=\"elementor-column elementor-col-100 elementor-top-column elementor-element elementor-element-71ce769\" data-id=\"71ce769\" data-element_type=\"column\" data-e-type=\"column\">\n\t\t\t<div class=\"elementor-widget-wrap elementor-element-populated\">\n\t\t\t\t\t\t<div class=\"elementor-element elementor-element-740c8da elementor-widget elementor-widget-gallery\" data-id=\"740c8da\" data-element_type=\"widget\" data-e-type=\"widget\" data-settings=\"{&quot;columns&quot;:2,&quot;lazyload&quot;:&quot;yes&quot;,&quot;gallery_layout&quot;:&quot;grid&quot;,&quot;columns_tablet&quot;:2,&quot;columns_mobile&quot;:1,&quot;gap&quot;:{&quot;unit&quot;:&quot;px&quot;,&quot;size&quot;:10,&quot;sizes&quot;:[]},&quot;gap_tablet&quot;:{&quot;unit&quot;:&quot;px&quot;,&quot;size&quot;:10,&quot;sizes&quot;:[]},&quot;gap_mobile&quot;:{&quot;unit&quot;:&quot;px&quot;,&quot;size&quot;:10,&quot;sizes&quot;:[]},&quot;link_to&quot;:&quot;file&quot;,&quot;aspect_ratio&quot;:&quot;3:2&quot;,&quot;overlay_background&quot;:&quot;yes&quot;,&quot;content_hover_animation&quot;:&quot;fade-in&quot;}\" data-widget_type=\"gallery.default\">\n\t\t\t\t<div class=\"elementor-widget-container\">\n\t\t\t\t\t\t\t<div class=\"elementor-gallery__container\">\n\t\t\t\t\t\t\t<a class=\"e-gallery-item elementor-gallery-item elementor-animated-content\" href=\"https:\/\/www.stwdt-3d.de\/GB_STWDT\/wp-content\/uploads\/2023\/06\/mdm-0279-2-1800.jpg\" data-elementor-open-lightbox=\"yes\" data-elementor-lightbox-slideshow=\"740c8da\" data-elementor-lightbox-title=\"Neubau \u00a9 mdm.photo\" data-e-action-hash=\"#elementor-action%3Aaction%3Dlightbox%26settings%3DeyJpZCI6MjYzNCwidXJsIjoiaHR0cHM6XC9cL3d3dy5zdHdkdC0zZC5kZVwvR0JfU1RXRFRcL3dwLWNvbnRlbnRcL3VwbG9hZHNcLzIwMjNcLzA2XC9tZG0tMDI3OS0yLTE4MDAuanBnIiwic2xpZGVzaG93IjoiNzQwYzhkYSJ9\">\n\t\t\t\t\t<div class=\"e-gallery-image elementor-gallery-item__image\" data-thumbnail=\"https:\/\/www.stwdt-3d.de\/GB_STWDT\/wp-content\/uploads\/2023\/06\/mdm-0279-2-1800-1200x800.jpg\" data-width=\"800\" data-height=\"533\" aria-label=\"\" role=\"img\" ><\/div>\n\t\t\t\t\t\t\t\t\t\t\t<div class=\"elementor-gallery-item__overlay\"><\/div>\n\t\t\t\t\t\t\t\t\t\t\t\t\t\t<\/a>\n\t\t\t\t\t\t\t<a class=\"e-gallery-item elementor-gallery-item elementor-animated-content\" href=\"https:\/\/www.stwdt-3d.de\/GB_STWDT\/wp-content\/uploads\/2023\/06\/mdm-6447-1800-1.jpg\" data-elementor-open-lightbox=\"yes\" data-elementor-lightbox-slideshow=\"740c8da\" data-elementor-lightbox-title=\"Messe My Job \u00a9 mdm.photo\" data-e-action-hash=\"#elementor-action%3Aaction%3Dlightbox%26settings%3DeyJpZCI6MjYyNywidXJsIjoiaHR0cHM6XC9cL3d3dy5zdHdkdC0zZC5kZVwvR0JfU1RXRFRcL3dwLWNvbnRlbnRcL3VwbG9hZHNcLzIwMjNcLzA2XC9tZG0tNjQ0Ny0xODAwLTEuanBnIiwic2xpZGVzaG93IjoiNzQwYzhkYSJ9\">\n\t\t\t\t\t<div class=\"e-gallery-image elementor-gallery-item__image\" data-thumbnail=\"https:\/\/www.stwdt-3d.de\/GB_STWDT\/wp-content\/uploads\/2023\/06\/mdm-6447-1800-1-1200x800.jpg\" data-width=\"800\" data-height=\"533\" aria-label=\"\" role=\"img\" ><\/div>\n\t\t\t\t\t\t\t\t\t\t\t<div class=\"elementor-gallery-item__overlay\"><\/div>\n\t\t\t\t\t\t\t\t\t\t\t\t\t\t<\/a>\n\t\t\t\t\t<\/div>\n\t\t\t\t\t<\/div>\n\t\t\t\t<\/div>\n\t\t\t\t\t<\/div>\n\t\t<\/div>\n\t\t\t\t\t<\/div>\n\t\t<\/section>\n\t\t\t\t<section class=\"elementor-section elementor-top-section elementor-element elementor-element-06f2d35 elementor-section-boxed elementor-section-height-default elementor-section-height-default\" data-id=\"06f2d35\" data-element_type=\"section\" data-e-type=\"section\">\n\t\t\t\t\t\t<div class=\"elementor-container elementor-column-gap-default\">\n\t\t\t\t\t<div class=\"elementor-column elementor-col-100 elementor-top-column elementor-element elementor-element-290a470\" data-id=\"290a470\" data-element_type=\"column\" data-e-type=\"column\">\n\t\t\t<div class=\"elementor-widget-wrap elementor-element-populated\">\n\t\t\t\t\t\t<div class=\"elementor-element elementor-element-d0ce2a1 elementor-widget elementor-widget-heading\" data-id=\"d0ce2a1\" data-element_type=\"widget\" data-e-type=\"widget\" data-widget_type=\"heading.default\">\n\t\t\t\t<div class=\"elementor-widget-container\">\n\t\t\t\t\t<h2 class=\"elementor-heading-title elementor-size-default\">Gesch\u00e4ftsentwicklung<\/h2>\t\t\t\t<\/div>\n\t\t\t\t<\/div>\n\t\t\t\t<div class=\"elementor-element elementor-element-9a523a4 elementor-widget elementor-widget-text-editor\" data-id=\"9a523a4\" data-element_type=\"widget\" data-e-type=\"widget\" data-widget_type=\"text-editor.default\">\n\t\t\t\t<div class=\"elementor-widget-container\">\n\t\t\t\t\t\t\t\t\t<p>Im Gesch\u00e4ftsjahr 2022 konnten wir uns in einem von hohen Preisen und dem vom Ukrainekrieg gepr\u00e4gten Energiemarkt erfolgreich positionieren. Sowohl der Energieeinsparapell der Bundesregierung und die daraus resultierenden Energieeinsparungen der Kunden, als auch die milde Witterung in den Heizmonaten f\u00fchrte zu einem geringeren Absatz in der Strom-, Erdgas- und W\u00e4rmesparte als urspr\u00fcnglich geplant.<\/p><p>Im Zentrum der Investitionen f\u00fcr eine klimaresiliente Detmolder Trinkwasserversorgung standen im Berichtsjahr die Planung der Ersatzneubauten der Trinkwasserhochbeh\u00e4lter \u201eGrotenburg\u201c und \u201eEhberg\u201c sowie der Ersatzneubau eines Brunnens im Wassergewinnungsgebiet Pivitsheide. Am Hochbeh\u00e4lter Kupferberg wurden nach der letztj\u00e4hrigen Erneuerung der Au\u00dfenh\u00fclle die Sanierungsarbeiten fortgesetzt. Ebenso erfolgte die Erneuerung der Innenbeschichtung einer Beh\u00e4lterkammer. Die zweite Kammer, die in 2023 saniert wird, bildet dann den Abschluss der Erneuerungsarbeiten des gr\u00f6\u00dften Detmolder Trinkwasserhochbeh\u00e4lters, dessen beide Beh\u00e4lterkammern eine Gesamtspeichermenge von rund 3.000 m3 Trinkwasser vorhalten k\u00f6nnen. Neben diesen Investitionen in die Trinkwassergewinnungs- und -speicheranlagen, sind erneut signifikante Aufwendungen f\u00fcr den Ausbau und den Erhalt der Trinkwasserverteilnetze geplant.<\/p><p>Mit einer Investition von rund 3,4 Mio. Euro sichern die Stadtwerke die zukunftsweisende Stromversorgung in Detmold. Einen wichtigen Beitrag leistet hierzu der Ersatzneubau des Umspannwerk Spork in 2022. In diesem Jahr wird die Anlage in Betrieb genommen. Mit hochmodernen Betriebsmitteln haben wir den Knotenpunkt der Energieversorgung leistungsf\u00e4higer und auf den aktuellen Stand der Technik gebracht.<\/p><h3>Photovoltaikanlagen<\/h3><p>Stromerzeugung aus erneuerbarer Energie bedeutet aktiven Klimaschutz. Dies gilt auch f\u00fcr das \u201eDetmolder Solardach\u201c. Mit dem Pachtmodell der Stadtwerke k\u00f6nnen Detmolder ohne eigene Investition regenerativ Strom auf ihrem Dach erzeugen und damit zur Reduzierung der Treibhausgase beitragen. Insgesamt wurden bisher 204 PV-Anlagen mit einer Gesamtleistung von 1.537 kWp realisiert.<\/p><p>\u00dcberwiegend regenerativ erzeugte Fernw\u00e4rme spielt auch in Zukunft beim Klimaschutz der Stadtwerke eine unverzichtbare Rolle. Daher lag auch im Jahr 2022 ein weiterer Focus der Aktivit\u00e4ten in dem konsequenten Ausbau der klimaschonenden Fernw\u00e4rme. In den vergangenen 22 Jahren haben die Stadtwerke insgesamt 68,2 Mio. Euro in die Fernw\u00e4rme investiert.<\/p><p>Trotz des zur Erreichung der Klimaschutzziele mittelfristig abnehmenden Erdgaseinsatzes, wurden auch in 2022 die Anlagen und Netze der Erdgasversorgung auf dem vorgeschriebenen Stand der Technik gehalten.<\/p><p>Der bereits in den ersten drei Quartalen erkennbare Trend zu einem hohen Besucherzuspruch im Aqualip hat sich trotz der geringf\u00fcgigen Wassertemperatursenkung des Schwimmerbeckens aufgrund von Energieeinsparungen weiter fortgesetzt. Eine l\u00e4ngere Verweildauer der G\u00e4ste im Freizeitbad tr\u00e4gt dazu bei, dass die durchschnittlichen Verkaufserl\u00f6se pro Besucher steigen. Dies spiegelt sich in den Verkaufserl\u00f6sen und einer gegen\u00fcber der Planung noch mal verbesserten Rohmarge wider. Die Detmolder und Besucher aus der Umgebung nutzen weiterhin das Aqualip zur aktiven Freizeitgestaltung. Nach den umfangreichen Investitionen in der Vergangenheit bietet das Aqualip den G\u00e4sten Komfort, Attraktivit\u00e4t und familienfreundliche Angebote.<\/p><h3>Dank an die Mitarbeiterinnen und Mitarbeiter der Stadtwerke Detmold<\/h3><p>An dieser Stelle danke ich allen f\u00fcr ihr Engagement im abgelaufenen Gesch\u00e4ftsjahr. Dank unserer Mitarbeiterinnen und Mitarbeiter konnten die Stadtwerke Detmold GmbH sich in dieser au\u00dfergew\u00f6hnlichen Situation turbulenter Energiem\u00e4rkte bew\u00e4hren und dieses besondere Jahr mit einem guten Gesch\u00e4ftsergebnis abschlie\u00dfen.<\/p>\t\t\t\t\t\t\t\t<\/div>\n\t\t\t\t<\/div>\n\t\t\t\t\t<\/div>\n\t\t<\/div>\n\t\t\t\t\t<\/div>\n\t\t<\/section>\n\t\t\t\t<section class=\"elementor-section elementor-top-section elementor-element elementor-element-648a644 elementor-section-full_width elementor-section-height-default elementor-section-height-default\" data-id=\"648a644\" data-element_type=\"section\" data-e-type=\"section\">\n\t\t\t\t\t\t<div class=\"elementor-container elementor-column-gap-default\">\n\t\t\t\t\t<div class=\"elementor-column elementor-col-100 elementor-top-column elementor-element elementor-element-72a6dbb\" data-id=\"72a6dbb\" data-element_type=\"column\" data-e-type=\"column\">\n\t\t\t<div class=\"elementor-widget-wrap elementor-element-populated\">\n\t\t\t\t\t\t<div class=\"elementor-element elementor-element-ede93de elementor-widget elementor-widget-gallery\" data-id=\"ede93de\" data-element_type=\"widget\" data-e-type=\"widget\" data-settings=\"{&quot;columns&quot;:2,&quot;lazyload&quot;:&quot;yes&quot;,&quot;gallery_layout&quot;:&quot;grid&quot;,&quot;columns_tablet&quot;:2,&quot;columns_mobile&quot;:1,&quot;gap&quot;:{&quot;unit&quot;:&quot;px&quot;,&quot;size&quot;:10,&quot;sizes&quot;:[]},&quot;gap_tablet&quot;:{&quot;unit&quot;:&quot;px&quot;,&quot;size&quot;:10,&quot;sizes&quot;:[]},&quot;gap_mobile&quot;:{&quot;unit&quot;:&quot;px&quot;,&quot;size&quot;:10,&quot;sizes&quot;:[]},&quot;link_to&quot;:&quot;file&quot;,&quot;aspect_ratio&quot;:&quot;3:2&quot;,&quot;overlay_background&quot;:&quot;yes&quot;,&quot;content_hover_animation&quot;:&quot;fade-in&quot;}\" data-widget_type=\"gallery.default\">\n\t\t\t\t<div class=\"elementor-widget-container\">\n\t\t\t\t\t\t\t<div class=\"elementor-gallery__container\">\n\t\t\t\t\t\t\t<a class=\"e-gallery-item elementor-gallery-item elementor-animated-content\" href=\"https:\/\/www.stwdt-3d.de\/GB_STWDT\/wp-content\/uploads\/2023\/06\/mdm-8813-1800.jpg\" data-elementor-open-lightbox=\"yes\" data-elementor-lightbox-slideshow=\"ede93de\" data-elementor-lightbox-title=\"\u00a9 mdm.photo\" data-e-action-hash=\"#elementor-action%3Aaction%3Dlightbox%26settings%3DeyJpZCI6MjYzNywidXJsIjoiaHR0cHM6XC9cL3d3dy5zdHdkdC0zZC5kZVwvR0JfU1RXRFRcL3dwLWNvbnRlbnRcL3VwbG9hZHNcLzIwMjNcLzA2XC9tZG0tODgxMy0xODAwLmpwZyIsInNsaWRlc2hvdyI6ImVkZTkzZGUifQ%3D%3D\">\n\t\t\t\t\t<div class=\"e-gallery-image elementor-gallery-item__image\" data-thumbnail=\"https:\/\/www.stwdt-3d.de\/GB_STWDT\/wp-content\/uploads\/2023\/06\/mdm-8813-1800-1200x801.jpg\" data-width=\"800\" data-height=\"534\" aria-label=\"\" role=\"img\" ><\/div>\n\t\t\t\t\t\t\t\t\t\t\t<div class=\"elementor-gallery-item__overlay\"><\/div>\n\t\t\t\t\t\t\t\t\t\t\t\t\t\t<\/a>\n\t\t\t\t\t\t\t<a class=\"e-gallery-item elementor-gallery-item elementor-animated-content\" href=\"https:\/\/www.stwdt-3d.de\/GB_STWDT\/wp-content\/uploads\/2023\/06\/mdm-1508-1800.jpg\" data-elementor-open-lightbox=\"yes\" data-elementor-lightbox-slideshow=\"ede93de\" data-elementor-lightbox-title=\"Richtfest Neubau: J\u00f6rg Karlikowski, Gesch\u00e4ftsf\u00fchrer, freut sich \u00fcber die zahlreiche Teilnahme der Mitarbeiter \u00a9 mdm.photo\" data-e-action-hash=\"#elementor-action%3Aaction%3Dlightbox%26settings%3DeyJpZCI6MjYzNSwidXJsIjoiaHR0cHM6XC9cL3d3dy5zdHdkdC0zZC5kZVwvR0JfU1RXRFRcL3dwLWNvbnRlbnRcL3VwbG9hZHNcLzIwMjNcLzA2XC9tZG0tMTUwOC0xODAwLmpwZyIsInNsaWRlc2hvdyI6ImVkZTkzZGUifQ%3D%3D\">\n\t\t\t\t\t<div class=\"e-gallery-image elementor-gallery-item__image\" data-thumbnail=\"https:\/\/www.stwdt-3d.de\/GB_STWDT\/wp-content\/uploads\/2023\/06\/mdm-1508-1800-1200x801.jpg\" data-width=\"800\" data-height=\"534\" aria-label=\"\" role=\"img\" ><\/div>\n\t\t\t\t\t\t\t\t\t\t\t<div class=\"elementor-gallery-item__overlay\"><\/div>\n\t\t\t\t\t\t\t\t\t\t\t\t\t\t<\/a>\n\t\t\t\t\t<\/div>\n\t\t\t\t\t<\/div>\n\t\t\t\t<\/div>\n\t\t\t\t\t<\/div>\n\t\t<\/div>\n\t\t\t\t\t<\/div>\n\t\t<\/section>\n\t\t\t\t<section class=\"elementor-section elementor-top-section elementor-element elementor-element-b5edd83 elementor-section-boxed elementor-section-height-default elementor-section-height-default\" data-id=\"b5edd83\" data-element_type=\"section\" data-e-type=\"section\">\n\t\t\t\t\t\t<div class=\"elementor-container elementor-column-gap-default\">\n\t\t\t\t\t<div class=\"elementor-column elementor-col-100 elementor-top-column elementor-element elementor-element-7d710f5\" data-id=\"7d710f5\" data-element_type=\"column\" data-e-type=\"column\">\n\t\t\t<div class=\"elementor-widget-wrap elementor-element-populated\">\n\t\t\t\t\t\t<div class=\"elementor-element elementor-element-9b656c7 elementor-widget elementor-widget-heading\" data-id=\"9b656c7\" data-element_type=\"widget\" data-e-type=\"widget\" data-widget_type=\"heading.default\">\n\t\t\t\t<div class=\"elementor-widget-container\">\n\t\t\t\t\t<h2 class=\"elementor-heading-title elementor-size-default\">Risikomanagement<\/h2>\t\t\t\t<\/div>\n\t\t\t\t<\/div>\n\t\t\t\t<div class=\"elementor-element elementor-element-75156c2 elementor-widget elementor-widget-text-editor\" data-id=\"75156c2\" data-element_type=\"widget\" data-e-type=\"widget\" data-widget_type=\"text-editor.default\">\n\t\t\t\t<div class=\"elementor-widget-container\">\n\t\t\t\t\t\t\t\t\t<p>Vor dem Hintergrund der geopolitischen Lage nimmt die volatile Entwicklung der Rahmenbedingungen im Hinblick auf Energiepreise und Versorgungssicherheit stetig zu. Hieraus ergibt sich f\u00fcr die Stadtwerke die Notwendigkeit, sich mit den Risiken und Chancen im Unternehmensumfeld weiterhin intensiv auseinanderzusetzen. Auch in 2022 wurde sichergestellt, dass bestehende Risiken erfasst, analysiert und bewertet sowie an die Entscheidungstr\u00e4ger weitergeleitet wurden. Hierzu fand ein regelm\u00e4\u00dfiger Austausch zwischen der Gesch\u00e4ftsf\u00fchrung, dem Aufsichtsrat und in Einzelgespr\u00e4chen mit dem Aufsichtsratsvorsitzenden statt. Dokumentation, Angemessenheit und Funktionsf\u00e4higkeit des Risikomanagements ist von den Abschlusspr\u00fcfern gepr\u00fcft und best\u00e4tigt worden.<\/p>\t\t\t\t\t\t\t\t<\/div>\n\t\t\t\t<\/div>\n\t\t\t\t\t<\/div>\n\t\t<\/div>\n\t\t\t\t\t<\/div>\n\t\t<\/section>\n\t\t\t\t<section class=\"elementor-section elementor-top-section elementor-element elementor-element-ba22ce2 elementor-section-boxed elementor-section-height-default elementor-section-height-default\" data-id=\"ba22ce2\" data-element_type=\"section\" data-e-type=\"section\">\n\t\t\t\t\t\t<div class=\"elementor-container elementor-column-gap-default\">\n\t\t\t\t\t<div class=\"elementor-column elementor-col-100 elementor-top-column elementor-element elementor-element-f7118af\" data-id=\"f7118af\" data-element_type=\"column\" data-e-type=\"column\">\n\t\t\t<div class=\"elementor-widget-wrap elementor-element-populated\">\n\t\t\t\t\t\t<div class=\"elementor-element elementor-element-4049e75 elementor-widget elementor-widget-heading\" data-id=\"4049e75\" data-element_type=\"widget\" data-e-type=\"widget\" data-widget_type=\"heading.default\">\n\t\t\t\t<div class=\"elementor-widget-container\">\n\t\t\t\t\t<h2 class=\"elementor-heading-title elementor-size-default\">Ausblick         <\/h2>\t\t\t\t<\/div>\n\t\t\t\t<\/div>\n\t\t\t\t<div class=\"elementor-element elementor-element-cdecbde elementor-widget elementor-widget-text-editor\" data-id=\"cdecbde\" data-element_type=\"widget\" data-e-type=\"widget\" data-widget_type=\"text-editor.default\">\n\t\t\t\t<div class=\"elementor-widget-container\">\n\t\t\t\t\t\t\t\t\t<p style=\"font-weight: 400;\">Der H\u00f6hepunkt der Inflationswelle d\u00fcrfte mittlerweile erreicht sein. Insbesondere ist von den Energiepreisen im Verlauf der kommenden Monate kein weiterer Schub mehr zu erwarten. Die Beschaffungspreise f\u00fcr Strom und Erdgas sind seit dem Sp\u00e4tsommer des vergangenen Jahres sp\u00fcrbar gesunken und seit Januar wirken die staatlichen Preisbremsen. Dies entlastet zun\u00e4chst vor allem die Unternehmen, deren Energiekosten von den Marktpreisen bestimmt werden. Im Verarbeitenden Gewerbe sind aufgrund der volatilen Entwicklung der B\u00f6rsenpreise f\u00fcr Strom und Erdgas sehr differenzierte Preisbewegungen erkennbar.<\/p><p style=\"font-weight: 400;\">Die kurzfristigen Abw\u00e4rtsrisiken f\u00fcr das Wachstum haben sich reduziert. Vor allem ist die Unsicherheit \u00fcber die Energieversorgungslage vorerst gesunken. Allerdings ist die Energiekrise noch nicht vollst\u00e4ndig \u00fcberwunden. Im Winter 2022\/23 konnte eine Gasmangellage abgewendet werden, die eine staatlich angeordnete Rationierung erforderlich gemacht h\u00e4tte. Die weggefallenen russischen Erdgaslieferungen konnten zum Teil durch h\u00f6here Erdgasimporte aus anderen europ\u00e4ischen L\u00e4ndern ersetzt werden. Au\u00dferdem wurden die Exporte in die Nachbarl\u00e4nder reduziert. Gleichzeitig konnte der Erdgasverbrauch im Jahr 2022 durch die milde Witterung und Einsparungen bei privaten Haushalten und in der Industrie gegen\u00fcber dem Durchschnittsverbrauch in den vergangenen Jahren reduziert werden. Die geopolitischen Entwicklungen und ihre Auswirkungen auf die Energiem\u00e4rkte sowie die Klimaver\u00e4nderungen zeigen, dass wir uns unabh\u00e4ngiger von Energieimporten machen m\u00fcssen. <\/p><p style=\"font-weight: 400;\">Die Herausforderungen durch den Klimawandel und die notwendige Dekarbonisierung der Energiewelt machen es auch f\u00fcr die Stadtwerke Detmold notwendig, weiter in Energiesysteme mit Zukunft zu investieren. Prim\u00e4res Ziel ist dabei die Versorgungssicherheit f\u00fcr Detmold zu gew\u00e4hrleisten und Investitionen \u00f6kologisch und \u00f6konomisch nachhaltig zu gestalten.<\/p>\t\t\t\t\t\t\t\t<\/div>\n\t\t\t\t<\/div>\n\t\t\t\t\t<\/div>\n\t\t<\/div>\n\t\t\t\t\t<\/div>\n\t\t<\/section>\n\t\t\t\t<section class=\"elementor-section elementor-top-section elementor-element elementor-element-aba1e89 elementor-section-boxed elementor-section-height-default elementor-section-height-default\" data-id=\"aba1e89\" data-element_type=\"section\" data-e-type=\"section\">\n\t\t\t\t\t\t<div class=\"elementor-container elementor-column-gap-default\">\n\t\t\t\t\t<div class=\"elementor-column elementor-col-100 elementor-top-column elementor-element elementor-element-3f3713b\" data-id=\"3f3713b\" data-element_type=\"column\" data-e-type=\"column\">\n\t\t\t<div class=\"elementor-widget-wrap elementor-element-populated\">\n\t\t\t\t\t\t<div class=\"elementor-element elementor-element-2dfbd02 elementor-widget elementor-widget-image\" data-id=\"2dfbd02\" data-element_type=\"widget\" data-e-type=\"widget\" data-widget_type=\"image.default\">\n\t\t\t\t<div class=\"elementor-widget-container\">\n\t\t\t\t\t\t\t\t\t\t\t\t\t\t\t<img decoding=\"async\" width=\"400\" height=\"89\" src=\"https:\/\/www.stwdt-3d.de\/GB_STWDT\/wp-content\/uploads\/2020\/06\/Unterschrift-Karlikowski-400x89.jpg\" class=\"attachment-medium size-medium wp-image-113\" alt=\"\" srcset=\"https:\/\/www.stwdt-3d.de\/GB_STWDT\/wp-content\/uploads\/2020\/06\/Unterschrift-Karlikowski-400x89.jpg 400w, https:\/\/www.stwdt-3d.de\/GB_STWDT\/wp-content\/uploads\/2020\/06\/Unterschrift-Karlikowski-768x170.jpg 768w, https:\/\/www.stwdt-3d.de\/GB_STWDT\/wp-content\/uploads\/2020\/06\/Unterschrift-Karlikowski.jpg 830w\" sizes=\"(max-width: 400px) 100vw, 400px\" \/>\t\t\t\t\t\t\t\t\t\t\t\t\t\t\t<\/div>\n\t\t\t\t<\/div>\n\t\t\t\t<div class=\"elementor-element elementor-element-d97cdf7 elementor-widget elementor-widget-text-editor\" data-id=\"d97cdf7\" data-element_type=\"widget\" data-e-type=\"widget\" data-widget_type=\"text-editor.default\">\n\t\t\t\t<div class=\"elementor-widget-container\">\n\t\t\t\t\t\t\t\t\t<p>J\u00f6rg Karlikowski, Gesch\u00e4ftsf\u00fchrer<\/p>\t\t\t\t\t\t\t\t<\/div>\n\t\t\t\t<\/div>\n\t\t\t\t\t<\/div>\n\t\t<\/div>\n\t\t\t\t\t<\/div>\n\t\t<\/section>\n\t\t\t\t<section class=\"elementor-section elementor-top-section elementor-element elementor-element-6427ed2 elementor-section-height-min-height elementor-section-boxed elementor-section-height-default elementor-section-items-middle\" data-id=\"6427ed2\" data-element_type=\"section\" data-e-type=\"section\" data-settings=\"{&quot;background_background&quot;:&quot;classic&quot;}\">\n\t\t\t\t\t\t<div class=\"elementor-container elementor-column-gap-default\">\n\t\t\t\t\t<div class=\"elementor-column elementor-col-100 elementor-top-column elementor-element elementor-element-150d6f6\" data-id=\"150d6f6\" data-element_type=\"column\" data-e-type=\"column\">\n\t\t\t<div class=\"elementor-widget-wrap\">\n\t\t\t\t\t\t\t<\/div>\n\t\t<\/div>\n\t\t\t\t\t<\/div>\n\t\t<\/section>\n\t\t\t\t<\/div>\n\t\t","protected":false},"excerpt":{"rendered":"<p>Bericht der Gesch\u00e4ftsf\u00fchrung Volkswirtschaftliche Rahmenbedingungen Die Deutsche Wirtschaft hat sich im Jahr 2022 gut behauptet. Trotz Energiekrise und verz\u00f6gerten Lieferketten ist das Bruttoinlandsprodukt im Jahr 2022 um 1,9 Prozent gestiegen. Wichtigste St\u00fctze des unerwarteten Wirtschaftswachstums war der private Konsum. Entlastungsma\u00dfnahmen der Bundesregierung und der robuste Arbeitsmarkt haben diesen Trend positiv beeinflusst. Damit konnte die deutsche [&hellip;]<\/p>\n","protected":false},"author":1,"featured_media":2326,"parent":2359,"menu_order":0,"comment_status":"closed","ping_status":"closed","template":"","meta":{"_acf_changed":false,"footnotes":""},"cd-version":[],"class_list":["post-2390","page","type-page","status-publish","has-post-thumbnail","hentry"],"acf":[],"_links":{"self":[{"href":"https:\/\/www.stwdt-3d.de\/GB_STWDT\/wp-json\/wp\/v2\/pages\/2390","targetHints":{"allow":["GET"]}}],"collection":[{"href":"https:\/\/www.stwdt-3d.de\/GB_STWDT\/wp-json\/wp\/v2\/pages"}],"about":[{"href":"https:\/\/www.stwdt-3d.de\/GB_STWDT\/wp-json\/wp\/v2\/types\/page"}],"author":[{"embeddable":true,"href":"https:\/\/www.stwdt-3d.de\/GB_STWDT\/wp-json\/wp\/v2\/users\/1"}],"replies":[{"embeddable":true,"href":"https:\/\/www.stwdt-3d.de\/GB_STWDT\/wp-json\/wp\/v2\/comments?post=2390"}],"version-history":[{"count":28,"href":"https:\/\/www.stwdt-3d.de\/GB_STWDT\/wp-json\/wp\/v2\/pages\/2390\/revisions"}],"predecessor-version":[{"id":2862,"href":"https:\/\/www.stwdt-3d.de\/GB_STWDT\/wp-json\/wp\/v2\/pages\/2390\/revisions\/2862"}],"up":[{"embeddable":true,"href":"https:\/\/www.stwdt-3d.de\/GB_STWDT\/wp-json\/wp\/v2\/pages\/2359"}],"wp:featuredmedia":[{"embeddable":true,"href":"https:\/\/www.stwdt-3d.de\/GB_STWDT\/wp-json\/wp\/v2\/media\/2326"}],"wp:attachment":[{"href":"https:\/\/www.stwdt-3d.de\/GB_STWDT\/wp-json\/wp\/v2\/media?parent=2390"}],"wp:term":[{"taxonomy":"cd-version","embeddable":true,"href":"https:\/\/www.stwdt-3d.de\/GB_STWDT\/wp-json\/wp\/v2\/cd-version?post=2390"}],"curies":[{"name":"wp","href":"https:\/\/api.w.org\/{rel}","templated":true}]}}