{"id":2871,"date":"2024-06-10T13:48:30","date_gmt":"2024-06-10T11:48:30","guid":{"rendered":"https:\/\/beta.k-konzept.de\/gb2019\/?page_id=2871"},"modified":"2024-08-05T16:48:52","modified_gmt":"2024-08-05T14:48:52","slug":"bericht-der-geschaeftsfuehrung-2023","status":"publish","type":"page","link":"https:\/\/www.stwdt-3d.de\/GB_STWDT\/geschaeftsbericht-2023\/bericht-der-geschaeftsfuehrung-2023\/","title":{"rendered":"Bericht der Gesch\u00e4ftsf\u00fchrung 2023"},"content":{"rendered":"\t\t<div data-elementor-type=\"wp-page\" data-elementor-id=\"2871\" class=\"elementor elementor-2871\" data-elementor-post-type=\"page\">\n\t\t\t\t<div class=\"elementor-element elementor-element-e036d2d e-flex e-con-boxed e-con e-parent\" data-id=\"e036d2d\" data-element_type=\"container\" data-e-type=\"container\" data-settings=\"{&quot;background_background&quot;:&quot;classic&quot;}\">\n\t\t\t\t\t<div class=\"e-con-inner\">\n\t\t<div class=\"elementor-element elementor-element-d4f1ded e-con-full e-flex e-con e-child\" data-id=\"d4f1ded\" data-element_type=\"container\" data-e-type=\"container\">\n\t\t\t\t<div class=\"elementor-element elementor-element-a011f32 elementor-widget elementor-widget-heading\" data-id=\"a011f32\" data-element_type=\"widget\" data-e-type=\"widget\" data-widget_type=\"heading.default\">\n\t\t\t\t<div class=\"elementor-widget-container\">\n\t\t\t\t\t<h1 class=\"elementor-heading-title elementor-size-default\">Bericht der <br>Gesch\u00e4ftsf\u00fchrung<\/h1>\t\t\t\t<\/div>\n\t\t\t\t<\/div>\n\t\t\t\t<\/div>\n\t\t\t\t\t<\/div>\n\t\t\t\t<\/div>\n\t\t\t\t<section class=\"elementor-section elementor-top-section elementor-element elementor-element-b43d1c3 elementor-section-boxed elementor-section-height-default elementor-section-height-default\" data-id=\"b43d1c3\" data-element_type=\"section\" data-e-type=\"section\">\n\t\t\t\t\t\t<div class=\"elementor-container elementor-column-gap-default\">\n\t\t\t\t\t<div class=\"elementor-column elementor-col-100 elementor-top-column elementor-element elementor-element-195cb0f\" data-id=\"195cb0f\" data-element_type=\"column\" data-e-type=\"column\">\n\t\t\t<div class=\"elementor-widget-wrap elementor-element-populated\">\n\t\t\t\t\t\t<div class=\"elementor-element elementor-element-dbc2b58 elementor-widget elementor-widget-heading\" data-id=\"dbc2b58\" data-element_type=\"widget\" data-e-type=\"widget\" data-widget_type=\"heading.default\">\n\t\t\t\t<div class=\"elementor-widget-container\">\n\t\t\t\t\t<h2 class=\"elementor-heading-title elementor-size-default\">Gesamtwirtschaftliche Rahmenbedingungen \u2013  r\u00fcckl\u00e4ufige Konjunktur<\/h2>\t\t\t\t<\/div>\n\t\t\t\t<\/div>\n\t\t\t\t<div class=\"elementor-element elementor-element-979dc78 elementor-widget elementor-widget-text-editor\" data-id=\"979dc78\" data-element_type=\"widget\" data-e-type=\"widget\" data-widget_type=\"text-editor.default\">\n\t\t\t\t<div class=\"elementor-widget-container\">\n\t\t\t\t\t\t\t\t\t<p style=\"font-weight: 400;\">Berechnungen des statistischen Bundesamts zufolge hat die Wirtschaftsleistung in Deutschland im Jahr 2023 um 0,3\u00a0Prozent abgenommen, nachdem im Jahr 2022 noch ein Wachstum von 2,0 Prozent verzeichnet wurde.<\/p><p style=\"font-weight: 400;\">Hauptgrund f\u00fcr die schwache wirtschaftliche Entwicklung ist, dass sich nach dem Krisenjahr 2022 die Industrie und der private Konsum langsamer erholen als zu Beginn des Jahres erwartet wurde. Die Wirtschaftsleistung hat inzwischen zwar wieder das Niveau der Vor-Corona-Zeit erreicht, der starke Anstieg der Energiepreise 2022 hat die Erholung aber erheblich gebremst und vor allem in den energieintensiven Industrien zu deutlichen Produktionsr\u00fcckg\u00e4ngen gef\u00fchrt. Zudem wurde den privaten Haushalten aufgrund der starken Verbraucherpreisinflation massiv Kaufkraft entzogen. Positive Anzeichen resultierten aus den Tarifabschl\u00fcssen, die die Kaufkraft der Haushalte erh\u00f6ht und damit den privaten Konsum wieder stabilisiert haben.<\/p><p>Die weiterhin hohe Inflation hat sich zuletzt merklich verringert. Eine ma\u00dfgebliche Rolle hat hierbei die Dezember-Soforthilfe des Bundes gespielt. Sie dr\u00fcckte die Inflationsrate sp\u00fcrbar nach unten. Der Bund hat im Dezember die Monatsabschl\u00e4ge f\u00fcr Gas und W\u00e4rme \u00fcbernommen. So verringerten sich die Belastungen der Kunden f\u00fcr Energie gegen\u00fcber dem Vormonat kr\u00e4ftig. Durch die seit Januar wirksam gewordenen Gas- und Strompreisbremsen sind die H\u00f6chstst\u00e4nde aus dem letzten Jahr mit Inflationsraten von \u00fcber 10 Prozent \u00fcberwunden.<\/p><p>Mit dem Krieg in der Ukraine und den hierdurch ausgel\u00f6sten Folgen an den Energiem\u00e4rkten hat die energiepolitische Agenda der Bundesregierung nicht an Bedeutung verloren, welche die folgenden Themen beinhaltet: die Versorgungssicherheit gew\u00e4hrleisten, der Energiewende neuen Schwung verleihen, den Ausbau erneuerbarer Energien beschleunigen, die klimaneutrale W\u00e4rmeversorgung ausbauen und die Anstrengungen zur Reduktion von CO<sub>2<\/sub>-Emissionen intensivieren. S\u00e4mtliche Ma\u00dfnahmen sind dabei auf den 1,5-Grad-Pfad der internationalen Klimaschutzvereinbarungen ausgerichtet.<\/p>\t\t\t\t\t\t\t\t<\/div>\n\t\t\t\t<\/div>\n\t\t\t\t\t<\/div>\n\t\t<\/div>\n\t\t\t\t\t<\/div>\n\t\t<\/section>\n\t\t\t\t<section class=\"elementor-section elementor-top-section elementor-element elementor-element-f18c0dc elementor-section-boxed elementor-section-height-default elementor-section-height-default\" data-id=\"f18c0dc\" data-element_type=\"section\" data-e-type=\"section\">\n\t\t\t\t\t\t<div class=\"elementor-container elementor-column-gap-default\">\n\t\t\t\t\t<div class=\"elementor-column elementor-col-100 elementor-top-column elementor-element elementor-element-cc7d427\" data-id=\"cc7d427\" data-element_type=\"column\" data-e-type=\"column\">\n\t\t\t<div class=\"elementor-widget-wrap elementor-element-populated\">\n\t\t\t\t\t\t<div class=\"elementor-element elementor-element-f84b21e elementor-widget elementor-widget-heading\" data-id=\"f84b21e\" data-element_type=\"widget\" data-e-type=\"widget\" data-widget_type=\"heading.default\">\n\t\t\t\t<div class=\"elementor-widget-container\">\n\t\t\t\t\t<h2 class=\"elementor-heading-title elementor-size-default\">Das Energiejahr 2023<\/h2>\t\t\t\t<\/div>\n\t\t\t\t<\/div>\n\t\t\t\t<div class=\"elementor-element elementor-element-1f0dcb3 elementor-widget elementor-widget-text-editor\" data-id=\"1f0dcb3\" data-element_type=\"widget\" data-e-type=\"widget\" data-widget_type=\"text-editor.default\">\n\t\t\t\t<div class=\"elementor-widget-container\">\n\t\t\t\t\t\t\t\t\t<p>Im ersten Jahr nach der Energiekrise hat sich die deutsche Energiewirtschaft erfolgreich stabilisiert und zeigte sich sehr robust. Zus\u00e4tzliche Gaslieferungen aus Westeuropa und zuverl\u00e4ssige LNG-Importe sorgten f\u00fcr eine gesicherte Gasversorgung. Seit Beginn 2023 sanken die Energiepreise wieder, liegen aber immer noch deutlich \u00fcber dem Vorkrisenniveau. 2023 stammte erstmals mehr als die H\u00e4lfte des Stroms aus erneuerbaren Energien. Sowohl die Stromerzeugung als auch der Stromverbrauch waren r\u00fcckl\u00e4ufig. Die CO<sub>2<\/sub>-Emissionen der Energiewirtschaft sind im Vergleich zum Vorjahr um 18 Prozent gesunken.<\/p><h3>Energieverbrauch erneut r\u00fcckl\u00e4ufig \u2013 erneuerbare Energien im Plus \u2013 Erdgasversorgung gesichert<\/h3><p>Den gr\u00f6\u00dften Einfluss auf den R\u00fcckgang des Energieverbrauchs hatte neben dem Energiesparverhalten der Haushalte, die zur\u00fcckgehende wirtschaftliche Leistung in Deutschland. Vor allem die energieintensiven Industriezweige verzeichneten Produktionsr\u00fcckg\u00e4nge, was sp\u00fcrbare Auswirkungen auf den Energieverbrauch hatte. Die milde Witterung, \u00e4hnlich mild wie im Vorjahr, hatte ebenfalls einen Einfluss auf den r\u00fcckl\u00e4ufigen Energieverbrauch.<\/p><p>Um die hohen Energiepreise als Folge des russischen Angriffskriegs auf die Ukraine abzufedern, hatte die Politik Entlastungspakete f\u00fcr Energie verabschiedet. Dazu z\u00e4hlten die Strom- und Gaspreisbremsen f\u00fcr alle B\u00fcrgerinnen, B\u00fcrger und Unternehmen. Diese im Herbst 2022 eingef\u00fchrten Energiepreisbremsen sind zum 31. Dezember 2023 ausgelaufen. Als zus\u00e4tzliche Entlastung f\u00fcr W\u00e4rmekunden hatte die Bundesregierung dar\u00fcber hinaus eine Senkung der Mehrwertsteuer auf Erdgaslieferungen und Fernw\u00e4rme beschlossen. Von Oktober 2022 an wurde der Mehrwertsteuersatz auf sieben Prozent gesenkt. Die Ma\u00dfnahme wurde bis zum 31. M\u00e4rz 2024 befristet.<\/p>\t\t\t\t\t\t\t\t<\/div>\n\t\t\t\t<\/div>\n\t\t\t\t\t<\/div>\n\t\t<\/div>\n\t\t\t\t\t<\/div>\n\t\t<\/section>\n\t\t\t\t<section class=\"elementor-section elementor-top-section elementor-element elementor-element-d5466e3 elementor-section-full_width elementor-section-height-default elementor-section-height-default\" data-id=\"d5466e3\" data-element_type=\"section\" data-e-type=\"section\">\n\t\t\t\t\t\t<div class=\"elementor-container elementor-column-gap-default\">\n\t\t\t\t\t<div class=\"elementor-column elementor-col-100 elementor-top-column elementor-element elementor-element-71ce769\" data-id=\"71ce769\" data-element_type=\"column\" data-e-type=\"column\">\n\t\t\t<div class=\"elementor-widget-wrap elementor-element-populated\">\n\t\t\t\t\t\t<div class=\"elementor-element elementor-element-740c8da elementor-widget elementor-widget-gallery\" data-id=\"740c8da\" data-element_type=\"widget\" data-e-type=\"widget\" data-settings=\"{&quot;columns&quot;:2,&quot;lazyload&quot;:&quot;yes&quot;,&quot;gallery_layout&quot;:&quot;grid&quot;,&quot;columns_tablet&quot;:2,&quot;columns_mobile&quot;:1,&quot;gap&quot;:{&quot;unit&quot;:&quot;px&quot;,&quot;size&quot;:10,&quot;sizes&quot;:[]},&quot;gap_tablet&quot;:{&quot;unit&quot;:&quot;px&quot;,&quot;size&quot;:10,&quot;sizes&quot;:[]},&quot;gap_mobile&quot;:{&quot;unit&quot;:&quot;px&quot;,&quot;size&quot;:10,&quot;sizes&quot;:[]},&quot;link_to&quot;:&quot;file&quot;,&quot;aspect_ratio&quot;:&quot;3:2&quot;,&quot;overlay_background&quot;:&quot;yes&quot;,&quot;content_hover_animation&quot;:&quot;fade-in&quot;}\" data-widget_type=\"gallery.default\">\n\t\t\t\t<div class=\"elementor-widget-container\">\n\t\t\t\t\t\t\t<div class=\"elementor-gallery__container\">\n\t\t\t\t\t\t\t<a class=\"e-gallery-item elementor-gallery-item elementor-animated-content\" href=\"https:\/\/www.stwdt-3d.de\/GB_STWDT\/wp-content\/uploads\/2024\/06\/Neubau-mdm24-0140-\u00a9-mdm.photo_.webp\" data-elementor-open-lightbox=\"yes\" data-elementor-lightbox-slideshow=\"740c8da\" data-elementor-lightbox-title=\"Unser Neubau \u00a9 mdm.photo\" data-e-action-hash=\"#elementor-action%3Aaction%3Dlightbox%26settings%3DeyJpZCI6MzA1MiwidXJsIjoiaHR0cHM6XC9cL3d3dy5zdHdkdC0zZC5kZVwvR0JfU1RXRFRcL3dwLWNvbnRlbnRcL3VwbG9hZHNcLzIwMjRcLzA2XC9OZXViYXUtbWRtMjQtMDE0MC1cdTAwYTktbWRtLnBob3RvXy53ZWJwIiwic2xpZGVzaG93IjoiNzQwYzhkYSJ9\">\n\t\t\t\t\t<div class=\"e-gallery-image elementor-gallery-item__image\" data-thumbnail=\"https:\/\/www.stwdt-3d.de\/GB_STWDT\/wp-content\/uploads\/2024\/06\/Neubau-mdm24-0140-\u00a9-mdm.photo_-1200x800.webp\" data-width=\"800\" data-height=\"533\" aria-label=\"\" role=\"img\" ><\/div>\n\t\t\t\t\t\t\t\t\t\t\t<div class=\"elementor-gallery-item__overlay\"><\/div>\n\t\t\t\t\t\t\t\t\t\t\t\t\t\t<\/a>\n\t\t\t\t\t\t\t<a class=\"e-gallery-item elementor-gallery-item elementor-animated-content\" href=\"https:\/\/www.stwdt-3d.de\/GB_STWDT\/wp-content\/uploads\/2024\/06\/Kran-Hochbehaelter-Heidental-mdm23-4429.webp\" data-elementor-open-lightbox=\"yes\" data-elementor-lightbox-slideshow=\"740c8da\" data-elementor-lightbox-title=\"Kran Hochbeh\u00e4lter Heidental \u00a9 mdm.photo\" data-e-action-hash=\"#elementor-action%3Aaction%3Dlightbox%26settings%3DeyJpZCI6MzA3MywidXJsIjoiaHR0cHM6XC9cL3d3dy5zdHdkdC0zZC5kZVwvR0JfU1RXRFRcL3dwLWNvbnRlbnRcL3VwbG9hZHNcLzIwMjRcLzA2XC9LcmFuLUhvY2hiZWhhZWx0ZXItSGVpZGVudGFsLW1kbTIzLTQ0Mjkud2VicCIsInNsaWRlc2hvdyI6Ijc0MGM4ZGEifQ%3D%3D\">\n\t\t\t\t\t<div class=\"e-gallery-image elementor-gallery-item__image\" data-thumbnail=\"https:\/\/www.stwdt-3d.de\/GB_STWDT\/wp-content\/uploads\/2024\/06\/Kran-Hochbehaelter-Heidental-mdm23-4429-1200x800.webp\" data-width=\"800\" data-height=\"533\" aria-label=\"\" role=\"img\" ><\/div>\n\t\t\t\t\t\t\t\t\t\t\t<div class=\"elementor-gallery-item__overlay\"><\/div>\n\t\t\t\t\t\t\t\t\t\t\t\t\t\t<\/a>\n\t\t\t\t\t<\/div>\n\t\t\t\t\t<\/div>\n\t\t\t\t<\/div>\n\t\t\t\t\t<\/div>\n\t\t<\/div>\n\t\t\t\t\t<\/div>\n\t\t<\/section>\n\t\t\t\t<section class=\"elementor-section elementor-top-section elementor-element elementor-element-06f2d35 elementor-section-boxed elementor-section-height-default elementor-section-height-default\" data-id=\"06f2d35\" data-element_type=\"section\" data-e-type=\"section\">\n\t\t\t\t\t\t<div class=\"elementor-container elementor-column-gap-default\">\n\t\t\t\t\t<div class=\"elementor-column elementor-col-100 elementor-top-column elementor-element elementor-element-290a470\" data-id=\"290a470\" data-element_type=\"column\" data-e-type=\"column\">\n\t\t\t<div class=\"elementor-widget-wrap elementor-element-populated\">\n\t\t\t\t\t\t<div class=\"elementor-element elementor-element-d0ce2a1 elementor-widget elementor-widget-heading\" data-id=\"d0ce2a1\" data-element_type=\"widget\" data-e-type=\"widget\" data-widget_type=\"heading.default\">\n\t\t\t\t<div class=\"elementor-widget-container\">\n\t\t\t\t\t<h2 class=\"elementor-heading-title elementor-size-default\">Gesch\u00e4ftsentwicklung<\/h2>\t\t\t\t<\/div>\n\t\t\t\t<\/div>\n\t\t\t\t<div class=\"elementor-element elementor-element-9a523a4 elementor-widget elementor-widget-text-editor\" data-id=\"9a523a4\" data-element_type=\"widget\" data-e-type=\"widget\" data-widget_type=\"text-editor.default\">\n\t\t\t\t<div class=\"elementor-widget-container\">\n\t\t\t\t\t\t\t\t\t<p>Im Gesch\u00e4ftsjahr 2023 konnten wir uns trotz Energiekrise und eines hart wettbewerbsorientierten Energiemarkts erneut erfolgreich positionieren. Deutlich \u00fcber Plan liegende Ergebnisse bei der Strom- und Gasversorgung sowie einem leicht \u00fcber Plan liegenden Ergebnis im Freizeitbad stehen geringere Ergebnisse in der W\u00e4rme- und Wassersparte gegen\u00fcber.<\/p><p>Im Rahmen der Vorsorge durch R\u00fcckstellungen im Jahr 2022 konnten Beschaffungsrisiken 2023 abgemildert werden, was neben anderen Effekten wie h\u00f6heren Beteiligungsertr\u00e4gen zu einem erfreulich guten Jahresergebnis f\u00fchrte. Die Besucherzahlen in der Sauna \u00fcbertrafen unsere Erwartungen, was sicher in ihrer kontinuierlichen Attraktivit\u00e4tssteigerung begr\u00fcndet liegt. Auch im Bad setzt sich der positive Trend steigender Besucherzahlen fort.<\/p><p>Ziel der Detmolder Trinkwasserversorgung ist es, das Lebensmittel Nr. 1 dauerhaft zu sichern. Zum gr\u00f6\u00dften Bauprojekt 2023 z\u00e4hlt der Ersatzneubau des Trinkwasserhochbeh\u00e4lters \u201eGrotenburg\u201c. Mit der anschlie\u00dfend erfolgten Sanierung der zweiten Kammer des Hochbeh\u00e4lters Kupferberg wurden die umfassenden Erneuerungsarbeiten des gr\u00f6\u00dften Detmolder Trinkwasserhochbeh\u00e4lters 2023 abgeschlossen.<\/p><p>Mit einer Investition von rund 4,3 Mio. Euro sicherten die Stadtwerke im Berichtsjahr eine zukunftsweisende Stromversorgung in Detmold. Einen wichtigen Beitrag leistet hierzu das neu errichtete Umspannwerk Spork, das 2023 in Betrieb genommen wurde. Mit hochmodernen Betriebsmitteln haben wir den Knotenpunkt der Energieversorgung leistungsf\u00e4higer und auf den aktuellen Stand der Technik gebracht. Um auch zuk\u00fcnftig die Stromversorgung zuverl\u00e4ssig gew\u00e4hrleisten zu k\u00f6nnen, ersetzen die Stadtwerke dar\u00fcber hinaus demn\u00e4chst die Technik im Umspannwerk Pivitsheide. Eine moderne, automatisierte Infrastruktur sichert hier zuk\u00fcnftig leistungsstark und wirtschaftlich die Stromversorgung.<\/p><p>Weitere Investitionen wurden in die Sanierung und Neuverlegung von Stromversorgungsleitungen und den Aufbau von Umspannstationen get\u00e4tigt. Dies geschieht nicht zuletzt im Hinblick auf die weiterhin steigenden Zahlen regenerativer Energieeinspeisungen, von Elektrofahrzeugen und elektrischen W\u00e4rmepumpen.<\/p><p>Stromerzeugung aus erneuerbarer Energie ist aktiver Klimaschutz. Dies gilt auch f\u00fcr das \u201eDetmolder Solardach\u201c. Mit dem Pachtmodell der Stadtwerke k\u00f6nnen Detmolder ohne eigene Investition regenerativ Strom auf ihrem Dach erzeugen und damit zur Reduzierung der Treibhausgase beitragen.<\/p><h3>Erdgas \u2013 den Stand der Technik halten<\/h3><p>Im Jahr 2023 beliefen sich die Investitionen auf rund 0,5 Mio. Euro. Ziel ist es weiterhin, die Anlagen und Netze der Erdgasversorgung auf dem vorgeschriebenen Stand der Technik zu halten und damit die Bestandsanlagen zu sichern. Dies ist insbesondere auch deshalb sinnvoll, um die vorhandene Gas-Infrastruktur ggf. f\u00fcr einen m\u00f6glichen Transport von Wasserstoff zuk\u00fcnftig nutzen zu k\u00f6nnen.<\/p><h3>Ausbau der Fernw\u00e4rme \u2013 Schl\u00fcsselposition f\u00fcr die Energiewende<\/h3><p>Rund 65 Mio. Euro haben die Stadtwerke in den vergangenen zw\u00f6lf Jahren in den Ausbau der Detmolder Fernw\u00e4rmeinfrastruktur investiert. Gemeinsam wollen Stadt und Stadtwerke die Versorgung mit klimaschonender Fernw\u00e4rme weiter vorantreiben. Vorgesehen ist dazu, die fl\u00e4chendeckende Erschlie\u00dfung weitr\u00e4umiger Versorgungsbereiche sowie die Erweiterung zentraler W\u00e4rmeversorgungsanlagen in den kommenden Jahren umzusetzen. Die f\u00fcr einen Fernw\u00e4rmeausbau vorgesehenen Stadtbereiche finden interessierte Detmolder im Internet unter <a href=\"https:\/\/www.stadtwerke-detmold.de\">www.stadtwerke-detmold.de<\/a>. Zu den gr\u00f6\u00dften Bauma\u00dfnahmen z\u00e4hlten mit rund 800 TEuro neben Hausanschl\u00fcssen u. a. eine Verbindungsleitung vom Johannettental bis zur \u201eLippischen Landesbrand Versicherung\u201c sowie ein Ringschluss von Pinneichen bis zur Kreuzstra\u00dfe.<\/p><p>An dieser Stelle danke ich allen Mitarbeiterinnen und Mitarbeitern f\u00fcr ihr Engagement im abgelaufenen Gesch\u00e4ftsjahr. Dank unserer Mitarbeiterinnen und Mitarbeiter konnten sich die Stadtwerke Detmold GmbH im zweiten Krisenjahr trotz anhaltend turbulenter Energiem\u00e4rkte bew\u00e4hren und dieses besondere Jahr 2023 mit einem sehr guten Gesch\u00e4ftsergebnis abschlie\u00dfen.<\/p>\t\t\t\t\t\t\t\t<\/div>\n\t\t\t\t<\/div>\n\t\t\t\t\t<\/div>\n\t\t<\/div>\n\t\t\t\t\t<\/div>\n\t\t<\/section>\n\t\t\t\t<section class=\"elementor-section elementor-top-section elementor-element elementor-element-648a644 elementor-section-full_width elementor-section-height-default elementor-section-height-default\" data-id=\"648a644\" data-element_type=\"section\" data-e-type=\"section\">\n\t\t\t\t\t\t<div class=\"elementor-container elementor-column-gap-default\">\n\t\t\t\t\t<div class=\"elementor-column elementor-col-100 elementor-top-column elementor-element elementor-element-72a6dbb\" data-id=\"72a6dbb\" data-element_type=\"column\" data-e-type=\"column\">\n\t\t\t<div class=\"elementor-widget-wrap elementor-element-populated\">\n\t\t\t\t\t\t<div class=\"elementor-element elementor-element-ede93de elementor-widget elementor-widget-gallery\" data-id=\"ede93de\" data-element_type=\"widget\" data-e-type=\"widget\" data-settings=\"{&quot;columns&quot;:2,&quot;lazyload&quot;:&quot;yes&quot;,&quot;gallery_layout&quot;:&quot;grid&quot;,&quot;columns_tablet&quot;:2,&quot;columns_mobile&quot;:1,&quot;gap&quot;:{&quot;unit&quot;:&quot;px&quot;,&quot;size&quot;:10,&quot;sizes&quot;:[]},&quot;gap_tablet&quot;:{&quot;unit&quot;:&quot;px&quot;,&quot;size&quot;:10,&quot;sizes&quot;:[]},&quot;gap_mobile&quot;:{&quot;unit&quot;:&quot;px&quot;,&quot;size&quot;:10,&quot;sizes&quot;:[]},&quot;link_to&quot;:&quot;file&quot;,&quot;aspect_ratio&quot;:&quot;3:2&quot;,&quot;overlay_background&quot;:&quot;yes&quot;,&quot;content_hover_animation&quot;:&quot;fade-in&quot;}\" data-widget_type=\"gallery.default\">\n\t\t\t\t<div class=\"elementor-widget-container\">\n\t\t\t\t\t\t\t<div class=\"elementor-gallery__container\">\n\t\t\t\t\t\t\t<a class=\"e-gallery-item elementor-gallery-item elementor-animated-content\" href=\"https:\/\/www.stwdt-3d.de\/GB_STWDT\/wp-content\/uploads\/2024\/06\/Windkraftanlage-mdm23-0813.webp\" data-elementor-open-lightbox=\"yes\" data-elementor-lightbox-slideshow=\"ede93de\" data-elementor-lightbox-title=\"Windkraftanlage \u00a9 mdm.photo\" data-e-action-hash=\"#elementor-action%3Aaction%3Dlightbox%26settings%3DeyJpZCI6MzA2MCwidXJsIjoiaHR0cHM6XC9cL3d3dy5zdHdkdC0zZC5kZVwvR0JfU1RXRFRcL3dwLWNvbnRlbnRcL3VwbG9hZHNcLzIwMjRcLzA2XC9XaW5ka3JhZnRhbmxhZ2UtbWRtMjMtMDgxMy53ZWJwIiwic2xpZGVzaG93IjoiZWRlOTNkZSJ9\">\n\t\t\t\t\t<div class=\"e-gallery-image elementor-gallery-item__image\" data-thumbnail=\"https:\/\/www.stwdt-3d.de\/GB_STWDT\/wp-content\/uploads\/2024\/06\/Windkraftanlage-mdm23-0813-1200x800.webp\" data-width=\"800\" data-height=\"533\" aria-label=\"\" role=\"img\" ><\/div>\n\t\t\t\t\t\t\t\t\t\t\t<div class=\"elementor-gallery-item__overlay\"><\/div>\n\t\t\t\t\t\t\t\t\t\t\t\t\t\t<\/a>\n\t\t\t\t\t\t\t<a class=\"e-gallery-item elementor-gallery-item elementor-animated-content\" href=\"https:\/\/www.stwdt-3d.de\/GB_STWDT\/wp-content\/uploads\/2024\/07\/Sportverband-mdm23-8741.webp\" data-elementor-open-lightbox=\"yes\" data-elementor-lightbox-slideshow=\"ede93de\" data-elementor-lightbox-title=\"Sportverband \u00a9 mdm.photo\" data-e-action-hash=\"#elementor-action%3Aaction%3Dlightbox%26settings%3DeyJpZCI6MzMyMCwidXJsIjoiaHR0cHM6XC9cL3d3dy5zdHdkdC0zZC5kZVwvR0JfU1RXRFRcL3dwLWNvbnRlbnRcL3VwbG9hZHNcLzIwMjRcLzA3XC9TcG9ydHZlcmJhbmQtbWRtMjMtODc0MS53ZWJwIiwic2xpZGVzaG93IjoiZWRlOTNkZSJ9\">\n\t\t\t\t\t<div class=\"e-gallery-image elementor-gallery-item__image\" data-thumbnail=\"https:\/\/www.stwdt-3d.de\/GB_STWDT\/wp-content\/uploads\/2024\/07\/Sportverband-mdm23-8741-1200x800.webp\" data-width=\"800\" data-height=\"533\" aria-label=\"\" role=\"img\" ><\/div>\n\t\t\t\t\t\t\t\t\t\t\t<div class=\"elementor-gallery-item__overlay\"><\/div>\n\t\t\t\t\t\t\t\t\t\t\t\t\t\t<\/a>\n\t\t\t\t\t<\/div>\n\t\t\t\t\t<\/div>\n\t\t\t\t<\/div>\n\t\t\t\t\t<\/div>\n\t\t<\/div>\n\t\t\t\t\t<\/div>\n\t\t<\/section>\n\t\t\t\t<section class=\"elementor-section elementor-top-section elementor-element elementor-element-b5edd83 elementor-section-boxed elementor-section-height-default elementor-section-height-default\" data-id=\"b5edd83\" data-element_type=\"section\" data-e-type=\"section\">\n\t\t\t\t\t\t<div class=\"elementor-container elementor-column-gap-default\">\n\t\t\t\t\t<div class=\"elementor-column elementor-col-100 elementor-top-column elementor-element elementor-element-7d710f5\" data-id=\"7d710f5\" data-element_type=\"column\" data-e-type=\"column\">\n\t\t\t<div class=\"elementor-widget-wrap elementor-element-populated\">\n\t\t\t\t\t\t<div class=\"elementor-element elementor-element-9b656c7 elementor-widget elementor-widget-heading\" data-id=\"9b656c7\" data-element_type=\"widget\" data-e-type=\"widget\" data-widget_type=\"heading.default\">\n\t\t\t\t<div class=\"elementor-widget-container\">\n\t\t\t\t\t<h2 class=\"elementor-heading-title elementor-size-default\">Risikomanagement: Chancen und Risiken im Blick<\/h2>\t\t\t\t<\/div>\n\t\t\t\t<\/div>\n\t\t\t\t<div class=\"elementor-element elementor-element-75156c2 elementor-widget elementor-widget-text-editor\" data-id=\"75156c2\" data-element_type=\"widget\" data-e-type=\"widget\" data-widget_type=\"text-editor.default\">\n\t\t\t\t<div class=\"elementor-widget-container\">\n\t\t\t\t\t\t\t\t\t<p>Die Anforderungen, die die Stadtwerke Detmold gem\u00e4\u00df \u00a7 91 Abs. 2 AktG zur Einrichtung eines Risikomanagements verpflichten, werden mit dem Risikomanagementsystem \u201eReady4Risk\u201c umgesetzt. Auch 2023 wurde sichergestellt, dass bestehende Risiken erfasst, analysiert und bewertet sowie an die Entscheidungstr\u00e4ger weitergeleitet werden. Vor dem Hintergrund der weltweiten Krisen nimmt die Notwendigkeit zu, sich mit den Chancen und Risiken weiterhin intensiv auseinanderzusetzen. Hierzu findet ein regelm\u00e4\u00dfiger Austausch zwischen der Gesch\u00e4ftsf\u00fchrung und dem Aufsichtsrat bzw. dessen Vorsitzenden statt. Durch die Abschlusspr\u00fcfer werden die Funktionsf\u00e4higkeit und kontinuierliche Umsetzung der Anforderungen zur Risikofr\u00fcherkennung gepr\u00fcft und best\u00e4tigt.<\/p>\t\t\t\t\t\t\t\t<\/div>\n\t\t\t\t<\/div>\n\t\t\t\t\t<\/div>\n\t\t<\/div>\n\t\t\t\t\t<\/div>\n\t\t<\/section>\n\t\t\t\t<section class=\"elementor-section elementor-top-section elementor-element elementor-element-ba22ce2 elementor-section-boxed elementor-section-height-default elementor-section-height-default\" data-id=\"ba22ce2\" data-element_type=\"section\" data-e-type=\"section\">\n\t\t\t\t\t\t<div class=\"elementor-container elementor-column-gap-default\">\n\t\t\t\t\t<div class=\"elementor-column elementor-col-100 elementor-top-column elementor-element elementor-element-f7118af\" data-id=\"f7118af\" data-element_type=\"column\" data-e-type=\"column\">\n\t\t\t<div class=\"elementor-widget-wrap elementor-element-populated\">\n\t\t\t\t\t\t<div class=\"elementor-element elementor-element-4049e75 elementor-widget elementor-widget-heading\" data-id=\"4049e75\" data-element_type=\"widget\" data-e-type=\"widget\" data-widget_type=\"heading.default\">\n\t\t\t\t<div class=\"elementor-widget-container\">\n\t\t\t\t\t<h2 class=\"elementor-heading-title elementor-size-default\">Ausblick: \u201eWirtschaftsweisen\u201c senken Konjunkturprognose          <\/h2>\t\t\t\t<\/div>\n\t\t\t\t<\/div>\n\t\t\t\t<div class=\"elementor-element elementor-element-cdecbde elementor-widget elementor-widget-text-editor\" data-id=\"cdecbde\" data-element_type=\"widget\" data-e-type=\"widget\" data-widget_type=\"text-editor.default\">\n\t\t\t\t<div class=\"elementor-widget-container\">\n\t\t\t\t\t\t\t\t\t<p style=\"font-weight: 400;\">Im vergangenen Herbst hatten die \u201eWirtschaftsweisen\u201c f\u00fcr 2024 noch ein Wachstum von 0,7 Prozent prognostiziert. Die Bundesregierung rechnet aktuell nur mit einem geringen Wachstum von 0,2 Prozent. Sie hatte unter anderem darauf verwiesen, dass die Weltwirtschaft noch nicht wieder richtig in Schwung gekommen sei. F\u00fcr das Jahr 2025 wird von einem Wirtschaftswachstum von 0,9 Prozent ausgegangen.<\/p><p style=\"font-weight: 400;\">Die Konjunktur wird daher 2024 kaum an Fahrt gewinnen. Das erste Quartal war bereits durch eine schwache, wirtschaftliche Dynamik gepr\u00e4gt. Im Jahresverlauf d\u00fcrfte eine leichte konjunkturelle Erholung einsetzen. Der R\u00fcckgang der Inflation wird sich weiter fortsetzen. Wie lange der R\u00fcckgang der Inflation dauert, h\u00e4ngt entscheidend von der Energiepreisentwicklung und der Lohnentwicklung ab. EZB-Zinssenkungen bereits im ersten Halbjahr sind angesichts dieser Unw\u00e4gbarkeiten nicht ausgemacht, f\u00fcr die Zukunft jedoch m\u00f6glich. Die Dekarbonisierung bleibt auch im Jahr 2024 ein wesentlicher Aspekt der politischen und gesellschaftlichen Bem\u00fchungen zur Bek\u00e4mpfung des Klimawandels und zur Erreichung des Ziels der Begrenzung der globalen Erw\u00e4rmung auf 1,5 Grad Celsius.<\/p><p style=\"font-weight: 400;\">Die Energiewirtschaft hat ihre Emissionen 2023 um 52 Mio. Tonnen gemindert und damit den mit Abstand gr\u00f6\u00dften Anteil zum R\u00fcckgang der Emissionen beigetragen. Damit hat sie ihre Emissionen gegen\u00fcber 1990 um 57 Prozent gemindert. Allerdings wurde dieses Ergebnis im Jahr 2023 nicht nur durch den Ausbau erneuerbarer Energien (EE) erreicht, sondern war zu gro\u00dfen Teilen auch durch Nachfrageeffekte getrieben.<\/p><p style=\"font-weight: 400;\">Die Stadtwerke Detmold werden auch in Zukunft an ihrem Ziel der unternehmerisch erfolgreichen Umsetzung von Klimaschutzma\u00dfnahmen festhalten, Versorgungssicherheit gew\u00e4hrleisten und in ein Energiesystem f\u00fcr nachfolgende Generationen investieren.<\/p>\t\t\t\t\t\t\t\t<\/div>\n\t\t\t\t<\/div>\n\t\t\t\t\t<\/div>\n\t\t<\/div>\n\t\t\t\t\t<\/div>\n\t\t<\/section>\n\t\t\t\t<section class=\"elementor-section elementor-top-section elementor-element elementor-element-aba1e89 elementor-section-boxed elementor-section-height-default elementor-section-height-default\" data-id=\"aba1e89\" data-element_type=\"section\" data-e-type=\"section\">\n\t\t\t\t\t\t<div class=\"elementor-container elementor-column-gap-default\">\n\t\t\t\t\t<div class=\"elementor-column elementor-col-100 elementor-top-column elementor-element elementor-element-3f3713b\" data-id=\"3f3713b\" data-element_type=\"column\" data-e-type=\"column\">\n\t\t\t<div class=\"elementor-widget-wrap elementor-element-populated\">\n\t\t\t\t\t\t<div class=\"elementor-element elementor-element-2dfbd02 elementor-widget elementor-widget-image\" data-id=\"2dfbd02\" data-element_type=\"widget\" data-e-type=\"widget\" data-widget_type=\"image.default\">\n\t\t\t\t<div class=\"elementor-widget-container\">\n\t\t\t\t\t\t\t\t\t\t\t\t\t\t\t<img decoding=\"async\" width=\"400\" height=\"89\" src=\"https:\/\/www.stwdt-3d.de\/GB_STWDT\/wp-content\/uploads\/2020\/06\/Unterschrift-Karlikowski-400x89.jpg\" class=\"attachment-medium size-medium wp-image-113\" alt=\"\" srcset=\"https:\/\/www.stwdt-3d.de\/GB_STWDT\/wp-content\/uploads\/2020\/06\/Unterschrift-Karlikowski-400x89.jpg 400w, https:\/\/www.stwdt-3d.de\/GB_STWDT\/wp-content\/uploads\/2020\/06\/Unterschrift-Karlikowski-768x170.jpg 768w, https:\/\/www.stwdt-3d.de\/GB_STWDT\/wp-content\/uploads\/2020\/06\/Unterschrift-Karlikowski.jpg 830w\" sizes=\"(max-width: 400px) 100vw, 400px\" \/>\t\t\t\t\t\t\t\t\t\t\t\t\t\t\t<\/div>\n\t\t\t\t<\/div>\n\t\t\t\t<div class=\"elementor-element elementor-element-d97cdf7 elementor-widget elementor-widget-text-editor\" data-id=\"d97cdf7\" data-element_type=\"widget\" data-e-type=\"widget\" data-widget_type=\"text-editor.default\">\n\t\t\t\t<div class=\"elementor-widget-container\">\n\t\t\t\t\t\t\t\t\t<p>J\u00f6rg Karlikowski, Gesch\u00e4ftsf\u00fchrer<\/p>\t\t\t\t\t\t\t\t<\/div>\n\t\t\t\t<\/div>\n\t\t\t\t\t<\/div>\n\t\t<\/div>\n\t\t\t\t\t<\/div>\n\t\t<\/section>\n\t\t\t\t<section class=\"elementor-section elementor-top-section elementor-element elementor-element-6427ed2 elementor-section-height-min-height elementor-section-boxed elementor-section-height-default elementor-section-items-middle\" data-id=\"6427ed2\" data-element_type=\"section\" data-e-type=\"section\" data-settings=\"{&quot;background_background&quot;:&quot;classic&quot;}\">\n\t\t\t\t\t\t<div class=\"elementor-container elementor-column-gap-default\">\n\t\t\t\t\t<div class=\"elementor-column elementor-col-100 elementor-top-column elementor-element elementor-element-150d6f6\" data-id=\"150d6f6\" data-element_type=\"column\" data-e-type=\"column\">\n\t\t\t<div class=\"elementor-widget-wrap\">\n\t\t\t\t\t\t\t<\/div>\n\t\t<\/div>\n\t\t\t\t\t<\/div>\n\t\t<\/section>\n\t\t\t\t<\/div>\n\t\t","protected":false},"excerpt":{"rendered":"<p>Bericht der Gesch\u00e4ftsf\u00fchrung Gesamtwirtschaftliche Rahmenbedingungen \u2013 r\u00fcckl\u00e4ufige Konjunktur Berechnungen des statistischen Bundesamts zufolge hat die Wirtschaftsleistung in Deutschland im Jahr 2023 um 0,3\u00a0Prozent abgenommen, nachdem im Jahr 2022 noch ein Wachstum von 2,0 Prozent verzeichnet wurde. Hauptgrund f\u00fcr die schwache wirtschaftliche Entwicklung ist, dass sich nach dem Krisenjahr 2022 die Industrie und der private Konsum [&hellip;]<\/p>\n","protected":false},"author":1,"featured_media":2994,"parent":2869,"menu_order":0,"comment_status":"closed","ping_status":"closed","template":"","meta":{"_acf_changed":false,"footnotes":""},"cd-version":[],"class_list":["post-2871","page","type-page","status-publish","has-post-thumbnail","hentry"],"acf":[],"_links":{"self":[{"href":"https:\/\/www.stwdt-3d.de\/GB_STWDT\/wp-json\/wp\/v2\/pages\/2871","targetHints":{"allow":["GET"]}}],"collection":[{"href":"https:\/\/www.stwdt-3d.de\/GB_STWDT\/wp-json\/wp\/v2\/pages"}],"about":[{"href":"https:\/\/www.stwdt-3d.de\/GB_STWDT\/wp-json\/wp\/v2\/types\/page"}],"author":[{"embeddable":true,"href":"https:\/\/www.stwdt-3d.de\/GB_STWDT\/wp-json\/wp\/v2\/users\/1"}],"replies":[{"embeddable":true,"href":"https:\/\/www.stwdt-3d.de\/GB_STWDT\/wp-json\/wp\/v2\/comments?post=2871"}],"version-history":[{"count":5,"href":"https:\/\/www.stwdt-3d.de\/GB_STWDT\/wp-json\/wp\/v2\/pages\/2871\/revisions"}],"predecessor-version":[{"id":3433,"href":"https:\/\/www.stwdt-3d.de\/GB_STWDT\/wp-json\/wp\/v2\/pages\/2871\/revisions\/3433"}],"up":[{"embeddable":true,"href":"https:\/\/www.stwdt-3d.de\/GB_STWDT\/wp-json\/wp\/v2\/pages\/2869"}],"wp:featuredmedia":[{"embeddable":true,"href":"https:\/\/www.stwdt-3d.de\/GB_STWDT\/wp-json\/wp\/v2\/media\/2994"}],"wp:attachment":[{"href":"https:\/\/www.stwdt-3d.de\/GB_STWDT\/wp-json\/wp\/v2\/media?parent=2871"}],"wp:term":[{"taxonomy":"cd-version","embeddable":true,"href":"https:\/\/www.stwdt-3d.de\/GB_STWDT\/wp-json\/wp\/v2\/cd-version?post=2871"}],"curies":[{"name":"wp","href":"https:\/\/api.w.org\/{rel}","templated":true}]}}