{"id":2875,"date":"2024-06-10T13:47:52","date_gmt":"2024-06-10T11:47:52","guid":{"rendered":"https:\/\/beta.k-konzept.de\/gb2019\/?page_id=2875"},"modified":"2024-08-02T12:01:00","modified_gmt":"2024-08-02T10:01:00","slug":"unsere-mitarbeiterinnen-2023","status":"publish","type":"page","link":"https:\/\/www.stwdt-3d.de\/GB_STWDT\/geschaeftsbericht-2023\/unsere-mitarbeiterinnen-2023\/","title":{"rendered":"Unsere Mitarbeiterinnen und Mitarbeiter 2023"},"content":{"rendered":"\t\t<div data-elementor-type=\"wp-page\" data-elementor-id=\"2875\" class=\"elementor elementor-2875\" data-elementor-post-type=\"page\">\n\t\t\t\t\t\t<section class=\"elementor-section elementor-top-section elementor-element elementor-element-1399adf elementor-section-height-min-height elementor-section-boxed elementor-section-height-default elementor-section-items-middle\" data-id=\"1399adf\" data-element_type=\"section\" data-e-type=\"section\" data-settings=\"{&quot;background_background&quot;:&quot;classic&quot;}\">\n\t\t\t\t\t\t<div class=\"elementor-container elementor-column-gap-default\">\n\t\t\t\t\t<div class=\"elementor-column elementor-col-100 elementor-top-column elementor-element elementor-element-95ef8bc\" data-id=\"95ef8bc\" data-element_type=\"column\" data-e-type=\"column\">\n\t\t\t<div class=\"elementor-widget-wrap elementor-element-populated\">\n\t\t\t\t\t\t<div class=\"elementor-element elementor-element-8569ef3 elementor-widget elementor-widget-heading\" data-id=\"8569ef3\" data-element_type=\"widget\" data-e-type=\"widget\" data-widget_type=\"heading.default\">\n\t\t\t\t<div class=\"elementor-widget-container\">\n\t\t\t\t\t<h1 class=\"elementor-heading-title elementor-size-default\">Unsere Mitarbeiterinnen und Mitarbeiter 2023<\/h1>\t\t\t\t<\/div>\n\t\t\t\t<\/div>\n\t\t\t\t\t<\/div>\n\t\t<\/div>\n\t\t\t\t\t<\/div>\n\t\t<\/section>\n\t\t\t\t<section class=\"elementor-section elementor-top-section elementor-element elementor-element-bf463f8 elementor-section-boxed elementor-section-height-default elementor-section-height-default\" data-id=\"bf463f8\" data-element_type=\"section\" data-e-type=\"section\">\n\t\t\t\t\t\t<div class=\"elementor-container elementor-column-gap-default\">\n\t\t\t\t\t<div class=\"elementor-column elementor-col-100 elementor-top-column elementor-element elementor-element-4a4b3b6\" data-id=\"4a4b3b6\" data-element_type=\"column\" data-e-type=\"column\">\n\t\t\t<div class=\"elementor-widget-wrap elementor-element-populated\">\n\t\t\t\t\t\t<div class=\"elementor-element elementor-element-c4d78a3 elementor-widget elementor-widget-heading\" data-id=\"c4d78a3\" data-element_type=\"widget\" data-e-type=\"widget\" data-widget_type=\"heading.default\">\n\t\t\t\t<div class=\"elementor-widget-container\">\n\t\t\t\t\t<h2 class=\"elementor-heading-title elementor-size-default\">Die Kolleginnen und Kollegen im Unternehmen als wichtigste Ressource r\u00fccken immer st\u00e4rker in den Fokus<\/h2>\t\t\t\t<\/div>\n\t\t\t\t<\/div>\n\t\t\t\t<div class=\"elementor-element elementor-element-9e9a589 elementor-widget elementor-widget-text-editor\" data-id=\"9e9a589\" data-element_type=\"widget\" data-e-type=\"widget\" data-widget_type=\"text-editor.default\">\n\t\t\t\t<div class=\"elementor-widget-container\">\n\t\t\t\t\t\t\t\t\t<p>Zu Recht: Was w\u00e4ren die Stadtwerke ohne die vielen Menschen dahinter, die tagt\u00e4glich daran arbeiten, gemeinsam die Energiewende voranzutreiben? Deshalb steht auch f\u00fcr uns vor allem eines im Mittelpunkt \u2013 n\u00e4mlich: Unsere Mitarbeiterinnen und Mitarbeiter.<\/p>\t\t\t\t\t\t\t\t<\/div>\n\t\t\t\t<\/div>\n\t\t\t\t\t<\/div>\n\t\t<\/div>\n\t\t\t\t\t<\/div>\n\t\t<\/section>\n\t\t\t\t<section class=\"elementor-section elementor-top-section elementor-element elementor-element-caec0a1 elementor-section-boxed elementor-section-height-default elementor-section-height-default\" data-id=\"caec0a1\" data-element_type=\"section\" data-e-type=\"section\">\n\t\t\t\t\t\t<div class=\"elementor-container elementor-column-gap-default\">\n\t\t\t\t\t<div class=\"elementor-column elementor-col-100 elementor-top-column elementor-element elementor-element-d2bb5d5\" data-id=\"d2bb5d5\" data-element_type=\"column\" data-e-type=\"column\">\n\t\t\t<div class=\"elementor-widget-wrap elementor-element-populated\">\n\t\t\t\t\t\t<div class=\"elementor-element elementor-element-a081c25 elementor-widget elementor-widget-heading\" data-id=\"a081c25\" data-element_type=\"widget\" data-e-type=\"widget\" data-widget_type=\"heading.default\">\n\t\t\t\t<div class=\"elementor-widget-container\">\n\t\t\t\t\t<h2 class=\"elementor-heading-title elementor-size-default\">Durchstarten Richtung Zukunft<\/h2>\t\t\t\t<\/div>\n\t\t\t\t<\/div>\n\t\t\t\t<div class=\"elementor-element elementor-element-76ea325 elementor-widget elementor-widget-text-editor\" data-id=\"76ea325\" data-element_type=\"widget\" data-e-type=\"widget\" data-widget_type=\"text-editor.default\">\n\t\t\t\t<div class=\"elementor-widget-container\">\n\t\t\t\t\t\t\t\t\t<p>Mit einer Ausbildung bei den Stadtwerken Detmold starteten im August des Berichtsjahrs sechs Berufseinsteigerinnen und -einsteiger ihren Weg in einen zukunftsorientierten und modernen Ausbildungsplatz. Auch 2023 lag die Ausbildungsquote mit 18 Berufseinstiegen bei \u00fcber zehn Prozent der Gesamtbelegschaft.<\/p><p>Das attraktive Spektrum der Berufsbilder bei den Stadtwerken erstreckt sich \u00fcber unterschiedliche kaufm\u00e4nnische und technische Ausbildungsm\u00f6glichkeiten wie: Anlagenmechaniker (m\/w\/d), Fachkraft f\u00fcr Wasserversorgungstechnik (m\/w\/d), Elektroniker f\u00fcr Betriebstechnik (m\/w\/d), Industriekaufmann\/-frau (m\/w\/d), Fachangestellter f\u00fcr B\u00e4derbetriebe (m\/w\/d), Fachinformatiker f\u00fcr Systemintegration (m\/w\/d), Fachkraft f\u00fcr Lagerlogistik (m\/w\/d), Kaufmann\/-frau f\u00fcr Marketingkommunikation (m\/w\/d).<\/p>\t\t\t\t\t\t\t\t<\/div>\n\t\t\t\t<\/div>\n\t\t\t\t\t<\/div>\n\t\t<\/div>\n\t\t\t\t\t<\/div>\n\t\t<\/section>\n\t\t\t\t<section class=\"elementor-section elementor-top-section elementor-element elementor-element-b65094b elementor-section-boxed elementor-section-height-default elementor-section-height-default\" data-id=\"b65094b\" data-element_type=\"section\" data-e-type=\"section\">\n\t\t\t\t\t\t<div class=\"elementor-container elementor-column-gap-default\">\n\t\t\t\t\t<div class=\"elementor-column elementor-col-100 elementor-top-column elementor-element elementor-element-a66764e\" data-id=\"a66764e\" data-element_type=\"column\" data-e-type=\"column\">\n\t\t\t<div class=\"elementor-widget-wrap elementor-element-populated\">\n\t\t\t\t\t\t<div class=\"elementor-element elementor-element-a736054 elementor-widget elementor-widget-gallery\" data-id=\"a736054\" data-element_type=\"widget\" data-e-type=\"widget\" data-settings=\"{&quot;columns&quot;:2,&quot;lazyload&quot;:&quot;yes&quot;,&quot;gallery_layout&quot;:&quot;grid&quot;,&quot;columns_tablet&quot;:2,&quot;columns_mobile&quot;:1,&quot;gap&quot;:{&quot;unit&quot;:&quot;px&quot;,&quot;size&quot;:10,&quot;sizes&quot;:[]},&quot;gap_tablet&quot;:{&quot;unit&quot;:&quot;px&quot;,&quot;size&quot;:10,&quot;sizes&quot;:[]},&quot;gap_mobile&quot;:{&quot;unit&quot;:&quot;px&quot;,&quot;size&quot;:10,&quot;sizes&quot;:[]},&quot;link_to&quot;:&quot;file&quot;,&quot;aspect_ratio&quot;:&quot;3:2&quot;,&quot;overlay_background&quot;:&quot;yes&quot;,&quot;content_hover_animation&quot;:&quot;fade-in&quot;}\" data-widget_type=\"gallery.default\">\n\t\t\t\t<div class=\"elementor-widget-container\">\n\t\t\t\t\t\t\t<div class=\"elementor-gallery__container\">\n\t\t\t\t\t\t\t<a class=\"e-gallery-item elementor-gallery-item elementor-animated-content\" href=\"https:\/\/www.stwdt-3d.de\/GB_STWDT\/wp-content\/uploads\/2023\/07\/Mitarbeiter-mdm23-0017-1800.jpg\" data-elementor-open-lightbox=\"yes\" data-elementor-lightbox-slideshow=\"a736054\" data-elementor-lightbox-title=\"Unsere Mitarbeiter*innen \u00a9 mdm.photo\" data-e-action-hash=\"#elementor-action%3Aaction%3Dlightbox%26settings%3DeyJpZCI6Mjc2OSwidXJsIjoiaHR0cHM6XC9cL3d3dy5zdHdkdC0zZC5kZVwvR0JfU1RXRFRcL3dwLWNvbnRlbnRcL3VwbG9hZHNcLzIwMjNcLzA3XC9NaXRhcmJlaXRlci1tZG0yMy0wMDE3LTE4MDAuanBnIiwic2xpZGVzaG93IjoiYTczNjA1NCJ9\">\n\t\t\t\t\t<div class=\"e-gallery-image elementor-gallery-item__image\" data-thumbnail=\"https:\/\/www.stwdt-3d.de\/GB_STWDT\/wp-content\/uploads\/2023\/07\/Mitarbeiter-mdm23-0017-1800-768x512.jpg\" data-width=\"768\" data-height=\"512\" aria-label=\"\" role=\"img\" ><\/div>\n\t\t\t\t\t\t\t\t\t\t\t<div class=\"elementor-gallery-item__overlay\"><\/div>\n\t\t\t\t\t\t\t\t\t\t\t\t\t\t<\/a>\n\t\t\t\t\t\t\t<a class=\"e-gallery-item elementor-gallery-item elementor-animated-content\" href=\"https:\/\/www.stwdt-3d.de\/GB_STWDT\/wp-content\/uploads\/2023\/06\/mdm-1508-1800.jpg\" data-elementor-open-lightbox=\"yes\" data-elementor-lightbox-slideshow=\"a736054\" data-elementor-lightbox-title=\"Richtfest Neubau: J\u00f6rg Karlikowski, Gesch\u00e4ftsf\u00fchrer, freut sich \u00fcber die zahlreiche Teilnahme der Mitarbeiter \u00a9 mdm.photo\" data-e-action-hash=\"#elementor-action%3Aaction%3Dlightbox%26settings%3DeyJpZCI6MjYzNSwidXJsIjoiaHR0cHM6XC9cL3d3dy5zdHdkdC0zZC5kZVwvR0JfU1RXRFRcL3dwLWNvbnRlbnRcL3VwbG9hZHNcLzIwMjNcLzA2XC9tZG0tMTUwOC0xODAwLmpwZyIsInNsaWRlc2hvdyI6ImE3MzYwNTQifQ%3D%3D\">\n\t\t\t\t\t<div class=\"e-gallery-image elementor-gallery-item__image\" data-thumbnail=\"https:\/\/www.stwdt-3d.de\/GB_STWDT\/wp-content\/uploads\/2023\/06\/mdm-1508-1800-768x512.jpg\" data-width=\"768\" data-height=\"512\" aria-label=\"\" role=\"img\" ><\/div>\n\t\t\t\t\t\t\t\t\t\t\t<div class=\"elementor-gallery-item__overlay\"><\/div>\n\t\t\t\t\t\t\t\t\t\t\t\t\t\t<\/a>\n\t\t\t\t\t<\/div>\n\t\t\t\t\t<\/div>\n\t\t\t\t<\/div>\n\t\t\t\t\t<\/div>\n\t\t<\/div>\n\t\t\t\t\t<\/div>\n\t\t<\/section>\n\t\t\t\t<section class=\"elementor-section elementor-top-section elementor-element elementor-element-934597e elementor-section-boxed elementor-section-height-default elementor-section-height-default\" data-id=\"934597e\" data-element_type=\"section\" data-e-type=\"section\">\n\t\t\t\t\t\t<div class=\"elementor-container elementor-column-gap-default\">\n\t\t\t\t\t<div class=\"elementor-column elementor-col-100 elementor-top-column elementor-element elementor-element-0db5f3a\" data-id=\"0db5f3a\" data-element_type=\"column\" data-e-type=\"column\">\n\t\t\t<div class=\"elementor-widget-wrap elementor-element-populated\">\n\t\t\t\t\t\t<div class=\"elementor-element elementor-element-ba708e0 elementor-widget elementor-widget-heading\" data-id=\"ba708e0\" data-element_type=\"widget\" data-e-type=\"widget\" data-widget_type=\"heading.default\">\n\t\t\t\t<div class=\"elementor-widget-container\">\n\t\t\t\t\t<h2 class=\"elementor-heading-title elementor-size-default\">Dank f\u00fcr langj\u00e4hrige Verbundenheit <\/h2>\t\t\t\t<\/div>\n\t\t\t\t<\/div>\n\t\t\t\t<div class=\"elementor-element elementor-element-107dfba liste elementor-widget elementor-widget-text-editor\" data-id=\"107dfba\" data-element_type=\"widget\" data-e-type=\"widget\" data-widget_type=\"text-editor.default\">\n\t\t\t\t<div class=\"elementor-widget-container\">\n\t\t\t\t\t\t\t\t\t<p>Auch im Jahr 2023 gab es bei den Stadtwerken wieder eine Vielzahl an Jubil\u00e4en. Ein besonderer Dank der Gesch\u00e4ftsf\u00fchrung gilt auch im Berichtsjahr den Jubilaren f\u00fcr die langj\u00e4hrige Zusammenarbeit. So feierte ein Mitarbeiter das 25. Firmenjubil\u00e4um und drei Mitarbeiterinnen und Mitarbeiter sogar 30 Jahre bei den Detmolder Stadtwerken.<\/p>\t\t\t\t\t\t\t\t<\/div>\n\t\t\t\t<\/div>\n\t\t\t\t\t<\/div>\n\t\t<\/div>\n\t\t\t\t\t<\/div>\n\t\t<\/section>\n\t\t\t\t<section class=\"elementor-section elementor-top-section elementor-element elementor-element-ba9f6b3 elementor-section-boxed elementor-section-height-default elementor-section-height-default\" data-id=\"ba9f6b3\" data-element_type=\"section\" data-e-type=\"section\">\n\t\t\t\t\t\t<div class=\"elementor-container elementor-column-gap-default\">\n\t\t\t\t\t<div class=\"elementor-column elementor-col-100 elementor-top-column elementor-element elementor-element-77245bf\" data-id=\"77245bf\" data-element_type=\"column\" data-e-type=\"column\">\n\t\t\t<div class=\"elementor-widget-wrap elementor-element-populated\">\n\t\t\t\t\t\t<div class=\"elementor-element elementor-element-6b4b8ce elementor-widget elementor-widget-heading\" data-id=\"6b4b8ce\" data-element_type=\"widget\" data-e-type=\"widget\" data-widget_type=\"heading.default\">\n\t\t\t\t<div class=\"elementor-widget-container\">\n\t\t\t\t\t<h2 class=\"elementor-heading-title elementor-size-default\">Ausbau der Digitalisierung<\/h2>\t\t\t\t<\/div>\n\t\t\t\t<\/div>\n\t\t\t\t<div class=\"elementor-element elementor-element-24e239a elementor-widget elementor-widget-text-editor\" data-id=\"24e239a\" data-element_type=\"widget\" data-e-type=\"widget\" data-widget_type=\"text-editor.default\">\n\t\t\t\t<div class=\"elementor-widget-container\">\n\t\t\t\t\t\t\t\t\t<p>Im Zuge der Digitalisierung wurde die elektronische Rechnungspr\u00fcfung eingef\u00fchrt. Neben der digitalen Gehaltsabrechnung, bei der die Mitarbeiterinnen und Mitarbeiter ihre Verdienstnachweise komfortabel elektronisch abrufen k\u00f6nnen, ist dies ein weiterer Schritt, Papier zu reduzieren und damit die Nachhaltigkeitsbestrebungen der Stadtwerke weiter voranzutreiben.<\/p>\t\t\t\t\t\t\t\t<\/div>\n\t\t\t\t<\/div>\n\t\t\t\t\t<\/div>\n\t\t<\/div>\n\t\t\t\t\t<\/div>\n\t\t<\/section>\n\t\t\t\t<section class=\"elementor-section elementor-top-section elementor-element elementor-element-9e0aacb elementor-section-height-min-height elementor-section-boxed elementor-section-height-default elementor-section-items-middle\" data-id=\"9e0aacb\" data-element_type=\"section\" data-e-type=\"section\" data-settings=\"{&quot;background_background&quot;:&quot;classic&quot;}\">\n\t\t\t\t\t\t<div class=\"elementor-container elementor-column-gap-default\">\n\t\t\t\t\t<div class=\"elementor-column elementor-col-100 elementor-top-column elementor-element elementor-element-4fd7f2f\" data-id=\"4fd7f2f\" data-element_type=\"column\" data-e-type=\"column\">\n\t\t\t<div class=\"elementor-widget-wrap\">\n\t\t\t\t\t\t\t<\/div>\n\t\t<\/div>\n\t\t\t\t\t<\/div>\n\t\t<\/section>\n\t\t\t\t<\/div>\n\t\t","protected":false},"excerpt":{"rendered":"<p>Die Kolleginnen und Kollegen im Unternehmen als wichtigste Ressource r\u00fccken immer st\u00e4rker in den Fokus Zu Recht: Was w\u00e4ren die Stadtwerke ohne die vielen Menschen dahinter, die tagt\u00e4glich daran arbeiten, gemeinsam die Energiewende voranzutreiben? Deshalb steht auch f\u00fcr uns vor allem eines im Mittelpunkt \u2013 n\u00e4mlich: Unsere Mitarbeiterinnen und Mitarbeiter. Durchstarten Richtung Zukunft Mit einer [&hellip;]<\/p>\n","protected":false},"author":1,"featured_media":3077,"parent":2869,"menu_order":0,"comment_status":"closed","ping_status":"closed","template":"","meta":{"_acf_changed":false,"footnotes":""},"cd-version":[],"class_list":["post-2875","page","type-page","status-publish","has-post-thumbnail","hentry"],"acf":[],"_links":{"self":[{"href":"https:\/\/www.stwdt-3d.de\/GB_STWDT\/wp-json\/wp\/v2\/pages\/2875","targetHints":{"allow":["GET"]}}],"collection":[{"href":"https:\/\/www.stwdt-3d.de\/GB_STWDT\/wp-json\/wp\/v2\/pages"}],"about":[{"href":"https:\/\/www.stwdt-3d.de\/GB_STWDT\/wp-json\/wp\/v2\/types\/page"}],"author":[{"embeddable":true,"href":"https:\/\/www.stwdt-3d.de\/GB_STWDT\/wp-json\/wp\/v2\/users\/1"}],"replies":[{"embeddable":true,"href":"https:\/\/www.stwdt-3d.de\/GB_STWDT\/wp-json\/wp\/v2\/comments?post=2875"}],"version-history":[{"count":5,"href":"https:\/\/www.stwdt-3d.de\/GB_STWDT\/wp-json\/wp\/v2\/pages\/2875\/revisions"}],"predecessor-version":[{"id":3423,"href":"https:\/\/www.stwdt-3d.de\/GB_STWDT\/wp-json\/wp\/v2\/pages\/2875\/revisions\/3423"}],"up":[{"embeddable":true,"href":"https:\/\/www.stwdt-3d.de\/GB_STWDT\/wp-json\/wp\/v2\/pages\/2869"}],"wp:featuredmedia":[{"embeddable":true,"href":"https:\/\/www.stwdt-3d.de\/GB_STWDT\/wp-json\/wp\/v2\/media\/3077"}],"wp:attachment":[{"href":"https:\/\/www.stwdt-3d.de\/GB_STWDT\/wp-json\/wp\/v2\/media?parent=2875"}],"wp:term":[{"taxonomy":"cd-version","embeddable":true,"href":"https:\/\/www.stwdt-3d.de\/GB_STWDT\/wp-json\/wp\/v2\/cd-version?post=2875"}],"curies":[{"name":"wp","href":"https:\/\/api.w.org\/{rel}","templated":true}]}}