{"id":829,"date":"2021-06-10T16:14:17","date_gmt":"2021-06-10T14:14:17","guid":{"rendered":"https:\/\/beta.k-konzept.de\/gb2019\/?page_id=829"},"modified":"2021-09-09T09:55:20","modified_gmt":"2021-09-09T07:55:20","slug":"bericht-der-geschaeftsfuehrung-2020","status":"publish","type":"page","link":"https:\/\/www.stwdt-3d.de\/GB_STWDT\/geschaeftsbericht-2020\/bericht-der-geschaeftsfuehrung-2020\/","title":{"rendered":"Bericht der Gesch\u00e4ftsf\u00fchrung 2020"},"content":{"rendered":"\t\t<div data-elementor-type=\"wp-page\" data-elementor-id=\"829\" class=\"elementor elementor-829\" data-elementor-post-type=\"page\">\n\t\t\t\t\t\t<section class=\"elementor-section elementor-top-section elementor-element elementor-element-1f12083 elementor-section-height-min-height elementor-section-boxed elementor-section-height-default elementor-section-items-middle\" data-id=\"1f12083\" data-element_type=\"section\" data-e-type=\"section\" data-settings=\"{&quot;background_background&quot;:&quot;classic&quot;}\">\n\t\t\t\t\t\t<div class=\"elementor-container elementor-column-gap-default\">\n\t\t\t\t\t<div class=\"elementor-column elementor-col-100 elementor-top-column elementor-element elementor-element-55f2057\" data-id=\"55f2057\" data-element_type=\"column\" data-e-type=\"column\">\n\t\t\t<div class=\"elementor-widget-wrap elementor-element-populated\">\n\t\t\t\t\t\t<div class=\"elementor-element elementor-element-8910770 elementor-widget elementor-widget-heading\" data-id=\"8910770\" data-element_type=\"widget\" data-e-type=\"widget\" data-widget_type=\"heading.default\">\n\t\t\t\t<div class=\"elementor-widget-container\">\n\t\t\t\t\t<h1 class=\"elementor-heading-title elementor-size-default\">Bericht der <br>Gesch\u00e4ftsf\u00fchrung<\/h1>\t\t\t\t<\/div>\n\t\t\t\t<\/div>\n\t\t\t\t\t<\/div>\n\t\t<\/div>\n\t\t\t\t\t<\/div>\n\t\t<\/section>\n\t\t\t\t<section class=\"elementor-section elementor-top-section elementor-element elementor-element-b43d1c3 elementor-section-boxed elementor-section-height-default elementor-section-height-default\" data-id=\"b43d1c3\" data-element_type=\"section\" data-e-type=\"section\">\n\t\t\t\t\t\t<div class=\"elementor-container elementor-column-gap-default\">\n\t\t\t\t\t<div class=\"elementor-column elementor-col-100 elementor-top-column elementor-element elementor-element-195cb0f\" data-id=\"195cb0f\" data-element_type=\"column\" data-e-type=\"column\">\n\t\t\t<div class=\"elementor-widget-wrap elementor-element-populated\">\n\t\t\t\t\t\t<div class=\"elementor-element elementor-element-dbc2b58 elementor-widget elementor-widget-heading\" data-id=\"dbc2b58\" data-element_type=\"widget\" data-e-type=\"widget\" data-widget_type=\"heading.default\">\n\t\t\t\t<div class=\"elementor-widget-container\">\n\t\t\t\t\t<h2 class=\"elementor-heading-title elementor-size-default\">Gesamtwirtschaftliche und energiepolitische \nRahmenbedingungen \n<\/h2>\t\t\t\t<\/div>\n\t\t\t\t<\/div>\n\t\t\t\t<div class=\"elementor-element elementor-element-979dc78 elementor-widget elementor-widget-text-editor\" data-id=\"979dc78\" data-element_type=\"widget\" data-e-type=\"widget\" data-widget_type=\"text-editor.default\">\n\t\t\t\t<div class=\"elementor-widget-container\">\n\t\t\t\t\t\t\t\t\t<p>Das Jahr 2020 ist gepr\u00e4gt von der Corona-Pandemie. Ein au\u00dfergew\u00f6hnliches Jahr mit einem alles bestimmenden Thema, welches auch an der Energiewirtschaft und dem Klimaschutz nicht spurlos vorbeigegangen ist. Aus dieser Perspektive kam es zu einer Rekord-Senkung der Treibhausgasemissionen. Was f\u00fcr viele existenzbedrohend war, sorgte zugleich daf\u00fcr, dass die weltweiten CO<sub>2<\/sub>-Emissionen so stark gesunken sind wie nie zuvor. Um 7 % bzw. 2,4 Milliarden Tonnen gingen die Emissionen weltweit zur\u00fcck, in Deutschland verminderten sie sich um etwa 10 %. Ursachen sind vor allem die geringere Energienachfrage, die gesunkene Industrieproduktion sowie ein deutlich geringeres Verkehrsaufkommen.<\/p>\t\t\t\t\t\t\t\t<\/div>\n\t\t\t\t<\/div>\n\t\t\t\t\t<\/div>\n\t\t<\/div>\n\t\t\t\t\t<\/div>\n\t\t<\/section>\n\t\t\t\t<section class=\"elementor-section elementor-top-section elementor-element elementor-element-f18c0dc elementor-section-boxed elementor-section-height-default elementor-section-height-default\" data-id=\"f18c0dc\" data-element_type=\"section\" data-e-type=\"section\">\n\t\t\t\t\t\t<div class=\"elementor-container elementor-column-gap-default\">\n\t\t\t\t\t<div class=\"elementor-column elementor-col-100 elementor-top-column elementor-element elementor-element-cc7d427\" data-id=\"cc7d427\" data-element_type=\"column\" data-e-type=\"column\">\n\t\t\t<div class=\"elementor-widget-wrap elementor-element-populated\">\n\t\t\t\t\t\t<div class=\"elementor-element elementor-element-f84b21e elementor-widget elementor-widget-heading\" data-id=\"f84b21e\" data-element_type=\"widget\" data-e-type=\"widget\" data-widget_type=\"heading.default\">\n\t\t\t\t<div class=\"elementor-widget-container\">\n\t\t\t\t\t<h2 class=\"elementor-heading-title elementor-size-default\">Konjunkturelle Entwicklung<\/h2>\t\t\t\t<\/div>\n\t\t\t\t<\/div>\n\t\t\t\t<div class=\"elementor-element elementor-element-1f0dcb3 elementor-widget elementor-widget-text-editor\" data-id=\"1f0dcb3\" data-element_type=\"widget\" data-e-type=\"widget\" data-widget_type=\"text-editor.default\">\n\t\t\t\t<div class=\"elementor-widget-container\">\n\t\t\t\t\t\t\t\t\t<p>Berechnungen des Statistischen Bundesamtes zufolge hat sich das Bruttoinlandsprodukt im Jahr 2020 um 5,0 % verringert. Durch die COVID-19-Pandemie ist die deutsche Wirtschaft somit nach einer zehnj\u00e4hrigen Wachstumsphase in eine tiefe Rezession mit deutlichen Spuren in nahezu allen Wirtschaftsbereichen geraten.<\/p><p>Der Energieverbrauch in Deutschland ging im vergangenen Jahr deutlich zur\u00fcck. Berechnungen des BDEW zufolge wurden in Deutschland 3,4 % weniger Erdgas verbraucht als im Vorjahr. Der R\u00fcckgang des Stromverbrauchs durch Einschr\u00e4nkungen im wirtschaftlichen und \u00f6ffentlichen Leben betr\u00e4gt sogar 4,4 %. F\u00fcr den sp\u00fcrbaren R\u00fcckgang sorgten vor allem die gesamtwirtschaftlichen und sektoralen Auswirkungen der Pandemie. Dar\u00fcber hinaus bewirken eine erneut verbesserte Energieeffizienz, die Substitutionen im Energiemix sowie eine vergleichsweise milde Witterung zus\u00e4tzliche Energieeinsparungen. Infolge dessen verbuchen im Jahr 2020 nur die Erneuerbaren Energien mit einem Anteil von 46,2 % am Stromverbrauch einen neuen H\u00f6chstwert.<\/p>\t\t\t\t\t\t\t\t<\/div>\n\t\t\t\t<\/div>\n\t\t\t\t\t<\/div>\n\t\t<\/div>\n\t\t\t\t\t<\/div>\n\t\t<\/section>\n\t\t\t\t<section class=\"elementor-section elementor-top-section elementor-element elementor-element-25022c5 elementor-section-boxed elementor-section-height-default elementor-section-height-default\" data-id=\"25022c5\" data-element_type=\"section\" data-e-type=\"section\">\n\t\t\t\t\t\t<div class=\"elementor-container elementor-column-gap-default\">\n\t\t\t\t\t<div class=\"elementor-column elementor-col-100 elementor-top-column elementor-element elementor-element-8c7c11d\" data-id=\"8c7c11d\" data-element_type=\"column\" data-e-type=\"column\">\n\t\t\t<div class=\"elementor-widget-wrap elementor-element-populated\">\n\t\t\t\t\t\t<div class=\"elementor-element elementor-element-be06906 elementor-widget elementor-widget-heading\" data-id=\"be06906\" data-element_type=\"widget\" data-e-type=\"widget\" data-widget_type=\"heading.default\">\n\t\t\t\t<div class=\"elementor-widget-container\">\n\t\t\t\t\t<h2 class=\"elementor-heading-title elementor-size-default\">Das Energiejahr 2020<\/h2>\t\t\t\t<\/div>\n\t\t\t\t<\/div>\n\t\t\t\t<div class=\"elementor-element elementor-element-1d021cd elementor-widget elementor-widget-text-editor\" data-id=\"1d021cd\" data-element_type=\"widget\" data-e-type=\"widget\" data-widget_type=\"text-editor.default\">\n\t\t\t\t<div class=\"elementor-widget-container\">\n\t\t\t\t\t\t\t\t\t<p>2020 gilt weltweit als eines der drei w\u00e4rmsten aller bisher erfassten Jahre.\u00a0In Europa war es so warm wie in keinem anderen Jahr seit Beginn der Temperaturaufzeichnungen. Die Atmosph\u00e4re 2020 war durchschnittlich um 1,6 Grad Celsius w\u00e4rmer als im vergangenen 30-j\u00e4hrigen Referenzzeitraum und damit um 0,4 Grad Celsius w\u00e4rmer als das bisherige europ\u00e4ische Rekordjahr 2019.\u00a0Der Wasserverbrauch liegt in 2020, bedingt durch die erneut langanhaltende Trockenheit in den Sommermonaten, auf dem Niveau des Vorjahres.<\/p>\t\t\t\t\t\t\t\t<\/div>\n\t\t\t\t<\/div>\n\t\t\t\t\t<\/div>\n\t\t<\/div>\n\t\t\t\t\t<\/div>\n\t\t<\/section>\n\t\t\t\t<section class=\"elementor-section elementor-top-section elementor-element elementor-element-d5466e3 elementor-section-full_width elementor-section-height-default elementor-section-height-default\" data-id=\"d5466e3\" data-element_type=\"section\" data-e-type=\"section\">\n\t\t\t\t\t\t<div class=\"elementor-container elementor-column-gap-default\">\n\t\t\t\t\t<div class=\"elementor-column elementor-col-100 elementor-top-column elementor-element elementor-element-71ce769\" data-id=\"71ce769\" data-element_type=\"column\" data-e-type=\"column\">\n\t\t\t<div class=\"elementor-widget-wrap elementor-element-populated\">\n\t\t\t\t\t\t<div class=\"elementor-element elementor-element-740c8da elementor-widget elementor-widget-gallery\" data-id=\"740c8da\" data-element_type=\"widget\" data-e-type=\"widget\" data-settings=\"{&quot;columns&quot;:2,&quot;lazyload&quot;:&quot;yes&quot;,&quot;gallery_layout&quot;:&quot;grid&quot;,&quot;columns_tablet&quot;:2,&quot;columns_mobile&quot;:1,&quot;gap&quot;:{&quot;unit&quot;:&quot;px&quot;,&quot;size&quot;:10,&quot;sizes&quot;:[]},&quot;gap_tablet&quot;:{&quot;unit&quot;:&quot;px&quot;,&quot;size&quot;:10,&quot;sizes&quot;:[]},&quot;gap_mobile&quot;:{&quot;unit&quot;:&quot;px&quot;,&quot;size&quot;:10,&quot;sizes&quot;:[]},&quot;link_to&quot;:&quot;file&quot;,&quot;aspect_ratio&quot;:&quot;3:2&quot;,&quot;overlay_background&quot;:&quot;yes&quot;,&quot;content_hover_animation&quot;:&quot;fade-in&quot;}\" data-widget_type=\"gallery.default\">\n\t\t\t\t<div class=\"elementor-widget-container\">\n\t\t\t\t\t\t\t<div class=\"elementor-gallery__container\">\n\t\t\t\t\t\t\t<a class=\"e-gallery-item elementor-gallery-item elementor-animated-content\" href=\"https:\/\/www.stwdt-3d.de\/GB_STWDT\/wp-content\/uploads\/2021\/07\/KLEIN_mdm2020-1101.jpg\" data-elementor-open-lightbox=\"yes\" data-elementor-lightbox-slideshow=\"740c8da\" data-elementor-lightbox-title=\"Mitarbeiter \u00a9 mdm.photo\" data-e-action-hash=\"#elementor-action%3Aaction%3Dlightbox%26settings%3DeyJpZCI6MTIyMywidXJsIjoiaHR0cHM6XC9cL3d3dy5zdHdkdC0zZC5kZVwvR0JfU1RXRFRcL3dwLWNvbnRlbnRcL3VwbG9hZHNcLzIwMjFcLzA3XC9LTEVJTl9tZG0yMDIwLTExMDEuanBnIiwic2xpZGVzaG93IjoiNzQwYzhkYSJ9\">\n\t\t\t\t\t<div class=\"e-gallery-image elementor-gallery-item__image\" data-thumbnail=\"https:\/\/www.stwdt-3d.de\/GB_STWDT\/wp-content\/uploads\/2021\/07\/KLEIN_mdm2020-1101.jpg\" data-width=\"800\" data-height=\"533\" aria-label=\"\" role=\"img\" ><\/div>\n\t\t\t\t\t\t\t\t\t\t\t<div class=\"elementor-gallery-item__overlay\"><\/div>\n\t\t\t\t\t\t\t\t\t\t\t\t\t\t<\/a>\n\t\t\t\t\t\t\t<a class=\"e-gallery-item elementor-gallery-item elementor-animated-content\" href=\"https:\/\/www.stwdt-3d.de\/GB_STWDT\/wp-content\/uploads\/2021\/07\/mdm_200125_043021001389_3U9A4980-cut-scaled.jpg\" data-elementor-open-lightbox=\"yes\" data-elementor-lightbox-slideshow=\"740c8da\" data-elementor-lightbox-title=\"Rutscherlebnis im Aqualip \u00a9 mdm.photo\" data-e-action-hash=\"#elementor-action%3Aaction%3Dlightbox%26settings%3DeyJpZCI6MTIyNSwidXJsIjoiaHR0cHM6XC9cL3d3dy5zdHdkdC0zZC5kZVwvR0JfU1RXRFRcL3dwLWNvbnRlbnRcL3VwbG9hZHNcLzIwMjFcLzA3XC9tZG1fMjAwMTI1XzA0MzAyMTAwMTM4OV8zVTlBNDk4MC1jdXQtc2NhbGVkLmpwZyIsInNsaWRlc2hvdyI6Ijc0MGM4ZGEifQ%3D%3D\">\n\t\t\t\t\t<div class=\"e-gallery-image elementor-gallery-item__image\" data-thumbnail=\"https:\/\/www.stwdt-3d.de\/GB_STWDT\/wp-content\/uploads\/2021\/07\/mdm_200125_043021001389_3U9A4980-cut-1200x800.jpg\" data-width=\"800\" data-height=\"533\" aria-label=\"\" role=\"img\" ><\/div>\n\t\t\t\t\t\t\t\t\t\t\t<div class=\"elementor-gallery-item__overlay\"><\/div>\n\t\t\t\t\t\t\t\t\t\t\t\t\t\t<\/a>\n\t\t\t\t\t<\/div>\n\t\t\t\t\t<\/div>\n\t\t\t\t<\/div>\n\t\t\t\t\t<\/div>\n\t\t<\/div>\n\t\t\t\t\t<\/div>\n\t\t<\/section>\n\t\t\t\t<section class=\"elementor-section elementor-top-section elementor-element elementor-element-06f2d35 elementor-section-boxed elementor-section-height-default elementor-section-height-default\" data-id=\"06f2d35\" data-element_type=\"section\" data-e-type=\"section\">\n\t\t\t\t\t\t<div class=\"elementor-container elementor-column-gap-default\">\n\t\t\t\t\t<div class=\"elementor-column elementor-col-100 elementor-top-column elementor-element elementor-element-290a470\" data-id=\"290a470\" data-element_type=\"column\" data-e-type=\"column\">\n\t\t\t<div class=\"elementor-widget-wrap elementor-element-populated\">\n\t\t\t\t\t\t<div class=\"elementor-element elementor-element-d0ce2a1 elementor-widget elementor-widget-heading\" data-id=\"d0ce2a1\" data-element_type=\"widget\" data-e-type=\"widget\" data-widget_type=\"heading.default\">\n\t\t\t\t<div class=\"elementor-widget-container\">\n\t\t\t\t\t<h2 class=\"elementor-heading-title elementor-size-default\">Gesch\u00e4ftsentwicklung<\/h2>\t\t\t\t<\/div>\n\t\t\t\t<\/div>\n\t\t\t\t<div class=\"elementor-element elementor-element-9a523a4 elementor-widget elementor-widget-text-editor\" data-id=\"9a523a4\" data-element_type=\"widget\" data-e-type=\"widget\" data-widget_type=\"text-editor.default\">\n\t\t\t\t<div class=\"elementor-widget-container\">\n\t\t\t\t\t\t\t\t\t<p>2020 war ein au\u00dfergew\u00f6hnliches Jahr. Die COVID-19-Pandemie hat unseren Alltag erheblich ver\u00e4ndert und stellt uns auch weiterhin vor neue Herausforderungen. Sicherheitskonzepte wurden entwickelt, um daf\u00fcr zu sorgen, dass die Energie- und Trinkwasserversorgung in Detmold weiterhin zuverl\u00e4ssig gesichert ist. Zahlreiche Kolleg*innen wurden in die Lage versetzt, mobil zu arbeiten, neue B\u00fcror\u00e4ume sind angemietet worden und in unserem Freizeitbad Aqualip, wo die Corona-Krise besonders sp\u00fcrbar ist, mussten sich Mitarbeiter*innen in einem neuen Arbeitsumfeld zurechtfinden. Doch trotz schwieriger Rahmenbedingungen blicken die Stadtwerke Detmold auf ein erfolgreiches Jahresergebnis.<\/p><p>W\u00e4hrend die Strom- und Erdgassparte Absatzeinbu\u00dfen verzeichnen, ist durch die Pandemie die Bedeutung des Trinkwassers als verl\u00e4ssliche S\u00e4ule der Daseinsvorsorge einmal mehr in den Fokus ger\u00fcckt. Umfassende Sanierungs- und Erneuerungsma\u00dfnahmen sowie hohe Investitionen kennzeichnen die Sparte Trinkwasserversorgung auch im abgelaufenen Gesch\u00e4ftsjahr. Mit der Neubohrung eines Tiefbrunnens im Heidental in einer Tiefe von knapp 400 Metern und mit einer j\u00e4hrlichen F\u00f6rderleistung von 700.000 Kubikmetern tr\u00e4gt der Tiefbrunnen zu einer sicheren und nachhaltigen Wasserversorgung bei.<\/p><p>Die Sparte Freizeitbad war im abgelaufenen Gesch\u00e4ftsjahr von der Pandemie besonders betroffen. Hier hatte die Schlie\u00dfung des Bades \u2013 trotz des Aspekts der Kurzarbeit &#8211; negative Auswirkungen auf unser Ergebnis zur Folge. Dies wird auch unser Gesch\u00e4ftsjahr 2021 beeinflussen, da von einem \u201eNormalbetrieb\u201c im Freizeitbad und in der Sauna nach dem gegenw\u00e4rtigen Erkenntnisstand auch in diesem Jahr noch nicht auszugehen ist.<\/p><p>Der Klimaschutz stellt auch weiterhin eine unverzichtbare S\u00e4ule unserer strategischen Ausrichtung und gesellschaftlichen Verantwortung dar. Unsere Entscheidungen, unser Handeln und unsere Investitionen haben wir klar danach ausgerichtet. So beziehen die Stadtwerke Detmold 100 % ihrer Vertriebsmenge aus regenerativen Quellen. Damit enth\u00e4lt Detmolder KlimaStrom keinen Anteil Kernenergie.<\/p><p>Auch im letzten Jahr ist in moderne Energiesysteme mit Zukunft investiert worden, um die Versorgung in unserer Region sicher, umweltfreundlich und nachhaltig zu gestalten. Insgesamt 14 Millionen Euro haben die Stadtwerke in 2020 investiert, u.a. in neue Anlagen in den Umspannwerken Pinneichen und Heiligenkirchen und in die Verdichtung des Fernw\u00e4rmenetzes im Bereich Klingenberg- und Bielefelder Stra\u00dfe. Im W\u00e4rmespeicherturm am Bahnhof Detmold, der seit Fr\u00fchjahr 2020 in Betrieb ist, sind Anlagentechnik und Fahrweise unter Einbindung der beiden Holzheizkraftwerke in Horn-Bad Meinberg den Netzbedingungen bzw. der schwankenden Netzlast optimiert worden. Mit der Neubohrung eines Tiefbrunnens im Heidental werden die Weichen f\u00fcr eine sichere und optimale Trinkwasserqualit\u00e4t und -versorgung gestellt.<\/p><p>An dieser Stelle danke ich allen f\u00fcr ihr Engagement im abgelaufenen Gesch\u00e4ftsjahr. Dank unserer Mitarbeiter*innen konnten die Stadtwerke Detmold sich in dieser au\u00dfergew\u00f6hnlichen Situation bew\u00e4hren und dieses besondere Jahr mit einem guten Gesch\u00e4ftsergebnis abschlie\u00dfen.<\/p>\t\t\t\t\t\t\t\t<\/div>\n\t\t\t\t<\/div>\n\t\t\t\t\t<\/div>\n\t\t<\/div>\n\t\t\t\t\t<\/div>\n\t\t<\/section>\n\t\t\t\t<section class=\"elementor-section elementor-top-section elementor-element elementor-element-9269f34 elementor-section-boxed elementor-section-height-default elementor-section-height-default\" data-id=\"9269f34\" data-element_type=\"section\" data-e-type=\"section\">\n\t\t\t\t\t\t<div class=\"elementor-container elementor-column-gap-default\">\n\t\t\t\t\t<div class=\"elementor-column elementor-col-100 elementor-top-column elementor-element elementor-element-ccbabc3\" data-id=\"ccbabc3\" data-element_type=\"column\" data-e-type=\"column\">\n\t\t\t<div class=\"elementor-widget-wrap elementor-element-populated\">\n\t\t\t\t\t\t<div class=\"elementor-element elementor-element-d45d56f elementor-widget elementor-widget-heading\" data-id=\"d45d56f\" data-element_type=\"widget\" data-e-type=\"widget\" data-widget_type=\"heading.default\">\n\t\t\t\t<div class=\"elementor-widget-container\">\n\t\t\t\t\t<h2 class=\"elementor-heading-title elementor-size-default\">Preisentwicklung<\/h2>\t\t\t\t<\/div>\n\t\t\t\t<\/div>\n\t\t\t\t<div class=\"elementor-element elementor-element-ed7f3ab elementor-widget elementor-widget-text-editor\" data-id=\"ed7f3ab\" data-element_type=\"widget\" data-e-type=\"widget\" data-widget_type=\"text-editor.default\">\n\t\t\t\t<div class=\"elementor-widget-container\">\n\t\t\t\t\t\t\t\t\t<p>Der fortlaufende Ausbau der Erneuerbaren Energien beeinflusst auch weiterhin ma\u00dfgeblich die Stromgro\u00dfhandelspreise. Dies hatte zu einer Steigerung der Beschaffungskosten \u2013 neben steigenden Netzentgelten und erh\u00f6hten gesetzlichen Abgaben \u2013 dazu gef\u00fchrt, dass die Stadtwerke Detmold ihre Strompreise f\u00fcr die Grundversorgungstarife zum 1. Januar 2020 erh\u00f6ht haben. Zum 1. Januar dieses Jahres wurden die Strompreise stabil gehalten.<\/p><p>Hingegen konnte die f\u00fcr einen langen Zeitraum garantierte Preisstabilit\u00e4t f\u00fcr Gas zum Jahresende nicht mehr aufrechterhalten werden. Neben den leicht gestiegenen Netzkosten haben die Stadtwerke \u2013 wie auch viele andere Versorger \u2013 die ab diesem Jahr g\u00fcltige CO<sub>2<\/sub>-Bepreisung an ihre Kund*innen weitergegeben.<\/p>\t\t\t\t\t\t\t\t<\/div>\n\t\t\t\t<\/div>\n\t\t\t\t\t<\/div>\n\t\t<\/div>\n\t\t\t\t\t<\/div>\n\t\t<\/section>\n\t\t\t\t<section class=\"elementor-section elementor-top-section elementor-element elementor-element-648a644 elementor-section-full_width elementor-section-height-default elementor-section-height-default\" data-id=\"648a644\" data-element_type=\"section\" data-e-type=\"section\">\n\t\t\t\t\t\t<div class=\"elementor-container elementor-column-gap-default\">\n\t\t\t\t\t<div class=\"elementor-column elementor-col-100 elementor-top-column elementor-element elementor-element-72a6dbb\" data-id=\"72a6dbb\" data-element_type=\"column\" data-e-type=\"column\">\n\t\t\t<div class=\"elementor-widget-wrap elementor-element-populated\">\n\t\t\t\t\t\t<div class=\"elementor-element elementor-element-ede93de elementor-widget elementor-widget-gallery\" data-id=\"ede93de\" data-element_type=\"widget\" data-e-type=\"widget\" data-settings=\"{&quot;columns&quot;:2,&quot;lazyload&quot;:&quot;yes&quot;,&quot;gallery_layout&quot;:&quot;grid&quot;,&quot;columns_tablet&quot;:2,&quot;columns_mobile&quot;:1,&quot;gap&quot;:{&quot;unit&quot;:&quot;px&quot;,&quot;size&quot;:10,&quot;sizes&quot;:[]},&quot;gap_tablet&quot;:{&quot;unit&quot;:&quot;px&quot;,&quot;size&quot;:10,&quot;sizes&quot;:[]},&quot;gap_mobile&quot;:{&quot;unit&quot;:&quot;px&quot;,&quot;size&quot;:10,&quot;sizes&quot;:[]},&quot;link_to&quot;:&quot;file&quot;,&quot;aspect_ratio&quot;:&quot;3:2&quot;,&quot;overlay_background&quot;:&quot;yes&quot;,&quot;content_hover_animation&quot;:&quot;fade-in&quot;}\" data-widget_type=\"gallery.default\">\n\t\t\t\t<div class=\"elementor-widget-container\">\n\t\t\t\t\t\t\t<div class=\"elementor-gallery__container\">\n\t\t\t\t\t\t\t<a class=\"e-gallery-item elementor-gallery-item elementor-animated-content\" href=\"https:\/\/www.stwdt-3d.de\/GB_STWDT\/wp-content\/uploads\/2021\/07\/mdm_200312_043021001389_3U9A8792.jpg\" data-elementor-open-lightbox=\"yes\" data-elementor-lightbox-slideshow=\"ede93de\" data-elementor-lightbox-title=\"Neue Verbindungen \u00a9 mdm.photo\" data-e-action-hash=\"#elementor-action%3Aaction%3Dlightbox%26settings%3DeyJpZCI6MTI0MiwidXJsIjoiaHR0cHM6XC9cL3d3dy5zdHdkdC0zZC5kZVwvR0JfU1RXRFRcL3dwLWNvbnRlbnRcL3VwbG9hZHNcLzIwMjFcLzA3XC9tZG1fMjAwMzEyXzA0MzAyMTAwMTM4OV8zVTlBODc5Mi5qcGciLCJzbGlkZXNob3ciOiJlZGU5M2RlIn0%3D\">\n\t\t\t\t\t<div class=\"e-gallery-image elementor-gallery-item__image\" data-thumbnail=\"https:\/\/www.stwdt-3d.de\/GB_STWDT\/wp-content\/uploads\/2021\/07\/mdm_200312_043021001389_3U9A8792.jpg\" data-width=\"800\" data-height=\"533\" aria-label=\"\" role=\"img\" ><\/div>\n\t\t\t\t\t\t\t\t\t\t\t<div class=\"elementor-gallery-item__overlay\"><\/div>\n\t\t\t\t\t\t\t\t\t\t\t\t\t\t<\/a>\n\t\t\t\t\t\t\t<a class=\"e-gallery-item elementor-gallery-item elementor-animated-content\" href=\"https:\/\/www.stwdt-3d.de\/GB_STWDT\/wp-content\/uploads\/2021\/07\/mdm2020-9019-cut.jpg\" data-elementor-open-lightbox=\"yes\" data-elementor-lightbox-slideshow=\"ede93de\" data-elementor-lightbox-title=\"Trinkwasser-Aufbereitung \u00a9 mdm.photo\" data-e-action-hash=\"#elementor-action%3Aaction%3Dlightbox%26settings%3DeyJpZCI6MTIzMCwidXJsIjoiaHR0cHM6XC9cL3d3dy5zdHdkdC0zZC5kZVwvR0JfU1RXRFRcL3dwLWNvbnRlbnRcL3VwbG9hZHNcLzIwMjFcLzA3XC9tZG0yMDIwLTkwMTktY3V0LmpwZyIsInNsaWRlc2hvdyI6ImVkZTkzZGUifQ%3D%3D\">\n\t\t\t\t\t<div class=\"e-gallery-image elementor-gallery-item__image\" data-thumbnail=\"https:\/\/www.stwdt-3d.de\/GB_STWDT\/wp-content\/uploads\/2021\/07\/mdm2020-9019-cut.jpg\" data-width=\"800\" data-height=\"533\" aria-label=\"\" role=\"img\" ><\/div>\n\t\t\t\t\t\t\t\t\t\t\t<div class=\"elementor-gallery-item__overlay\"><\/div>\n\t\t\t\t\t\t\t\t\t\t\t\t\t\t<\/a>\n\t\t\t\t\t<\/div>\n\t\t\t\t\t<\/div>\n\t\t\t\t<\/div>\n\t\t\t\t\t<\/div>\n\t\t<\/div>\n\t\t\t\t\t<\/div>\n\t\t<\/section>\n\t\t\t\t<section class=\"elementor-section elementor-top-section elementor-element elementor-element-b5edd83 elementor-section-boxed elementor-section-height-default elementor-section-height-default\" data-id=\"b5edd83\" data-element_type=\"section\" data-e-type=\"section\">\n\t\t\t\t\t\t<div class=\"elementor-container elementor-column-gap-default\">\n\t\t\t\t\t<div class=\"elementor-column elementor-col-100 elementor-top-column elementor-element elementor-element-7d710f5\" data-id=\"7d710f5\" data-element_type=\"column\" data-e-type=\"column\">\n\t\t\t<div class=\"elementor-widget-wrap elementor-element-populated\">\n\t\t\t\t\t\t<div class=\"elementor-element elementor-element-9b656c7 elementor-widget elementor-widget-heading\" data-id=\"9b656c7\" data-element_type=\"widget\" data-e-type=\"widget\" data-widget_type=\"heading.default\">\n\t\t\t\t<div class=\"elementor-widget-container\">\n\t\t\t\t\t<h2 class=\"elementor-heading-title elementor-size-default\">Risikomanagement<\/h2>\t\t\t\t<\/div>\n\t\t\t\t<\/div>\n\t\t\t\t<div class=\"elementor-element elementor-element-75156c2 elementor-widget elementor-widget-text-editor\" data-id=\"75156c2\" data-element_type=\"widget\" data-e-type=\"widget\" data-widget_type=\"text-editor.default\">\n\t\t\t\t<div class=\"elementor-widget-container\">\n\t\t\t\t\t\t\t\t\t<p>Die Anforderungen an das Risikomanagement aus dem Gesetz zur Kontrolle und Transparenz im Unternehmensbereich (KonTraG) werden bei den Stadtwerken Detmold mit dem Risikomanagementsystem Ready4Risk erf\u00fcllt und umgesetzt.<\/p><p>Die Entwicklung rund um das Corona-Virus hat in unterschiedlicher Art und Weise die gesch\u00e4ftlichen Aktivit\u00e4ten der Stadtwerke Detmold GmbH beeinflusst. Die zum Infektionsschutz der Bev\u00f6lkerung vorgenommenen Ma\u00dfnahmen haben zu Einschr\u00e4nkungen im \u00f6ffentlichen Leben, einer Reduzierung des Konsumverhaltens und der gesamtwirtschaftlichen Produktion, verbunden mit der Unterbrechung von Lieferketten, gef\u00fchrt. In der Sparte Freizeitbad war mit gravierenden Einnahmer\u00fcckg\u00e4ngen aufgrund von Schlie\u00dfungen zu rechnen.<\/p><p>Nachfragebedingte Absatz- und Umsatzverschlechterungen waren in den Sparten Energie und Trinkwasser nicht auff\u00e4llig. Das Risiko wurde eher in Forderungsausf\u00e4llen aufgrund von Insolvenzen gesehen, die in der Krise einkalkuliert werden mussten.<\/p><p>Ein weiterer Faktor bei der Risikoanalyse stellte die Frage dar, wie schnell und unkontrolliert das Corona-Virus sich in seinem Verlauf ausbreiten und somit die Gesundheit und Verf\u00fcgbarkeit der Mitarbeiter*innen und damit das Leistungsangebot der Stadtwerke Detmold gef\u00e4hrdete. Die Stadtwerke haben mit mobilen Arbeitspl\u00e4tzen, der Anmietung zus\u00e4tzlicher B\u00fcror\u00e4ume und weiteren Schutzma\u00dfnahmen dazu beigetragen, die Gesundheit ihrer Mitarbeiter*innen zu sch\u00fctzen und damit die sichere und stabile Versorgung aufrechtzuerhalten.<\/p><p>Die Abschlusspr\u00fcfer best\u00e4tigen die Angemessenheit, Dokumentation und die Funktionsf\u00e4higkeit des Risikomanagements.<\/p>\t\t\t\t\t\t\t\t<\/div>\n\t\t\t\t<\/div>\n\t\t\t\t\t<\/div>\n\t\t<\/div>\n\t\t\t\t\t<\/div>\n\t\t<\/section>\n\t\t\t\t<section class=\"elementor-section elementor-top-section elementor-element elementor-element-ba22ce2 elementor-section-boxed elementor-section-height-default elementor-section-height-default\" data-id=\"ba22ce2\" data-element_type=\"section\" data-e-type=\"section\">\n\t\t\t\t\t\t<div class=\"elementor-container elementor-column-gap-default\">\n\t\t\t\t\t<div class=\"elementor-column elementor-col-100 elementor-top-column elementor-element elementor-element-f7118af\" data-id=\"f7118af\" data-element_type=\"column\" data-e-type=\"column\">\n\t\t\t<div class=\"elementor-widget-wrap elementor-element-populated\">\n\t\t\t\t\t\t<div class=\"elementor-element elementor-element-4049e75 elementor-widget elementor-widget-heading\" data-id=\"4049e75\" data-element_type=\"widget\" data-e-type=\"widget\" data-widget_type=\"heading.default\">\n\t\t\t\t<div class=\"elementor-widget-container\">\n\t\t\t\t\t<h2 class=\"elementor-heading-title elementor-size-default\">Ausblick         <\/h2>\t\t\t\t<\/div>\n\t\t\t\t<\/div>\n\t\t\t\t<div class=\"elementor-element elementor-element-cdecbde elementor-widget elementor-widget-text-editor\" data-id=\"cdecbde\" data-element_type=\"widget\" data-e-type=\"widget\" data-widget_type=\"text-editor.default\">\n\t\t\t\t<div class=\"elementor-widget-container\">\n\t\t\t\t\t\t\t\t\t<p>Der Klimaschutz steht weiterhin im Zentrum der Energiepolitik. Per Gesetz soll in der EU ein ambitionierteres Emissionsminderungsziel f\u00fcr 2030 festgelegt werden.<\/p><p>Das Gesetz verpflichtet dazu, die Treibhausgasemissionen bis zum Jahr 2030 um 55 % gegen\u00fcber 1990 zu mindern. Nachdem Verfassungsbeschwerden gegen das Klimaschutzgesetz eingereicht wurden, setzt das Bundesverfassungsgesetz in seinem am 29. April 2021 ver\u00f6ffentlichten Urteil die Politik beim Klimaschutz unter Druck. F\u00fcr die Nachbesserungen des Klimaschutzgesetzes haben die Richter eine Frist bis Ende 2022 gesetzt. Die Auswirkungen sind noch nicht absch\u00e4tzbar.<\/p><p>Nach wie vor sehen wir uns als Stadtwerke in der Verantwortung, in \u00f6konomischer, \u00f6kologischer und sozialer Hinsicht unseren Beitrag zur Zukunftssicherung f\u00fcr Kund*innen, Region und unser Unternehmen transparent und glaubw\u00fcrdig zu leisten. Neben sauberer und bezahlbarer Energie wollen wir dazu innovative, zukunftsf\u00e4hige Energiel\u00f6sungen und eine nachhaltige Infrastruktur bereitstellen.<\/p><p>Zum Erreichen der Klimaziele ist u.a. die fl\u00e4chendeckende Nutzung von Elektrofahrzeugen eine Grundvoraussetzung. Konsequent bauen wir jedes Jahr die Elektro-Ladeinfrastruktur im Stadtgebiet aus. Mittlerweile verf\u00fcgen wir \u00fcber 50 \u00f6ffentlich zug\u00e4ngliche Ladepunkte in Detmold. Ohne Mobilit\u00e4tswende ist eine erfolgreiche Umsetzung der Energiewende nicht m\u00f6glich.<\/p><p>F\u00fcr eine weiterhin hohe Qualit\u00e4t der Trinkwasserversorgung in Detmold werden wir auch in 2021 investieren. Das Wassergewinnungsgebiet im Heidental ist das gr\u00f6\u00dfte im Stadtgebiet. Hier wird ab Sommer 2021 Trinkwasser aus einer Tiefe von ca. 400 Metern gef\u00f6rdert.<\/p><h3>Neubau \u2013 Vorbild f\u00fcr den Klimaschutz<\/h3><p>Die Stadtwerke Detmold bauen auf dem Grundst\u00fcck \u201eAm Gelskamp\u201c ein\u00a0neues Werkstatt- und Verwaltungsgeb\u00e4ude. Mit dem Ausbau der Gesch\u00e4ftsfelder und der steigenden Anzahl von Mitarbeiter*innen ist das 1981 errichtete Geb\u00e4ude nun endg\u00fcltig an seine Kapazit\u00e4tsgrenze ger\u00fcckt. Zudem entspricht der funktionelle Bau l\u00e4ngst nicht mehr den heutigen Anforderungen an Energieeffizienz, Schall- und W\u00e4rmeschutz. Bezugsfertig soll das als \u201eEffizienzgeb\u00e4ude 40 Erneuerbare-Energien-Klasse\u201c einzustufende Bauwerk im Fr\u00fchjahr 2023 sein. Zur W\u00e4rmeversorgung des neuen Verwaltungsgeb\u00e4udes setzen wir auf den Einsatz der eigenen, regenerativ erzeugten Fernw\u00e4rme.<\/p><p>Eine Photovoltaikanlage deckt den Eigenstromverbrauch ab.\u00a0Zus\u00e4tzlich ist vorgesehen, ein Gr\u00fcndach auf einem Geb\u00e4udeteil\u00a0anzulegen. So sollen Energiewende und Artenschutz Hand in Hand gehen\u00a0und die Fl\u00e4chenanlagen ideal genutzt werden, um Treibhausgase zu\u00a0reduzieren und der heimischen Flora und Fauna Raum zu geben.<\/p><p>Durch den Einsatz moderner und energiesparender Technik und einer\u00a0gegen\u00fcber den Anforderungen des geltenden Geb\u00e4udeenergiegesetzes\u00a0verbesserten thermischen Geb\u00e4udeh\u00fclle, wird sich der Energiebedarf des\u00a0Neubaus \u201eAm Gelskamp\u201c gegen\u00fcber dem Bedarf im Bestand erheblich\u00a0verringern. Damit tragen die Stadtwerke der im Klimapakt mit der Stadt\u00a0Detmold geforderten CO<sub>2<\/sub>-Einsparung Rechnung und schaffen mit dem\u00a0Neubau dar\u00fcber hinaus ein Umfeld, das einer modernen und zukunftsf\u00e4higen\u00a0Arbeitswelt entspricht.<\/p>\t\t\t\t\t\t\t\t<\/div>\n\t\t\t\t<\/div>\n\t\t\t\t\t<\/div>\n\t\t<\/div>\n\t\t\t\t\t<\/div>\n\t\t<\/section>\n\t\t\t\t<section class=\"elementor-section elementor-top-section elementor-element elementor-element-aba1e89 elementor-section-boxed elementor-section-height-default elementor-section-height-default\" data-id=\"aba1e89\" data-element_type=\"section\" data-e-type=\"section\">\n\t\t\t\t\t\t<div class=\"elementor-container elementor-column-gap-default\">\n\t\t\t\t\t<div class=\"elementor-column elementor-col-100 elementor-top-column elementor-element elementor-element-3f3713b\" data-id=\"3f3713b\" data-element_type=\"column\" data-e-type=\"column\">\n\t\t\t<div class=\"elementor-widget-wrap elementor-element-populated\">\n\t\t\t\t\t\t<div class=\"elementor-element elementor-element-2dfbd02 elementor-widget elementor-widget-image\" data-id=\"2dfbd02\" data-element_type=\"widget\" data-e-type=\"widget\" data-widget_type=\"image.default\">\n\t\t\t\t<div class=\"elementor-widget-container\">\n\t\t\t\t\t\t\t\t\t\t\t\t\t\t\t<img decoding=\"async\" width=\"400\" height=\"89\" src=\"https:\/\/www.stwdt-3d.de\/GB_STWDT\/wp-content\/uploads\/2020\/06\/Unterschrift-Karlikowski-400x89.jpg\" class=\"attachment-medium size-medium wp-image-113\" alt=\"\" srcset=\"https:\/\/www.stwdt-3d.de\/GB_STWDT\/wp-content\/uploads\/2020\/06\/Unterschrift-Karlikowski-400x89.jpg 400w, https:\/\/www.stwdt-3d.de\/GB_STWDT\/wp-content\/uploads\/2020\/06\/Unterschrift-Karlikowski-768x170.jpg 768w, https:\/\/www.stwdt-3d.de\/GB_STWDT\/wp-content\/uploads\/2020\/06\/Unterschrift-Karlikowski.jpg 830w\" sizes=\"(max-width: 400px) 100vw, 400px\" \/>\t\t\t\t\t\t\t\t\t\t\t\t\t\t\t<\/div>\n\t\t\t\t<\/div>\n\t\t\t\t<div class=\"elementor-element elementor-element-d97cdf7 elementor-widget elementor-widget-text-editor\" data-id=\"d97cdf7\" data-element_type=\"widget\" data-e-type=\"widget\" data-widget_type=\"text-editor.default\">\n\t\t\t\t<div class=\"elementor-widget-container\">\n\t\t\t\t\t\t\t\t\t<p>J\u00f6rg Karlikowski, Gesch\u00e4ftsf\u00fchrer<\/p>\t\t\t\t\t\t\t\t<\/div>\n\t\t\t\t<\/div>\n\t\t\t\t\t<\/div>\n\t\t<\/div>\n\t\t\t\t\t<\/div>\n\t\t<\/section>\n\t\t\t\t<section class=\"elementor-section elementor-top-section elementor-element elementor-element-6427ed2 elementor-section-height-min-height elementor-section-boxed elementor-section-height-default elementor-section-items-middle\" data-id=\"6427ed2\" data-element_type=\"section\" data-e-type=\"section\" data-settings=\"{&quot;background_background&quot;:&quot;classic&quot;}\">\n\t\t\t\t\t\t<div class=\"elementor-container elementor-column-gap-default\">\n\t\t\t\t\t<div class=\"elementor-column elementor-col-100 elementor-top-column elementor-element elementor-element-150d6f6\" data-id=\"150d6f6\" data-element_type=\"column\" data-e-type=\"column\">\n\t\t\t<div class=\"elementor-widget-wrap\">\n\t\t\t\t\t\t\t<\/div>\n\t\t<\/div>\n\t\t\t\t\t<\/div>\n\t\t<\/section>\n\t\t\t\t<\/div>\n\t\t","protected":false},"excerpt":{"rendered":"<p>Bericht der Gesch\u00e4ftsf\u00fchrung Gesamtwirtschaftliche und energiepolitische Rahmenbedingungen Das Jahr 2020 ist gepr\u00e4gt von der Corona-Pandemie. Ein au\u00dfergew\u00f6hnliches Jahr mit einem alles bestimmenden Thema, welches auch an der Energiewirtschaft und dem Klimaschutz nicht spurlos vorbeigegangen ist. Aus dieser Perspektive kam es zu einer Rekord-Senkung der Treibhausgasemissionen. Was f\u00fcr viele existenzbedrohend war, sorgte zugleich daf\u00fcr, dass die [&hellip;]<\/p>\n","protected":false},"author":1,"featured_media":0,"parent":801,"menu_order":0,"comment_status":"closed","ping_status":"closed","template":"","meta":{"_acf_changed":false,"footnotes":""},"cd-version":[],"class_list":["post-829","page","type-page","status-publish","hentry"],"acf":[],"_links":{"self":[{"href":"https:\/\/www.stwdt-3d.de\/GB_STWDT\/wp-json\/wp\/v2\/pages\/829","targetHints":{"allow":["GET"]}}],"collection":[{"href":"https:\/\/www.stwdt-3d.de\/GB_STWDT\/wp-json\/wp\/v2\/pages"}],"about":[{"href":"https:\/\/www.stwdt-3d.de\/GB_STWDT\/wp-json\/wp\/v2\/types\/page"}],"author":[{"embeddable":true,"href":"https:\/\/www.stwdt-3d.de\/GB_STWDT\/wp-json\/wp\/v2\/users\/1"}],"replies":[{"embeddable":true,"href":"https:\/\/www.stwdt-3d.de\/GB_STWDT\/wp-json\/wp\/v2\/comments?post=829"}],"version-history":[{"count":78,"href":"https:\/\/www.stwdt-3d.de\/GB_STWDT\/wp-json\/wp\/v2\/pages\/829\/revisions"}],"predecessor-version":[{"id":1731,"href":"https:\/\/www.stwdt-3d.de\/GB_STWDT\/wp-json\/wp\/v2\/pages\/829\/revisions\/1731"}],"up":[{"embeddable":true,"href":"https:\/\/www.stwdt-3d.de\/GB_STWDT\/wp-json\/wp\/v2\/pages\/801"}],"wp:attachment":[{"href":"https:\/\/www.stwdt-3d.de\/GB_STWDT\/wp-json\/wp\/v2\/media?parent=829"}],"wp:term":[{"taxonomy":"cd-version","embeddable":true,"href":"https:\/\/www.stwdt-3d.de\/GB_STWDT\/wp-json\/wp\/v2\/cd-version?post=829"}],"curies":[{"name":"wp","href":"https:\/\/api.w.org\/{rel}","templated":true}]}}